{"id":1324,"date":"2022-02-24T05:03:32","date_gmt":"2022-02-24T05:03:32","guid":{"rendered":"https:\/\/almacigasociocultural.org\/index.php\/about\/"},"modified":"2026-03-22T21:22:47","modified_gmt":"2026-03-22T21:22:47","slug":"about","status":"publish","type":"page","link":"https:\/\/almacigasociocultural.org\/index.php\/about\/","title":{"rendered":"Jornada PATRAIX"},"content":{"rendered":"\t\t<div data-elementor-type=\"wp-page\" data-elementor-id=\"1324\" class=\"elementor elementor-1324\">\n\t\t\t\t\t\t\t\t\t<section class=\"elementor-section elementor-top-section elementor-element elementor-element-35bd75b elementor-section-boxed elementor-section-height-default elementor-section-height-default\" data-id=\"35bd75b\" data-element_type=\"section\">\n\t\t\t\t\t\t<div class=\"elementor-container elementor-column-gap-default\">\n\t\t\t\t\t<div class=\"elementor-column elementor-col-100 elementor-top-column elementor-element elementor-element-f4945e3\" data-id=\"f4945e3\" data-element_type=\"column\">\n\t\t\t<div class=\"elementor-widget-wrap elementor-element-populated\">\n\t\t\t\t\t\t\t\t<div class=\"elementor-element elementor-element-54fd523 elementor-widget elementor-widget-heading\" data-id=\"54fd523\" data-element_type=\"widget\" data-widget_type=\"heading.default\">\n\t\t\t\t<div class=\"elementor-widget-container\">\n\t\t\t<style>\/*! elementor - v3.12.2 - 23-04-2023 *\/\n.elementor-heading-title{padding:0;margin:0;line-height:1}.elementor-widget-heading .elementor-heading-title[class*=elementor-size-]>a{color:inherit;font-size:inherit;line-height:inherit}.elementor-widget-heading .elementor-heading-title.elementor-size-small{font-size:15px}.elementor-widget-heading .elementor-heading-title.elementor-size-medium{font-size:19px}.elementor-widget-heading .elementor-heading-title.elementor-size-large{font-size:29px}.elementor-widget-heading .elementor-heading-title.elementor-size-xl{font-size:39px}.elementor-widget-heading .elementor-heading-title.elementor-size-xxl{font-size:59px}<\/style><h2 class=\"elementor-heading-title elementor-size-default\">Intervenci\u00f3n a 4\u00ba ESO Colegio Luis de Santangel. Patraix.<\/h2>\t\t<\/div>\n\t\t\t\t<\/div>\n\t\t\t\t\t<\/div>\n\t\t<\/div>\n\t\t\t\t\t\t\t<\/div>\n\t\t<\/section>\n\t\t\t\t<section class=\"elementor-section elementor-top-section elementor-element elementor-element-de1cc9b elementor-section-boxed elementor-section-height-default elementor-section-height-default\" data-id=\"de1cc9b\" data-element_type=\"section\">\n\t\t\t\t\t\t<div class=\"elementor-container elementor-column-gap-default\">\n\t\t\t\t\t<div class=\"elementor-column elementor-col-50 elementor-top-column elementor-element elementor-element-a0b4d91\" data-id=\"a0b4d91\" data-element_type=\"column\">\n\t\t\t<div class=\"elementor-widget-wrap elementor-element-populated\">\n\t\t\t\t\t\t\t\t<div class=\"elementor-element elementor-element-9db65ef elementor-widget__width-initial elementor-widget elementor-widget-text-editor\" data-id=\"9db65ef\" data-element_type=\"widget\" data-widget_type=\"text-editor.default\">\n\t\t\t\t<div class=\"elementor-widget-container\">\n\t\t\t<style>\/*! elementor - v3.12.2 - 23-04-2023 *\/\n.elementor-widget-text-editor.elementor-drop-cap-view-stacked .elementor-drop-cap{background-color:#69727d;color:#fff}.elementor-widget-text-editor.elementor-drop-cap-view-framed .elementor-drop-cap{color:#69727d;border:3px solid;background-color:transparent}.elementor-widget-text-editor:not(.elementor-drop-cap-view-default) .elementor-drop-cap{margin-top:8px}.elementor-widget-text-editor:not(.elementor-drop-cap-view-default) .elementor-drop-cap-letter{width:1em;height:1em}.elementor-widget-text-editor .elementor-drop-cap{float:left;text-align:center;line-height:1;font-size:50px}.elementor-widget-text-editor .elementor-drop-cap-letter{display:inline-block}<\/style>\t\t\t\t<div class=\"uagb-ifb-title-wrap\">\n<h3 class=\"uagb-ifb-title\">En Terreno<\/h3>\n<\/div>\n<p class=\"uagb-ifb-desc\">Como parte de la residencia <em>Moradas textiles <\/em>de la colectiva Alm\u00e1ciga en el CCCC, los d\u00edas 22 y 25 de febrero del 2022 se llev\u00f3 a cabo el taller Tejiendo Redes en el Colegio Luis de Santangel, del valenciano barrio de Patraix. El alumnado de este colegio es un 90% de origen migrante.<\/p>\t\t\t\t\t\t<\/div>\n\t\t\t\t<\/div>\n\t\t\t\t\t<\/div>\n\t\t<\/div>\n\t\t\t\t<div class=\"elementor-column elementor-col-50 elementor-top-column elementor-element elementor-element-19cd536\" data-id=\"19cd536\" data-element_type=\"column\">\n\t\t\t<div class=\"elementor-widget-wrap elementor-element-populated\">\n\t\t\t\t\t\t\t\t<div class=\"elementor-element elementor-element-95921cd elementor-widget elementor-widget-text-editor\" data-id=\"95921cd\" data-element_type=\"widget\" data-widget_type=\"text-editor.default\">\n\t\t\t\t<div class=\"elementor-widget-container\">\n\t\t\t\t\t\t\t<div class=\"uagb-ifb-title-wrap\">\n<h3 class=\"uagb-ifb-title\">Juventud<\/h3>\n<\/div>\n<p class=\"uagb-ifb-desc\">El taller se realiz\u00f3 con j\u00f3venes provenientes de nacionalidades tan dispares como el S\u00e1hara Occidental, Venezuela, Colombia, Ecuador, Senegal, Guatemala, China, Per\u00fa&#8230; Un grupo de j\u00f3venes llenos de vitalidad y voluntad, de historias vividas que contar y nutrir a la sociedad espa\u00f1ola con sus valores internacionalistas y multiculturales.<br \/><br \/>En la 1\u00aa sesi\u00f3n, a trav\u00e9s de una puesta en com\u00fan de nuestras experiencias migratorias donde cada uno pudo relatar su propia historia, y mostrar un objeto que a\u00fan conservara con ella o \u00e9l de su pa\u00eds de origen, pudimos construir mu\u00f1ecas quitapenas que representaran a cada participante.<br \/><br \/>En la 2a sesi\u00f3n construimos una enorme red de cuerda de lino, usando el antiqu\u00edsimo nudo de origen precolombino de las <em>wilpas<\/em>, bolsas y cestas mapuches que a\u00fan hoy en d\u00eda est\u00e1n en uso. En esta red colgamos mu\u00f1equitas quitapenas, pedazos de tela donde chicas y chicos pudieron plasmar sus deseos, sentimientos o sue\u00f1os.<\/p>\t\t\t\t\t\t<\/div>\n\t\t\t\t<\/div>\n\t\t\t\t\t<\/div>\n\t\t<\/div>\n\t\t\t\t\t\t\t<\/div>\n\t\t<\/section>\n\t\t\t\t<section class=\"elementor-section elementor-top-section elementor-element elementor-element-4ac34cd elementor-section-boxed elementor-section-height-default elementor-section-height-default\" data-id=\"4ac34cd\" data-element_type=\"section\">\n\t\t\t\t\t\t<div class=\"elementor-container elementor-column-gap-default\">\n\t\t\t\t\t<div class=\"elementor-column elementor-col-50 elementor-top-column elementor-element elementor-element-2a8a6df\" data-id=\"2a8a6df\" data-element_type=\"column\">\n\t\t\t<div class=\"elementor-widget-wrap elementor-element-populated\">\n\t\t\t\t\t\t\t\t<div class=\"elementor-element elementor-element-29261b0 elementor-widget elementor-widget-image\" data-id=\"29261b0\" data-element_type=\"widget\" data-widget_type=\"image.default\">\n\t\t\t\t<div class=\"elementor-widget-container\">\n\t\t\t<style>\/*! elementor - v3.12.2 - 23-04-2023 *\/\n.elementor-widget-image{text-align:center}.elementor-widget-image a{display:inline-block}.elementor-widget-image a img[src$=\".svg\"]{width:48px}.elementor-widget-image img{vertical-align:middle;display:inline-block}<\/style>\t\t\t\t\t\t\t\t\t\t\t\t<img decoding=\"async\" width=\"600\" height=\"400\" src=\"https:\/\/almacigasociocultural.org\/wp-content\/uploads\/2024\/03\/Patraix-02-6x4-1.jpg\" class=\"attachment-large size-large wp-image-2743\" alt=\"\" loading=\"lazy\" srcset=\"https:\/\/almacigasociocultural.org\/wp-content\/uploads\/2024\/03\/Patraix-02-6x4-1.jpg 600w, https:\/\/almacigasociocultural.org\/wp-content\/uploads\/2024\/03\/Patraix-02-6x4-1-300x200.jpg 300w\" sizes=\"100vw\" \/>\t\t\t\t\t\t\t\t\t\t\t\t\t\t\t<\/div>\n\t\t\t\t<\/div>\n\t\t\t\t\t<\/div>\n\t\t<\/div>\n\t\t\t\t<div class=\"elementor-column elementor-col-50 elementor-top-column elementor-element elementor-element-143bc4b\" data-id=\"143bc4b\" data-element_type=\"column\">\n\t\t\t<div class=\"elementor-widget-wrap elementor-element-populated\">\n\t\t\t\t\t\t\t\t<div class=\"elementor-element elementor-element-452e451 elementor-widget elementor-widget-image\" data-id=\"452e451\" data-element_type=\"widget\" data-widget_type=\"image.default\">\n\t\t\t\t<div class=\"elementor-widget-container\">\n\t\t\t\t\t\t\t\t\t\t\t\t\t\t\t<img decoding=\"async\" width=\"600\" height=\"400\" src=\"https:\/\/almacigasociocultural.org\/wp-content\/uploads\/2024\/03\/Patraix-06-6x4-1.jpg\" class=\"attachment-large size-large wp-image-2873\" alt=\"\" loading=\"lazy\" srcset=\"https:\/\/almacigasociocultural.org\/wp-content\/uploads\/2024\/03\/Patraix-06-6x4-1.jpg 600w, https:\/\/almacigasociocultural.org\/wp-content\/uploads\/2024\/03\/Patraix-06-6x4-1-300x200.jpg 300w\" sizes=\"100vw\" \/>\t\t\t\t\t\t\t\t\t\t\t\t\t\t\t<\/div>\n\t\t\t\t<\/div>\n\t\t\t\t\t<\/div>\n\t\t<\/div>\n\t\t\t\t\t\t\t<\/div>\n\t\t<\/section>\n\t\t\t\t<section class=\"elementor-section elementor-top-section elementor-element elementor-element-73bdd7e elementor-section-boxed elementor-section-height-default elementor-section-height-default\" data-id=\"73bdd7e\" data-element_type=\"section\">\n\t\t\t\t\t\t<div class=\"elementor-container elementor-column-gap-default\">\n\t\t\t\t\t<div class=\"elementor-column elementor-col-50 elementor-top-column elementor-element elementor-element-70cafcd\" data-id=\"70cafcd\" data-element_type=\"column\">\n\t\t\t<div class=\"elementor-widget-wrap elementor-element-populated\">\n\t\t\t\t\t\t\t\t<div class=\"elementor-element elementor-element-ae38e4c elementor-widget elementor-widget-image\" data-id=\"ae38e4c\" data-element_type=\"widget\" data-widget_type=\"image.default\">\n\t\t\t\t<div class=\"elementor-widget-container\">\n\t\t\t\t\t\t\t\t\t\t\t\t\t\t\t<img decoding=\"async\" width=\"600\" height=\"400\" src=\"https:\/\/almacigasociocultural.org\/wp-content\/uploads\/2024\/03\/Patraix-01-6x4-1.jpg\" class=\"attachment-large size-large wp-image-2742\" alt=\"\" loading=\"lazy\" srcset=\"https:\/\/almacigasociocultural.org\/wp-content\/uploads\/2024\/03\/Patraix-01-6x4-1.jpg 600w, https:\/\/almacigasociocultural.org\/wp-content\/uploads\/2024\/03\/Patraix-01-6x4-1-300x200.jpg 300w\" sizes=\"100vw\" \/>\t\t\t\t\t\t\t\t\t\t\t\t\t\t\t<\/div>\n\t\t\t\t<\/div>\n\t\t\t\t\t<\/div>\n\t\t<\/div>\n\t\t\t\t<div class=\"elementor-column elementor-col-50 elementor-top-column elementor-element elementor-element-ebbddc4\" data-id=\"ebbddc4\" data-element_type=\"column\">\n\t\t\t<div class=\"elementor-widget-wrap elementor-element-populated\">\n\t\t\t\t\t\t\t\t<div class=\"elementor-element elementor-element-09a0420 elementor-widget elementor-widget-image\" data-id=\"09a0420\" data-element_type=\"widget\" data-widget_type=\"image.default\">\n\t\t\t\t<div class=\"elementor-widget-container\">\n\t\t\t\t\t\t\t\t\t\t\t\t\t\t\t<img decoding=\"async\" width=\"600\" height=\"400\" src=\"https:\/\/almacigasociocultural.org\/wp-content\/uploads\/2024\/03\/Patraix-05-6x4-1.jpg\" class=\"attachment-large size-large wp-image-2874\" alt=\"\" loading=\"lazy\" srcset=\"https:\/\/almacigasociocultural.org\/wp-content\/uploads\/2024\/03\/Patraix-05-6x4-1.jpg 600w, https:\/\/almacigasociocultural.org\/wp-content\/uploads\/2024\/03\/Patraix-05-6x4-1-300x200.jpg 300w\" sizes=\"100vw\" \/>\t\t\t\t\t\t\t\t\t\t\t\t\t\t\t<\/div>\n\t\t\t\t<\/div>\n\t\t\t\t\t<\/div>\n\t\t<\/div>\n\t\t\t\t\t\t\t<\/div>\n\t\t<\/section>\n\t\t\t\t<section class=\"elementor-section elementor-top-section elementor-element elementor-element-3a3ce5a elementor-section-boxed elementor-section-height-default elementor-section-height-default\" data-id=\"3a3ce5a\" data-element_type=\"section\">\n\t\t\t\t\t\t<div class=\"elementor-container elementor-column-gap-default\">\n\t\t\t\t\t<div class=\"elementor-column elementor-col-50 elementor-top-column elementor-element elementor-element-ced2473\" data-id=\"ced2473\" data-element_type=\"column\">\n\t\t\t<div class=\"elementor-widget-wrap elementor-element-populated\">\n\t\t\t\t\t\t\t\t<div class=\"elementor-element elementor-element-72db80a elementor-widget elementor-widget-image\" data-id=\"72db80a\" data-element_type=\"widget\" data-widget_type=\"image.default\">\n\t\t\t\t<div class=\"elementor-widget-container\">\n\t\t\t\t\t\t\t\t\t\t\t\t\t\t\t<img decoding=\"async\" width=\"600\" height=\"400\" src=\"https:\/\/almacigasociocultural.org\/wp-content\/uploads\/2024\/03\/Patraix-03-6x4-1.jpg\" class=\"attachment-large size-large wp-image-2744\" alt=\"\" loading=\"lazy\" srcset=\"https:\/\/almacigasociocultural.org\/wp-content\/uploads\/2024\/03\/Patraix-03-6x4-1.jpg 600w, https:\/\/almacigasociocultural.org\/wp-content\/uploads\/2024\/03\/Patraix-03-6x4-1-300x200.jpg 300w\" sizes=\"100vw\" \/>\t\t\t\t\t\t\t\t\t\t\t\t\t\t\t<\/div>\n\t\t\t\t<\/div>\n\t\t\t\t\t<\/div>\n\t\t<\/div>\n\t\t\t\t<div class=\"elementor-column elementor-col-50 elementor-top-column elementor-element elementor-element-fc6d16c\" data-id=\"fc6d16c\" data-element_type=\"column\">\n\t\t\t<div class=\"elementor-widget-wrap elementor-element-populated\">\n\t\t\t\t\t\t\t\t<div class=\"elementor-element elementor-element-fbbe6fe elementor-widget elementor-widget-image\" data-id=\"fbbe6fe\" data-element_type=\"widget\" data-widget_type=\"image.default\">\n\t\t\t\t<div class=\"elementor-widget-container\">\n\t\t\t\t\t\t\t\t\t\t\t\t\t\t\t<img decoding=\"async\" width=\"600\" height=\"400\" src=\"https:\/\/almacigasociocultural.org\/wp-content\/uploads\/2024\/03\/Patraix-04-6x4-1.jpg\" class=\"attachment-large size-large wp-image-2745\" alt=\"\" loading=\"lazy\" srcset=\"https:\/\/almacigasociocultural.org\/wp-content\/uploads\/2024\/03\/Patraix-04-6x4-1.jpg 600w, https:\/\/almacigasociocultural.org\/wp-content\/uploads\/2024\/03\/Patraix-04-6x4-1-300x200.jpg 300w\" sizes=\"100vw\" \/>\t\t\t\t\t\t\t\t\t\t\t\t\t\t\t<\/div>\n\t\t\t\t<\/div>\n\t\t\t\t\t<\/div>\n\t\t<\/div>\n\t\t\t\t\t\t\t<\/div>\n\t\t<\/section>\n\t\t\t\t<section class=\"elementor-section elementor-top-section elementor-element elementor-element-d9f858b elementor-section-boxed elementor-section-height-default elementor-section-height-default\" data-id=\"d9f858b\" data-element_type=\"section\">\n\t\t\t\t\t\t<div class=\"elementor-container elementor-column-gap-default\">\n\t\t\t\t\t<div class=\"elementor-column elementor-col-100 elementor-top-column elementor-element elementor-element-e5c74c3\" data-id=\"e5c74c3\" data-element_type=\"column\">\n\t\t\t<div class=\"elementor-widget-wrap elementor-element-populated\">\n\t\t\t\t\t\t\t\t<div class=\"elementor-element elementor-element-e6d6a9f elementor-widget elementor-widget-wp-widget-media_video\" data-id=\"e6d6a9f\" data-element_type=\"widget\" data-widget_type=\"wp-widget-media_video.default\">\n\t\t\t\t<div class=\"elementor-widget-container\">\n\t\t\t<div style=\"width:100%;\" class=\"wp-video\"><!--[if lt IE 9]><script>document.createElement('video');<\/script><![endif]-->\n<video class=\"wp-video-shortcode\" id=\"video-1324-1\" preload=\"metadata\" controls=\"controls\"><source type=\"video\/youtube\" src=\"https:\/\/youtu.be\/vxIBG5fFv7M?si=lF1zE8lYFos3Icfn&#038;_=1\" \/><a href=\"https:\/\/youtu.be\/vxIBG5fFv7M?si=lF1zE8lYFos3Icfn\">https:\/\/youtu.be\/vxIBG5fFv7M?si=lF1zE8lYFos3Icfn<\/a><\/video><\/div>\t\t<\/div>\n\t\t\t\t<\/div>\n\t\t\t\t\t<\/div>\n\t\t<\/div>\n\t\t\t\t\t\t\t<\/div>\n\t\t<\/section>\n\t\t\t\t<section class=\"elementor-section elementor-top-section elementor-element elementor-element-8794ace elementor-section-boxed elementor-section-height-default elementor-section-height-default\" data-id=\"8794ace\" data-element_type=\"section\">\n\t\t\t\t\t\t<div class=\"elementor-container elementor-column-gap-default\">\n\t\t\t\t\t<div class=\"elementor-column elementor-col-100 elementor-top-column elementor-element elementor-element-abc3c0b\" data-id=\"abc3c0b\" data-element_type=\"column\">\n\t\t\t<div class=\"elementor-widget-wrap elementor-element-populated\">\n\t\t\t\t\t\t\t\t<div class=\"elementor-element elementor-element-2c2b0ae elementor-widget elementor-widget-text-editor\" data-id=\"2c2b0ae\" data-element_type=\"widget\" data-widget_type=\"text-editor.default\">\n\t\t\t\t<div class=\"elementor-widget-container\">\n\t\t\t\t\t\t\t<h4>Moradas Textiles. <br \/>Patraix. 2022.<br \/>Consorci de Museus de la Comunitat Valenciana.<br \/>Colabora: IES Luis de Santangel.<\/h4><p>Mediadores: Javier Busturia Cerezo \/ Nuria Sof\u00eda Gonz\u00e1lez Tugas<\/p>\t\t\t\t\t\t<\/div>\n\t\t\t\t<\/div>\n\t\t\t\t\t<\/div>\n\t\t<\/div>\n\t\t\t\t\t\t\t<\/div>\n\t\t<\/section>\n\t\t\t\t\t\t\t<\/div>\n\t\t","protected":false},"excerpt":{"rendered":"<p>Intervenci\u00f3n a 4\u00ba ESO Colegio Luis de Santangel. Patraix. En Terreno Como parte de la residencia Moradas textiles de la colectiva Alm\u00e1ciga en el CCCC, los d\u00edas 22 y 25 de febrero del 2022 se llev\u00f3 a cabo el taller Tejiendo Redes en el Colegio Luis de Santangel, del valenciano barrio de Patraix. El alumnado &hellip; <\/p>\n<p class=\"link-more\"><a href=\"https:\/\/almacigasociocultural.org\/index.php\/about\/\" class=\"more-link\">Read more<span class=\"screen-reader-text\"> &#8220;Jornada PATRAIX&#8221;<\/span><\/a><\/p>\n","protected":false},"author":1,"featured_media":0,"parent":0,"menu_order":0,"comment_status":"closed","ping_status":"closed","template":"","meta":{"_uag_custom_page_level_css":""},"uagb_featured_image_src":{"full":false,"thumbnail":false,"medium":false,"medium_large":false,"large":false,"1536x1536":false,"2048x2048":false,"inspiro-featured-image":false,"inspiro-loop":false,"inspiro-loop@2x":false},"uagb_author_info":{"display_name":"curivil","author_link":false},"uagb_comment_info":0,"uagb_excerpt":"Intervenci\u00f3n a 4\u00ba ESO Colegio Luis de Santangel. Patraix. En Terreno Como parte de la residencia Moradas textiles de la colectiva Alm\u00e1ciga en el CCCC, los d\u00edas 22 y 25 de febrero del 2022 se llev\u00f3 a cabo el taller Tejiendo Redes en el Colegio Luis de Santangel, del valenciano barrio de Patraix. El alumnado&hellip;","_links":{"self":[{"href":"https:\/\/almacigasociocultural.org\/index.php\/wp-json\/wp\/v2\/pages\/1324"}],"collection":[{"href":"https:\/\/almacigasociocultural.org\/index.php\/wp-json\/wp\/v2\/pages"}],"about":[{"href":"https:\/\/almacigasociocultural.org\/index.php\/wp-json\/wp\/v2\/types\/page"}],"author":[{"embeddable":true,"href":"https:\/\/almacigasociocultural.org\/index.php\/wp-json\/wp\/v2\/users\/1"}],"replies":[{"embeddable":true,"href":"https:\/\/almacigasociocultural.org\/index.php\/wp-json\/wp\/v2\/comments?post=1324"}],"version-history":[{"count":44,"href":"https:\/\/almacigasociocultural.org\/index.php\/wp-json\/wp\/v2\/pages\/1324\/revisions"}],"predecessor-version":[{"id":3907,"href":"https:\/\/almacigasociocultural.org\/index.php\/wp-json\/wp\/v2\/pages\/1324\/revisions\/3907"}],"wp:attachment":[{"href":"https:\/\/almacigasociocultural.org\/index.php\/wp-json\/wp\/v2\/media?parent=1324"}],"curies":[{"name":"wp","href":"https:\/\/api.w.org\/{rel}","templated":true}]}}