{"id":2,"date":"2023-05-03T16:26:20","date_gmt":"2023-05-03T16:26:20","guid":{"rendered":"https:\/\/almacigasociocultural.org\/?page_id=2"},"modified":"2026-03-22T18:39:46","modified_gmt":"2026-03-22T18:39:46","slug":"pagina-ejemplo","status":"publish","type":"page","link":"https:\/\/almacigasociocultural.org\/index.php\/pagina-ejemplo\/","title":{"rendered":"MORADAS TEXTILES"},"content":{"rendered":"\t\t<div data-elementor-type=\"wp-page\" data-elementor-id=\"2\" class=\"elementor elementor-2\">\n\t\t\t\t\t\t\t\t\t<section class=\"elementor-section elementor-top-section elementor-element elementor-element-f5ca3b1 elementor-section-boxed elementor-section-height-default elementor-section-height-default\" data-id=\"f5ca3b1\" data-element_type=\"section\">\n\t\t\t\t\t\t<div class=\"elementor-container elementor-column-gap-default\">\n\t\t\t\t\t<div class=\"elementor-column elementor-col-100 elementor-top-column elementor-element elementor-element-697c6d7\" data-id=\"697c6d7\" data-element_type=\"column\">\n\t\t\t<div class=\"elementor-widget-wrap elementor-element-populated\">\n\t\t\t\t\t\t\t\t<div class=\"elementor-element elementor-element-4302f7f elementor-widget elementor-widget-heading\" data-id=\"4302f7f\" data-element_type=\"widget\" data-widget_type=\"heading.default\">\n\t\t\t\t<div class=\"elementor-widget-container\">\n\t\t\t<style>\/*! elementor - v3.12.2 - 23-04-2023 *\/\n.elementor-heading-title{padding:0;margin:0;line-height:1}.elementor-widget-heading .elementor-heading-title[class*=elementor-size-]>a{color:inherit;font-size:inherit;line-height:inherit}.elementor-widget-heading .elementor-heading-title.elementor-size-small{font-size:15px}.elementor-widget-heading .elementor-heading-title.elementor-size-medium{font-size:19px}.elementor-widget-heading .elementor-heading-title.elementor-size-large{font-size:29px}.elementor-widget-heading .elementor-heading-title.elementor-size-xl{font-size:39px}.elementor-widget-heading .elementor-heading-title.elementor-size-xxl{font-size:59px}<\/style><h2 class=\"elementor-heading-title elementor-size-default\">\"Moradas Textiles\" para la transici\u00f3n de duelos migratorios.<\/h2>\t\t<\/div>\n\t\t\t\t<\/div>\n\t\t\t\t\t<\/div>\n\t\t<\/div>\n\t\t\t\t\t\t\t<\/div>\n\t\t<\/section>\n\t\t\t\t<section class=\"elementor-section elementor-top-section elementor-element elementor-element-d7d3065 elementor-section-boxed elementor-section-height-default elementor-section-height-default\" data-id=\"d7d3065\" data-element_type=\"section\">\n\t\t\t\t\t\t<div class=\"elementor-container elementor-column-gap-default\">\n\t\t\t\t\t<div class=\"elementor-column elementor-col-33 elementor-top-column elementor-element elementor-element-a5be196\" data-id=\"a5be196\" data-element_type=\"column\">\n\t\t\t<div class=\"elementor-widget-wrap elementor-element-populated\">\n\t\t\t\t\t\t\t\t<div class=\"elementor-element elementor-element-9ae60a2 elementor-widget elementor-widget-text-editor\" data-id=\"9ae60a2\" data-element_type=\"widget\" data-widget_type=\"text-editor.default\">\n\t\t\t\t<div class=\"elementor-widget-container\">\n\t\t\t<style>\/*! elementor - v3.12.2 - 23-04-2023 *\/\n.elementor-widget-text-editor.elementor-drop-cap-view-stacked .elementor-drop-cap{background-color:#69727d;color:#fff}.elementor-widget-text-editor.elementor-drop-cap-view-framed .elementor-drop-cap{color:#69727d;border:3px solid;background-color:transparent}.elementor-widget-text-editor:not(.elementor-drop-cap-view-default) .elementor-drop-cap{margin-top:8px}.elementor-widget-text-editor:not(.elementor-drop-cap-view-default) .elementor-drop-cap-letter{width:1em;height:1em}.elementor-widget-text-editor .elementor-drop-cap{float:left;text-align:center;line-height:1;font-size:50px}.elementor-widget-text-editor .elementor-drop-cap-letter{display:inline-block}<\/style>\t\t\t\t<p>Patrocina<\/p>\t\t\t\t\t\t<\/div>\n\t\t\t\t<\/div>\n\t\t\t\t\t<\/div>\n\t\t<\/div>\n\t\t\t\t<div class=\"elementor-column elementor-col-66 elementor-top-column elementor-element elementor-element-48dc8f9\" data-id=\"48dc8f9\" data-element_type=\"column\">\n\t\t\t<div class=\"elementor-widget-wrap elementor-element-populated\">\n\t\t\t\t\t\t\t\t<div class=\"elementor-element elementor-element-bd51305 elementor-widget__width-initial elementor-widget elementor-widget-image\" data-id=\"bd51305\" data-element_type=\"widget\" data-widget_type=\"image.default\">\n\t\t\t\t<div class=\"elementor-widget-container\">\n\t\t\t<style>\/*! elementor - v3.12.2 - 23-04-2023 *\/\n.elementor-widget-image{text-align:center}.elementor-widget-image a{display:inline-block}.elementor-widget-image a img[src$=\".svg\"]{width:48px}.elementor-widget-image img{vertical-align:middle;display:inline-block}<\/style>\t\t\t\t\t\t\t\t\t\t\t\t<img decoding=\"async\" width=\"535\" height=\"81\" src=\"https:\/\/almacigasociocultural.org\/wp-content\/uploads\/2024\/04\/Logos-CMCV.png\" class=\"attachment-large size-large wp-image-3246\" alt=\"\" loading=\"lazy\" srcset=\"https:\/\/almacigasociocultural.org\/wp-content\/uploads\/2024\/04\/Logos-CMCV.png 535w, https:\/\/almacigasociocultural.org\/wp-content\/uploads\/2024\/04\/Logos-CMCV-300x45.png 300w\" sizes=\"100vw\" \/>\t\t\t\t\t\t\t\t\t\t\t\t\t\t\t<\/div>\n\t\t\t\t<\/div>\n\t\t\t\t\t<\/div>\n\t\t<\/div>\n\t\t\t\t\t\t\t<\/div>\n\t\t<\/section>\n\t\t\t\t<section class=\"elementor-section elementor-top-section elementor-element elementor-element-560b0d2 elementor-section-boxed elementor-section-height-default elementor-section-height-default\" data-id=\"560b0d2\" data-element_type=\"section\">\n\t\t\t\t\t\t<div class=\"elementor-container elementor-column-gap-default\">\n\t\t\t\t\t<div class=\"elementor-column elementor-col-100 elementor-top-column elementor-element elementor-element-5bdd347\" data-id=\"5bdd347\" data-element_type=\"column\">\n\t\t\t<div class=\"elementor-widget-wrap elementor-element-populated\">\n\t\t\t\t\t\t\t\t<div class=\"elementor-element elementor-element-cdb302a elementor-widget elementor-widget-text-editor\" data-id=\"cdb302a\" data-element_type=\"widget\" data-widget_type=\"text-editor.default\">\n\t\t\t\t<div class=\"elementor-widget-container\">\n\t\t\t\t\t\t\t<p>Proyecto financiado por: Generalitat Valenciana \u00b7 Consorci de Museus de la Comunitat Valenciana \u00b7 Centre del Carme Cultura Contempor\u00e0nia. Organiza:\u00a0 Alm\u00e1ciga. Innovaci\u00f3n.<\/p>\t\t\t\t\t\t<\/div>\n\t\t\t\t<\/div>\n\t\t\t\t\t<\/div>\n\t\t<\/div>\n\t\t\t\t\t\t\t<\/div>\n\t\t<\/section>\n\t\t\t\t<section class=\"elementor-section elementor-top-section elementor-element elementor-element-54cc5d9 elementor-section-boxed elementor-section-height-default elementor-section-height-default\" data-id=\"54cc5d9\" data-element_type=\"section\">\n\t\t\t\t\t\t<div class=\"elementor-container elementor-column-gap-default\">\n\t\t\t\t\t<div class=\"elementor-column elementor-col-50 elementor-top-column elementor-element elementor-element-ee7c7d8\" data-id=\"ee7c7d8\" data-element_type=\"column\">\n\t\t\t<div class=\"elementor-widget-wrap elementor-element-populated\">\n\t\t\t\t\t\t\t\t<div class=\"elementor-element elementor-element-56c1cb6 elementor-widget__width-initial elementor-widget elementor-widget-text-editor\" data-id=\"56c1cb6\" data-element_type=\"widget\" data-widget_type=\"text-editor.default\">\n\t\t\t\t<div class=\"elementor-widget-container\">\n\t\t\t\t\t\t\t<p>En <em>Moradas Textiles<\/em> se ha puesto en praxis saberes ancestrales textiles, practicados en su mayor\u00eda por mujeres, no acad\u00e9micos, transmitidos de manera oral, que tienen la capacidad de permitir el di\u00e1logo y el trabajo a la vez. Se han tomado como referentes producciones textiles provenientes de territorios de Abya Yala para ahondar en conceptos vinculados con la relaci\u00f3n muerte-vida comprendido m\u00e1s como un ciclo que como una oposici\u00f3n, y tambi\u00e9n, para desarrollar diversas t\u00e9cnicas que nos parece pertinentes de visibilizar y ejecutar, para rescatar su memoria y aportar desde otras zonas del conocimiento a las epistemolog\u00edas del sur. Han sido investigadas las culturas: mapuche, aymara, paracas, chancay para proponer la creaci\u00f3n de obras textiles que canalicen el duelo migratorio e invitar a cada persona a construir una mu\u00f1eca identitaria, bas\u00e1ndonos en las denominadas \u201cquitapenas\u201d de origen maya fabricadas actualmente en Guatemala, para que albergue memorias, anhelos, prendas y objetos personales.<\/p>\t\t\t\t\t\t<\/div>\n\t\t\t\t<\/div>\n\t\t\t\t\t<\/div>\n\t\t<\/div>\n\t\t\t\t<div class=\"elementor-column elementor-col-50 elementor-top-column elementor-element elementor-element-5663c70\" data-id=\"5663c70\" data-element_type=\"column\">\n\t\t\t<div class=\"elementor-widget-wrap elementor-element-populated\">\n\t\t\t\t\t\t\t\t<div class=\"elementor-element elementor-element-cba91ad elementor-widget elementor-widget-image\" data-id=\"cba91ad\" data-element_type=\"widget\" data-widget_type=\"image.default\">\n\t\t\t\t<div class=\"elementor-widget-container\">\n\t\t\t\t\t\t\t\t\t\t\t\t\t\t\t<img decoding=\"async\" width=\"724\" height=\"1024\" src=\"https:\/\/almacigasociocultural.org\/wp-content\/uploads\/2023\/05\/Impresion-RETIRO-Moradas-724x1024.jpg\" class=\"attachment-large size-large wp-image-1853\" alt=\"\" loading=\"lazy\" srcset=\"https:\/\/almacigasociocultural.org\/wp-content\/uploads\/2023\/05\/Impresion-RETIRO-Moradas-724x1024.jpg 724w, https:\/\/almacigasociocultural.org\/wp-content\/uploads\/2023\/05\/Impresion-RETIRO-Moradas-212x300.jpg 212w, https:\/\/almacigasociocultural.org\/wp-content\/uploads\/2023\/05\/Impresion-RETIRO-Moradas-768x1086.jpg 768w, https:\/\/almacigasociocultural.org\/wp-content\/uploads\/2023\/05\/Impresion-RETIRO-Moradas-1086x1536.jpg 1086w, https:\/\/almacigasociocultural.org\/wp-content\/uploads\/2023\/05\/Impresion-RETIRO-Moradas-1448x2048.jpg 1448w, https:\/\/almacigasociocultural.org\/wp-content\/uploads\/2023\/05\/Impresion-RETIRO-Moradas-scaled.jpg 1810w\" sizes=\"100vw\" \/>\t\t\t\t\t\t\t\t\t\t\t\t\t\t\t<\/div>\n\t\t\t\t<\/div>\n\t\t\t\t\t<\/div>\n\t\t<\/div>\n\t\t\t\t\t\t\t<\/div>\n\t\t<\/section>\n\t\t\t\t<section class=\"elementor-section elementor-top-section elementor-element elementor-element-a16b6b6 elementor-section-boxed elementor-section-height-default elementor-section-height-default\" data-id=\"a16b6b6\" data-element_type=\"section\">\n\t\t\t\t\t\t<div class=\"elementor-container elementor-column-gap-default\">\n\t\t\t\t\t<div class=\"elementor-column elementor-col-100 elementor-top-column elementor-element elementor-element-964b04d\" data-id=\"964b04d\" data-element_type=\"column\">\n\t\t\t<div class=\"elementor-widget-wrap elementor-element-populated\">\n\t\t\t\t\t\t\t\t<div class=\"elementor-element elementor-element-62d2956 elementor-widget elementor-widget-wp-widget-media_video\" data-id=\"62d2956\" data-element_type=\"widget\" data-widget_type=\"wp-widget-media_video.default\">\n\t\t\t\t<div class=\"elementor-widget-container\">\n\t\t\t<div style=\"width:100%;\" class=\"wp-video\"><!--[if lt IE 9]><script>document.createElement('video');<\/script><![endif]-->\n<video class=\"wp-video-shortcode\" id=\"video-2-1\" preload=\"metadata\" controls=\"controls\"><source type=\"video\/youtube\" src=\"https:\/\/youtu.be\/RuP8Dt23vDI?si=JItE28bpgGG8_3va&#038;_=1\" \/><a href=\"https:\/\/youtu.be\/RuP8Dt23vDI?si=JItE28bpgGG8_3va\">https:\/\/youtu.be\/RuP8Dt23vDI?si=JItE28bpgGG8_3va<\/a><\/video><\/div>\t\t<\/div>\n\t\t\t\t<\/div>\n\t\t\t\t\t<\/div>\n\t\t<\/div>\n\t\t\t\t\t\t\t<\/div>\n\t\t<\/section>\n\t\t\t\t<section class=\"elementor-section elementor-top-section elementor-element elementor-element-2faca60 elementor-section-boxed elementor-section-height-default elementor-section-height-default\" data-id=\"2faca60\" data-element_type=\"section\">\n\t\t\t\t\t\t<div class=\"elementor-container elementor-column-gap-default\">\n\t\t\t\t\t<div class=\"elementor-column elementor-col-100 elementor-top-column elementor-element elementor-element-9d75926\" data-id=\"9d75926\" data-element_type=\"column\">\n\t\t\t<div class=\"elementor-widget-wrap elementor-element-populated\">\n\t\t\t\t\t\t\t\t<div class=\"elementor-element elementor-element-4a09fa0 elementor-widget elementor-widget-text-editor\" data-id=\"4a09fa0\" data-element_type=\"widget\" data-widget_type=\"text-editor.default\">\n\t\t\t\t<div class=\"elementor-widget-container\">\n\t\t\t\t\t\t\t<section class=\"elementor-section elementor-top-section elementor-element elementor-element-eecb064 elementor-section-boxed elementor-section-height-default elementor-section-height-default\" data-id=\"eecb064\" data-element_type=\"section\"><div class=\"elementor-container elementor-column-gap-default\"><div class=\"elementor-column elementor-col-100 elementor-top-column elementor-element elementor-element-6ae72b8\" data-id=\"6ae72b8\" data-element_type=\"column\"><div class=\"elementor-widget-wrap elementor-element-populated\"><div class=\"elementor-element elementor-element-3a6ebd5 elementor-widget elementor-widget-text-editor\" data-id=\"3a6ebd5\" data-element_type=\"widget\" data-widget_type=\"text-editor.default\"><div class=\"elementor-widget-container\"><section class=\"elementor-section elementor-top-section elementor-element elementor-element-8794ace elementor-section-boxed elementor-section-height-default elementor-section-height-default\" data-id=\"8794ace\" data-element_type=\"section\"><div class=\"elementor-container elementor-column-gap-default\"><div class=\"elementor-column elementor-col-100 elementor-top-column elementor-element elementor-element-abc3c0b\" data-id=\"abc3c0b\" data-element_type=\"column\"><div class=\"elementor-widget-wrap elementor-element-populated\"><div class=\"elementor-element elementor-element-2c2b0ae elementor-widget elementor-widget-text-editor\" data-id=\"2c2b0ae\" data-element_type=\"widget\" data-widget_type=\"text-editor.default\"><div class=\"elementor-widget-container\"><h4>Moradas Textiles.<br \/>Consorci de Museus de la Comunitat Valenciana. 2021-2022.<br \/>Centre del Carme Cultura Contempor\u00e0nia.<\/h4><p>Equipo de producci\u00f3n Alm\u00e1ciga: Javier Busturia Cerezo \/ Nuria Sof\u00eda Gonz\u00e1lez Tugas \/ Ximena Pardo Fuentes \/ Gabriela Rivera Lucero \/ Salvador Troncoso Curivil<\/p><\/div><\/div><\/div><\/div><\/div><\/section><\/div><\/div><\/div><\/div><\/div><\/section>\t\t\t\t\t\t<\/div>\n\t\t\t\t<\/div>\n\t\t\t\t\t<\/div>\n\t\t<\/div>\n\t\t\t\t\t\t\t<\/div>\n\t\t<\/section>\n\t\t\t\t\t\t\t<\/div>\n\t\t","protected":false},"excerpt":{"rendered":"<p>&#8220;Moradas Textiles&#8221; para la transici\u00f3n de duelos migratorios. Patrocina Proyecto financiado por: Generalitat Valenciana \u00b7 Consorci de Museus de la Comunitat Valenciana \u00b7 Centre del Carme Cultura Contempor\u00e0nia. Organiza:\u00a0 Alm\u00e1ciga. Innovaci\u00f3n. En Moradas Textiles se ha puesto en praxis saberes ancestrales textiles, practicados en su mayor\u00eda por mujeres, no acad\u00e9micos, transmitidos de manera oral, que &hellip; <\/p>\n<p class=\"link-more\"><a href=\"https:\/\/almacigasociocultural.org\/index.php\/pagina-ejemplo\/\" class=\"more-link\">Read more<span class=\"screen-reader-text\"> &#8220;MORADAS TEXTILES&#8221;<\/span><\/a><\/p>\n","protected":false},"author":1,"featured_media":0,"parent":0,"menu_order":0,"comment_status":"closed","ping_status":"closed","template":"","meta":{"_uag_custom_page_level_css":""},"uagb_featured_image_src":{"full":false,"thumbnail":false,"medium":false,"medium_large":false,"large":false,"1536x1536":false,"2048x2048":false,"inspiro-featured-image":false,"inspiro-loop":false,"inspiro-loop@2x":false},"uagb_author_info":{"display_name":"curivil","author_link":false},"uagb_comment_info":0,"uagb_excerpt":"&#8220;Moradas Textiles&#8221; para la transici\u00f3n de duelos migratorios. Patrocina Proyecto financiado por: Generalitat Valenciana \u00b7 Consorci de Museus de la Comunitat Valenciana \u00b7 Centre del Carme Cultura Contempor\u00e0nia. Organiza:\u00a0 Alm\u00e1ciga. Innovaci\u00f3n. En Moradas Textiles se ha puesto en praxis saberes ancestrales textiles, practicados en su mayor\u00eda por mujeres, no acad\u00e9micos, transmitidos de manera oral, que&hellip;","_links":{"self":[{"href":"https:\/\/almacigasociocultural.org\/index.php\/wp-json\/wp\/v2\/pages\/2"}],"collection":[{"href":"https:\/\/almacigasociocultural.org\/index.php\/wp-json\/wp\/v2\/pages"}],"about":[{"href":"https:\/\/almacigasociocultural.org\/index.php\/wp-json\/wp\/v2\/types\/page"}],"author":[{"embeddable":true,"href":"https:\/\/almacigasociocultural.org\/index.php\/wp-json\/wp\/v2\/users\/1"}],"replies":[{"embeddable":true,"href":"https:\/\/almacigasociocultural.org\/index.php\/wp-json\/wp\/v2\/comments?post=2"}],"version-history":[{"count":104,"href":"https:\/\/almacigasociocultural.org\/index.php\/wp-json\/wp\/v2\/pages\/2\/revisions"}],"predecessor-version":[{"id":3825,"href":"https:\/\/almacigasociocultural.org\/index.php\/wp-json\/wp\/v2\/pages\/2\/revisions\/3825"}],"wp:attachment":[{"href":"https:\/\/almacigasociocultural.org\/index.php\/wp-json\/wp\/v2\/media?parent=2"}],"curies":[{"name":"wp","href":"https:\/\/api.w.org\/{rel}","templated":true}]}}