{"id":2154,"date":"2024-02-14T18:51:53","date_gmt":"2024-02-14T18:51:53","guid":{"rendered":"https:\/\/almacigasociocultural.org\/?page_id=2154"},"modified":"2026-04-22T09:09:01","modified_gmt":"2026-04-22T09:09:01","slug":"textiles","status":"publish","type":"page","link":"https:\/\/almacigasociocultural.org\/index.php\/textiles\/","title":{"rendered":"PROYECTOS"},"content":{"rendered":"\t\t<div data-elementor-type=\"wp-page\" data-elementor-id=\"2154\" class=\"elementor elementor-2154\">\n\t\t\t\t\t\t\t\t\t<section class=\"elementor-section elementor-top-section elementor-element elementor-element-15ed78c elementor-section-boxed elementor-section-height-default elementor-section-height-default\" data-id=\"15ed78c\" data-element_type=\"section\">\n\t\t\t\t\t\t<div class=\"elementor-container elementor-column-gap-default\">\n\t\t\t\t\t<div class=\"elementor-column elementor-col-33 elementor-top-column elementor-element elementor-element-381be3f\" data-id=\"381be3f\" data-element_type=\"column\">\n\t\t\t<div class=\"elementor-widget-wrap elementor-element-populated\">\n\t\t\t\t\t\t\t\t<div class=\"elementor-element elementor-element-793eb8e elementor-widget elementor-widget-text-editor\" data-id=\"793eb8e\" data-element_type=\"widget\" data-widget_type=\"text-editor.default\">\n\t\t\t\t<div class=\"elementor-widget-container\">\n\t\t\t<style>\/*! elementor - v3.12.2 - 23-04-2023 *\/\n.elementor-widget-text-editor.elementor-drop-cap-view-stacked .elementor-drop-cap{background-color:#69727d;color:#fff}.elementor-widget-text-editor.elementor-drop-cap-view-framed .elementor-drop-cap{color:#69727d;border:3px solid;background-color:transparent}.elementor-widget-text-editor:not(.elementor-drop-cap-view-default) .elementor-drop-cap{margin-top:8px}.elementor-widget-text-editor:not(.elementor-drop-cap-view-default) .elementor-drop-cap-letter{width:1em;height:1em}.elementor-widget-text-editor .elementor-drop-cap{float:left;text-align:center;line-height:1;font-size:50px}.elementor-widget-text-editor .elementor-drop-cap-letter{display:inline-block}<\/style>\t\t\t\t<p>Otro de los \u00e1mbitos de acci\u00f3n de Alm\u00e1ciga es el <em>arte textil<\/em>, como forma de acercar las expresiones art\u00edsticas a la comunidad.\u00a0 <\/p><p>Estas instancias son el encuentro para dialogar, reflexionar y compartir experiencias en un ambiente\u00a0 creativo.<\/p><p>Hemos realizado proyectos textiles en la NAU de la Universitat de Val\u00e8ncia y en el Centro del Carme Cultura Contempor\u00e0nia.<\/p>\t\t\t\t\t\t<\/div>\n\t\t\t\t<\/div>\n\t\t\t\t\t<\/div>\n\t\t<\/div>\n\t\t\t\t<div class=\"elementor-column elementor-col-66 elementor-top-column elementor-element elementor-element-94de60b\" data-id=\"94de60b\" data-element_type=\"column\">\n\t\t\t<div class=\"elementor-widget-wrap elementor-element-populated\">\n\t\t\t\t\t\t\t\t<div class=\"elementor-element elementor-element-bce1bc2 elementor-widget elementor-widget-image\" data-id=\"bce1bc2\" data-element_type=\"widget\" data-widget_type=\"image.default\">\n\t\t\t\t<div class=\"elementor-widget-container\">\n\t\t\t<style>\/*! elementor - v3.12.2 - 23-04-2023 *\/\n.elementor-widget-image{text-align:center}.elementor-widget-image a{display:inline-block}.elementor-widget-image a img[src$=\".svg\"]{width:48px}.elementor-widget-image img{vertical-align:middle;display:inline-block}<\/style>\t\t\t\t\t\t\t\t\t\t\t\t<img decoding=\"async\" width=\"950\" height=\"570\" src=\"https:\/\/almacigasociocultural.org\/wp-content\/uploads\/2024\/04\/proceso-04-1024x614.jpg\" class=\"attachment-large size-large wp-image-3324\" alt=\"\" loading=\"lazy\" srcset=\"https:\/\/almacigasociocultural.org\/wp-content\/uploads\/2024\/04\/proceso-04-1024x614.jpg 1024w, https:\/\/almacigasociocultural.org\/wp-content\/uploads\/2024\/04\/proceso-04-300x180.jpg 300w, https:\/\/almacigasociocultural.org\/wp-content\/uploads\/2024\/04\/proceso-04.jpg 1200w\" sizes=\"100vw\" \/>\t\t\t\t\t\t\t\t\t\t\t\t\t\t\t<\/div>\n\t\t\t\t<\/div>\n\t\t\t\t\t<\/div>\n\t\t<\/div>\n\t\t\t\t\t\t\t<\/div>\n\t\t<\/section>\n\t\t\t\t\t\t\t<\/div>\n\t\t","protected":false},"excerpt":{"rendered":"<p>Otro de los \u00e1mbitos de acci\u00f3n de Alm\u00e1ciga es el arte textil, como forma de acercar las expresiones art\u00edsticas a la comunidad.\u00a0 Estas instancias son el encuentro para dialogar, reflexionar y compartir experiencias en un ambiente\u00a0 creativo. Hemos realizado proyectos textiles en la NAU de la Universitat de Val\u00e8ncia y en el Centro del Carme &hellip; <\/p>\n<p class=\"link-more\"><a href=\"https:\/\/almacigasociocultural.org\/index.php\/textiles\/\" class=\"more-link\">Read more<span class=\"screen-reader-text\"> &#8220;PROYECTOS&#8221;<\/span><\/a><\/p>\n","protected":false},"author":1,"featured_media":0,"parent":0,"menu_order":0,"comment_status":"closed","ping_status":"closed","template":"","meta":{"_uag_custom_page_level_css":""},"uagb_featured_image_src":{"full":false,"thumbnail":false,"medium":false,"medium_large":false,"large":false,"1536x1536":false,"2048x2048":false,"inspiro-featured-image":false,"inspiro-loop":false,"inspiro-loop@2x":false},"uagb_author_info":{"display_name":"curivil","author_link":false},"uagb_comment_info":0,"uagb_excerpt":"Otro de los \u00e1mbitos de acci\u00f3n de Alm\u00e1ciga es el arte textil, como forma de acercar las expresiones art\u00edsticas a la comunidad.\u00a0 Estas instancias son el encuentro para dialogar, reflexionar y compartir experiencias en un ambiente\u00a0 creativo. Hemos realizado proyectos textiles en la NAU de la Universitat de Val\u00e8ncia y en el Centro del Carme&hellip;","_links":{"self":[{"href":"https:\/\/almacigasociocultural.org\/index.php\/wp-json\/wp\/v2\/pages\/2154"}],"collection":[{"href":"https:\/\/almacigasociocultural.org\/index.php\/wp-json\/wp\/v2\/pages"}],"about":[{"href":"https:\/\/almacigasociocultural.org\/index.php\/wp-json\/wp\/v2\/types\/page"}],"author":[{"embeddable":true,"href":"https:\/\/almacigasociocultural.org\/index.php\/wp-json\/wp\/v2\/users\/1"}],"replies":[{"embeddable":true,"href":"https:\/\/almacigasociocultural.org\/index.php\/wp-json\/wp\/v2\/comments?post=2154"}],"version-history":[{"count":21,"href":"https:\/\/almacigasociocultural.org\/index.php\/wp-json\/wp\/v2\/pages\/2154\/revisions"}],"predecessor-version":[{"id":3934,"href":"https:\/\/almacigasociocultural.org\/index.php\/wp-json\/wp\/v2\/pages\/2154\/revisions\/3934"}],"wp:attachment":[{"href":"https:\/\/almacigasociocultural.org\/index.php\/wp-json\/wp\/v2\/media?parent=2154"}],"curies":[{"name":"wp","href":"https:\/\/api.w.org\/{rel}","templated":true}]}}