{"id":2208,"date":"2024-02-22T12:10:16","date_gmt":"2024-02-22T12:10:16","guid":{"rendered":"https:\/\/almacigasociocultural.org\/?page_id=2208"},"modified":"2026-03-22T19:22:08","modified_gmt":"2026-03-22T19:22:08","slug":"quienes-somos","status":"publish","type":"page","link":"https:\/\/almacigasociocultural.org\/index.php\/quienes-somos\/","title":{"rendered":"QUIENES SOMOS"},"content":{"rendered":"\t\t<div data-elementor-type=\"wp-page\" data-elementor-id=\"2208\" class=\"elementor elementor-2208\">\n\t\t\t\t\t\t\t\t\t<section class=\"elementor-section elementor-top-section elementor-element elementor-element-ed65962 elementor-section-boxed elementor-section-height-default elementor-section-height-default\" data-id=\"ed65962\" data-element_type=\"section\">\n\t\t\t\t\t\t<div class=\"elementor-container elementor-column-gap-default\">\n\t\t\t\t\t<div class=\"elementor-column elementor-col-100 elementor-top-column elementor-element elementor-element-ccf0c72\" data-id=\"ccf0c72\" data-element_type=\"column\">\n\t\t\t<div class=\"elementor-widget-wrap elementor-element-populated\">\n\t\t\t\t\t\t\t\t<div class=\"elementor-element elementor-element-e45c7d9 elementor-widget elementor-widget-image\" data-id=\"e45c7d9\" data-element_type=\"widget\" data-widget_type=\"image.default\">\n\t\t\t\t<div class=\"elementor-widget-container\">\n\t\t\t<style>\/*! elementor - v3.12.2 - 23-04-2023 *\/\n.elementor-widget-image{text-align:center}.elementor-widget-image a{display:inline-block}.elementor-widget-image a img[src$=\".svg\"]{width:48px}.elementor-widget-image img{vertical-align:middle;display:inline-block}<\/style>\t\t\t\t\t\t\t\t\t\t\t\t<img decoding=\"async\" width=\"950\" height=\"570\" src=\"https:\/\/almacigasociocultural.org\/wp-content\/uploads\/2024\/04\/Atriles-01-1024x614.jpg\" class=\"attachment-large size-large wp-image-3343\" alt=\"\" loading=\"lazy\" srcset=\"https:\/\/almacigasociocultural.org\/wp-content\/uploads\/2024\/04\/Atriles-01-1024x614.jpg 1024w, https:\/\/almacigasociocultural.org\/wp-content\/uploads\/2024\/04\/Atriles-01-300x180.jpg 300w, https:\/\/almacigasociocultural.org\/wp-content\/uploads\/2024\/04\/Atriles-01.jpg 1200w\" sizes=\"100vw\" \/>\t\t\t\t\t\t\t\t\t\t\t\t\t\t\t<\/div>\n\t\t\t\t<\/div>\n\t\t\t\t\t<\/div>\n\t\t<\/div>\n\t\t\t\t\t\t\t<\/div>\n\t\t<\/section>\n\t\t\t\t<section class=\"elementor-section elementor-top-section elementor-element elementor-element-cfadf7a elementor-section-boxed elementor-section-height-default elementor-section-height-default\" data-id=\"cfadf7a\" data-element_type=\"section\">\n\t\t\t\t\t\t<div class=\"elementor-container elementor-column-gap-default\">\n\t\t\t\t\t<div class=\"elementor-column elementor-col-33 elementor-top-column elementor-element elementor-element-b987992\" data-id=\"b987992\" data-element_type=\"column\">\n\t\t\t<div class=\"elementor-widget-wrap\">\n\t\t\t\t\t\t\t\t\t<\/div>\n\t\t<\/div>\n\t\t\t\t<div class=\"elementor-column elementor-col-33 elementor-top-column elementor-element elementor-element-8d65ff9\" data-id=\"8d65ff9\" data-element_type=\"column\">\n\t\t\t<div class=\"elementor-widget-wrap elementor-element-populated\">\n\t\t\t\t\t\t\t\t<div class=\"elementor-element elementor-element-ebb82be elementor-widget elementor-widget-text-editor\" data-id=\"ebb82be\" data-element_type=\"widget\" data-widget_type=\"text-editor.default\">\n\t\t\t\t<div class=\"elementor-widget-container\">\n\t\t\t<style>\/*! elementor - v3.12.2 - 23-04-2023 *\/\n.elementor-widget-text-editor.elementor-drop-cap-view-stacked .elementor-drop-cap{background-color:#69727d;color:#fff}.elementor-widget-text-editor.elementor-drop-cap-view-framed .elementor-drop-cap{color:#69727d;border:3px solid;background-color:transparent}.elementor-widget-text-editor:not(.elementor-drop-cap-view-default) .elementor-drop-cap{margin-top:8px}.elementor-widget-text-editor:not(.elementor-drop-cap-view-default) .elementor-drop-cap-letter{width:1em;height:1em}.elementor-widget-text-editor .elementor-drop-cap{float:left;text-align:center;line-height:1;font-size:50px}.elementor-widget-text-editor .elementor-drop-cap-letter{display:inline-block}<\/style>\t\t\t\t<p><strong>Alma\u0301ciga. Innovaci\u00f3n sociocultural.<\/strong> Es una asociacio\u0301n cultural, fundada en el a\u00f1o 2021 por un equipo de creativas, artistas y gestoras culturales internacionales. Desarrolla sus actividades principalmente en territorio rural, desde el pueblo de Cinctorres, comarca de Els Ports en la provincia de Castello\u0301n, y Olocau, comarca Camp de Turia, Val\u00e8ncia.<\/p><p>Alm\u00e1ciga trabaja en las intersecciones de arte y territorio, investiga el patrimonio cultural, material e inmaterial y la biodiversidad en el mundo rural, tambi\u00e9n, incluye en sus iniciativas la perspectiva de g\u00e9nero y la inclusi\u00f3n de comunidades migrantes.<\/p><p>Alm\u00e1ciga desarrolla proyectos de artes visuales y poes\u00eda para fomentar la participaci\u00f3n cultural y cohesi\u00f3n social, con intere\u0301s en las artes multi\/transdisciplinares, la pintura, el arte textil, y la fotografi\u0301a, con el objetivo de aumentar la oferta y distribuci\u00f3n de bienes culturales en el contexto rural.<\/p><p>A la fecha ha gestionado proyectos con financiamiento p\u00fablico y privado, y destacamos Programa de Internacionalizaci\u00f3n de la Cultura Espa\u00f1ola, PICE. Next Generation European Union, del Consorci de Museus de la Comunitat Valenciana, la Diputaci\u00f3n de Castell\u00f3n y el Ayuntamiento de Cinctorres.<\/p>\t\t\t\t\t\t<\/div>\n\t\t\t\t<\/div>\n\t\t\t\t\t<\/div>\n\t\t<\/div>\n\t\t\t\t<div class=\"elementor-column elementor-col-33 elementor-top-column elementor-element elementor-element-97639af\" data-id=\"97639af\" data-element_type=\"column\">\n\t\t\t<div class=\"elementor-widget-wrap\">\n\t\t\t\t\t\t\t\t\t<\/div>\n\t\t<\/div>\n\t\t\t\t\t\t\t<\/div>\n\t\t<\/section>\n\t\t\t\t<section class=\"elementor-section elementor-top-section elementor-element elementor-element-2512eb1 elementor-section-boxed elementor-section-height-default elementor-section-height-default\" data-id=\"2512eb1\" data-element_type=\"section\">\n\t\t\t\t\t\t<div class=\"elementor-container elementor-column-gap-default\">\n\t\t\t\t\t<div class=\"elementor-column elementor-col-100 elementor-top-column elementor-element elementor-element-692a4c7\" data-id=\"692a4c7\" data-element_type=\"column\">\n\t\t\t<div class=\"elementor-widget-wrap elementor-element-populated\">\n\t\t\t\t\t\t\t\t<div class=\"elementor-element elementor-element-ac9dbe5 elementor-widget elementor-widget-image\" data-id=\"ac9dbe5\" data-element_type=\"widget\" data-widget_type=\"image.default\">\n\t\t\t\t<div class=\"elementor-widget-container\">\n\t\t\t\t\t\t\t\t\t\t\t\t\t\t\t<img decoding=\"async\" width=\"600\" height=\"400\" src=\"https:\/\/almacigasociocultural.org\/wp-content\/uploads\/2024\/04\/Arado.jpg\" class=\"attachment-full size-full wp-image-3215\" alt=\"\" loading=\"lazy\" srcset=\"https:\/\/almacigasociocultural.org\/wp-content\/uploads\/2024\/04\/Arado.jpg 600w, https:\/\/almacigasociocultural.org\/wp-content\/uploads\/2024\/04\/Arado-300x200.jpg 300w\" sizes=\"100vw\" \/>\t\t\t\t\t\t\t\t\t\t\t\t\t\t\t<\/div>\n\t\t\t\t<\/div>\n\t\t\t\t\t<\/div>\n\t\t<\/div>\n\t\t\t\t\t\t\t<\/div>\n\t\t<\/section>\n\t\t\t\t<section class=\"elementor-section elementor-top-section elementor-element elementor-element-29855d6 elementor-section-boxed elementor-section-height-default elementor-section-height-default\" data-id=\"29855d6\" data-element_type=\"section\">\n\t\t\t\t\t\t<div class=\"elementor-container elementor-column-gap-default\">\n\t\t\t\t\t<div class=\"elementor-column elementor-col-33 elementor-top-column elementor-element elementor-element-09044e4\" data-id=\"09044e4\" data-element_type=\"column\">\n\t\t\t<div class=\"elementor-widget-wrap\">\n\t\t\t\t\t\t\t\t\t<\/div>\n\t\t<\/div>\n\t\t\t\t<div class=\"elementor-column elementor-col-33 elementor-top-column elementor-element elementor-element-d9b21b5\" data-id=\"d9b21b5\" data-element_type=\"column\">\n\t\t\t<div class=\"elementor-widget-wrap elementor-element-populated\">\n\t\t\t\t\t\t\t\t<div class=\"elementor-element elementor-element-8c0cd36 elementor-widget__width-initial elementor-widget elementor-widget-text-editor\" data-id=\"8c0cd36\" data-element_type=\"widget\" data-widget_type=\"text-editor.default\">\n\t\t\t\t<div class=\"elementor-widget-container\">\n\t\t\t\t\t\t\t<p><strong>DISTINCIONES.<\/strong><\/p><p>2025 \/RESIDENTS \/PEDRA\/AIGUA\/TERRA. David Feroce, Magdalena Lorca, Milaniza Montalvo Garc\u00eda, Mery Sut Favaretto y Jocelyne Rodr\u00edguez Droguett AC\/E. Acci\u00f3n Cultural Espa\u00f1ola. PICE Residencias.<\/p><p>2025 CINCFRESC IV Festival de poes\u00eda de Cinctorres. Financiado por la Diputaci\u00f3n de Castell\u00f3n \u00e1rea Cultura y la Asociaci\u00f3n Alm\u00e1ciga.<\/p><p>2024 \/RESIDENTS \/PEDRA. Milagros Arias. AC\/E. Acci\u00f3n Cultural Espa\u00f1ola. PICE Residencias.<\/p><p>2024 \/RESIDENTS \/AIGUA. Anna Peixet. AC\/E. Acci\u00f3n Cultural Espa\u00f1ola. PICE Residencias.<\/p><p>2024 CINCFRESC. Festival de poes\u00eda de Cinctorres. Financiado por la Diputaci\u00f3n de Castell\u00f3n \u00e1rea Cultura y la Asociaci\u00f3n Alm\u00e1ciga.<\/p><p>2024 \/RESIDENTS TERRA. Sof\u00eda Quesada. Culture Move Europe. European Union. Goethe Institut.<b><br \/><\/b><\/p><p>2023 \/Residents. Art expandit en la ruralitat. Residencia art\u00edstica en Cinctorres. Financiado por el fondo Next Generation EU, Generalitat Valenciana y el Institut Valenci\u00e0 de Cultura. Cofinanciado por la Asociaci\u00f3n Alm\u00e1gica.<\/p><p>2023 CINCFRESC. Festival de poes\u00eda de Cinctorres. Financiado por la Diputaci\u00f3n de Castell\u00f3n \u00e1rea Cultura y la Asociaci\u00f3n Alm\u00e1ciga.<\/p><p>2023 www.almacigasociocultural.org Financiada por Cultura Online del Consorci de Museus de la Generalitat Valenciana, con exhibici\u00f3n en Centre del Carme Cultura Contempor\u00e0nia<\/p><p>2022 \/Residentes. Residencia art\u00edstica en Cinctorres. Financiado por la Asociaci\u00f3n Alm\u00e1ciga y el Ayuntamiento de Cinctorres.<\/p><p>2022-2021 Moradas Textiles para la transicio\u0301n de Duelos Migratorios. Residencia de mediaci\u00f3n art\u00edstica. Financiado por programa Cultura Resident, Consorci de Museus de la Generalitat Valenciana, Centre del Carme Cultura Contempor\u00e0nia.<\/p><p>2021 Bita\u0301coras Textiles. Financiado por Cultura Activa de Universitat de Val\u00e8ncia.<\/p>\t\t\t\t\t\t<\/div>\n\t\t\t\t<\/div>\n\t\t\t\t\t<\/div>\n\t\t<\/div>\n\t\t\t\t<div class=\"elementor-column elementor-col-33 elementor-top-column elementor-element elementor-element-6ee6f7a\" data-id=\"6ee6f7a\" data-element_type=\"column\">\n\t\t\t<div class=\"elementor-widget-wrap\">\n\t\t\t\t\t\t\t\t\t<\/div>\n\t\t<\/div>\n\t\t\t\t\t\t\t<\/div>\n\t\t<\/section>\n\t\t\t\t<section class=\"elementor-section elementor-top-section elementor-element elementor-element-bdbec93 elementor-section-boxed elementor-section-height-default elementor-section-height-default\" data-id=\"bdbec93\" data-element_type=\"section\">\n\t\t\t\t\t\t<div class=\"elementor-container elementor-column-gap-default\">\n\t\t\t\t\t<div class=\"elementor-column elementor-col-100 elementor-top-column elementor-element elementor-element-be33575\" data-id=\"be33575\" data-element_type=\"column\">\n\t\t\t<div class=\"elementor-widget-wrap elementor-element-populated\">\n\t\t\t\t\t\t\t\t<div class=\"elementor-element elementor-element-3c1ea59 elementor-widget elementor-widget-text-editor\" data-id=\"3c1ea59\" data-element_type=\"widget\" data-widget_type=\"text-editor.default\">\n\t\t\t\t<div class=\"elementor-widget-container\">\n\t\t\t\t\t\t\t<h3>Equipo Alm\u00e1ciga.<\/h3>\t\t\t\t\t\t<\/div>\n\t\t\t\t<\/div>\n\t\t\t\t\t<\/div>\n\t\t<\/div>\n\t\t\t\t\t\t\t<\/div>\n\t\t<\/section>\n\t\t\t\t<section class=\"elementor-section elementor-top-section elementor-element elementor-element-a90295b elementor-section-boxed elementor-section-height-default elementor-section-height-default\" data-id=\"a90295b\" data-element_type=\"section\">\n\t\t\t\t\t\t<div class=\"elementor-container elementor-column-gap-default\">\n\t\t\t\t\t<div class=\"elementor-column elementor-col-100 elementor-top-column elementor-element elementor-element-082e2e6\" data-id=\"082e2e6\" data-element_type=\"column\">\n\t\t\t<div class=\"elementor-widget-wrap elementor-element-populated\">\n\t\t\t\t\t\t\t\t<div class=\"elementor-element elementor-element-f64bcdf elementor-widget elementor-widget-text-editor\" data-id=\"f64bcdf\" data-element_type=\"widget\" data-widget_type=\"text-editor.default\">\n\t\t\t\t<div class=\"elementor-widget-container\">\n\t\t\t\t\t\t\t<p><strong>Javier Busturia Cerezo \/ Sof\u00eda Gonz\u00e1lez Tugas \/ Milaniza Montalvo Garc\u00eda \/ Gabriela Rivera Lucero \/ Salvador Ernesto Troncoso Curivil<br \/><\/strong><\/p>\t\t\t\t\t\t<\/div>\n\t\t\t\t<\/div>\n\t\t\t\t\t<\/div>\n\t\t<\/div>\n\t\t\t\t\t\t\t<\/div>\n\t\t<\/section>\n\t\t\t\t<section class=\"elementor-section elementor-top-section elementor-element elementor-element-1822a5c elementor-section-boxed elementor-section-height-default elementor-section-height-default\" data-id=\"1822a5c\" data-element_type=\"section\">\n\t\t\t\t\t\t<div class=\"elementor-container elementor-column-gap-default\">\n\t\t\t\t\t<div class=\"elementor-column elementor-col-66 elementor-top-column elementor-element elementor-element-785c110\" data-id=\"785c110\" data-element_type=\"column\">\n\t\t\t<div class=\"elementor-widget-wrap elementor-element-populated\">\n\t\t\t\t\t\t\t\t<div class=\"elementor-element elementor-element-027dd94 elementor-widget elementor-widget-text-editor\" data-id=\"027dd94\" data-element_type=\"widget\" data-widget_type=\"text-editor.default\">\n\t\t\t\t<div class=\"elementor-widget-container\">\n\t\t\t\t\t\t\t<p><strong>Javier Busturia Cerezo.<\/strong><\/p><p>Licenciado en Bellas Artes (UCM), Kunsthogskolen i Bergen, Noruega. M\u00e1ster Oficial en Producci\u00f3n Art\u00edstica (UPV). Como artista su trabajo se alimenta a base de territorio, comunidad y colectividad. Reflexionando acerca del v\u00ednculo perdido con lo natural y los usos tradicionales del territorio, se aproxima a ellos a trav\u00e9s de la producci\u00f3n en contextos rurales y lim\u00edtrofes, a trav\u00e9s de acciones e intervenciones ef\u00edmeras, procesuales y rituales, tras un intenso trabajo de inmersi\u00f3n en lo local. Interesado en situaciones de creaci\u00f3n colectiva y procesos participativos, coorganiza los encuentros AnARCO art llibertari vs. art liberal de investigaci\u00f3n en torno al pensamiento libertario y el arte como herramienta de transformaci\u00f3n social (Valencia 2016- 17). Ha participado en exposiciones individuales y colectivas a nivel nacional e internacional (Espa\u00f1a, Noruega, Alemania, Holanda, B\u00e9lgica, Letonia, Brasil y Costa Rica), as\u00ed como en residencias nacionales e internacionales (Espa\u00f1a, Alemania, B\u00e9lgica, Holanda).<\/p><p>Ha trabajado como mediador cultural en la Bienal de S\u00e3o Paulo (Brasil 2004-06), Centre del Carme Cultura Contempor\u00e0nia (Arquilecturas, Valencia 2019-20) y el IVAM (Colectivo Viridian, Valencia 2021), as\u00ed como profesor de pedagog\u00edas cr\u00edticas y alternativas (Escuela Waldorf Flor de Azahar, Valencia 2011-19; Associa\u00e7\u00e3o Comunitaria Favela Monte Azul, S\u00e3o Paulo 2004-06; Centro de Derechos Humanos Fray Bartolom\u00e9 de Las Casas, Chiapas, M\u00e9xico 1997).<\/p>\t\t\t\t\t\t<\/div>\n\t\t\t\t<\/div>\n\t\t\t\t\t<\/div>\n\t\t<\/div>\n\t\t\t\t<div class=\"elementor-column elementor-col-33 elementor-top-column elementor-element elementor-element-8781875\" data-id=\"8781875\" data-element_type=\"column\">\n\t\t\t<div class=\"elementor-widget-wrap\">\n\t\t\t\t\t\t\t\t\t<\/div>\n\t\t<\/div>\n\t\t\t\t\t\t\t<\/div>\n\t\t<\/section>\n\t\t\t\t<section class=\"elementor-section elementor-top-section elementor-element elementor-element-292d2cc elementor-section-boxed elementor-section-height-default elementor-section-height-default\" data-id=\"292d2cc\" data-element_type=\"section\">\n\t\t\t\t\t\t<div class=\"elementor-container elementor-column-gap-default\">\n\t\t\t\t\t<div class=\"elementor-column elementor-col-66 elementor-top-column elementor-element elementor-element-28aeb4c\" data-id=\"28aeb4c\" data-element_type=\"column\">\n\t\t\t<div class=\"elementor-widget-wrap elementor-element-populated\">\n\t\t\t\t\t\t\t\t<div class=\"elementor-element elementor-element-1321dac elementor-widget elementor-widget-text-editor\" data-id=\"1321dac\" data-element_type=\"widget\" data-widget_type=\"text-editor.default\">\n\t\t\t\t<div class=\"elementor-widget-container\">\n\t\t\t\t\t\t\t<p><strong>Sof\u00eda Gonz\u00e1lez Tugas.<\/strong><\/p><p>Artista Visual y pedagoga en Bellas Artes. Licenciada en Artes Visuales, Universidad Finis Terrae, Santiago de Chile. Beca Juan Downey y diploma de Honor. M\u00e1ster Oficial en Producci\u00f3n Art\u00edstica, Valencia Espa\u00f1a. Matr\u00edcula de Honor. Licenciatura en Pedagog\u00eda en Artes para Ense\u00f1anza Media en Universidad Finis Terrae, Santiago de Chile.<\/p><p>Formaci\u00f3n complementaria en Pedagog\u00eda Waldorf-Steiner. Asociaci\u00f3n Escuela Flor de Azahar. Valencia, Espa\u00f1a. Coordinadora Isabel Mateo.<\/p><p>Actualmente trabaja como profesora de pintura, acuarela y dibujo en Aulas de tercera edad de Valencia. Realiza proyectos de educaci\u00f3n y arte con ni\u00f1os y adolescentes con el colectivo Atelier del Huerto y ha trabajado en escuelas de verano con el colectivo Arquilecturas.<\/p><p>Por otra parte, tambi\u00e9n ha trabajado individualmente en talleres para docentes de colegios p\u00fablicos de Berjassot, Valencia, explicando la importancia para maestros de pedagog\u00eda Waldorf.<\/p><p>Actualmente cursa la formaci\u00f3n de Arte Terapia Antropos\u00f3fica, www.arteaaa.com Barcelona, Espa\u00f1a. Con certificado reconocido por la Academia Europea ICAAT, reconocida y conectada con el Goetheanum, Suiza.<\/p>\t\t\t\t\t\t<\/div>\n\t\t\t\t<\/div>\n\t\t\t\t\t<\/div>\n\t\t<\/div>\n\t\t\t\t<div class=\"elementor-column elementor-col-33 elementor-top-column elementor-element elementor-element-2aa543f\" data-id=\"2aa543f\" data-element_type=\"column\">\n\t\t\t<div class=\"elementor-widget-wrap\">\n\t\t\t\t\t\t\t\t\t<\/div>\n\t\t<\/div>\n\t\t\t\t\t\t\t<\/div>\n\t\t<\/section>\n\t\t\t\t<section class=\"elementor-section elementor-top-section elementor-element elementor-element-26b742f elementor-section-boxed elementor-section-height-default elementor-section-height-default\" data-id=\"26b742f\" data-element_type=\"section\">\n\t\t\t\t\t\t<div class=\"elementor-container elementor-column-gap-default\">\n\t\t\t\t\t<div class=\"elementor-column elementor-col-66 elementor-top-column elementor-element elementor-element-b095276\" data-id=\"b095276\" data-element_type=\"column\">\n\t\t\t<div class=\"elementor-widget-wrap elementor-element-populated\">\n\t\t\t\t\t\t\t\t<div class=\"elementor-element elementor-element-e5f40fb elementor-widget elementor-widget-text-editor\" data-id=\"e5f40fb\" data-element_type=\"widget\" data-widget_type=\"text-editor.default\">\n\t\t\t\t<div class=\"elementor-widget-container\">\n\t\t\t\t\t\t\t<p><strong>Milaniza Montalvo Garc\u00eda.<\/strong><br \/>Artista y arteterapeuta. Posee un Ma\u0301ster en Produccio\u0301n Arti\u0301stica, Universitat Polite\u0300cnica de Vale\u0300ncia, Espan\u0303a (2022); Posgrado en Arte Terapia, Universidad Nacional de Arte, Argentina (2012) y Licenciatura en Bellas Artes, Universidad de Puerto Rico (2005). Ha trabajado con grupos por ma\u0301s de 7 an\u0303os, y obtenido premios como artista en Argentina y Espan\u0303a. Su obra se posiciona desde lo autobiogra\u0301fico y lo cri\u0301tico, indagando en el tema del paisaje y sus cruces con la poli\u0301tica, la migracio\u0301n y los mitos. Ha obtenido premios en Argentina y Espan\u0303a, destacando seleccio\u0301n Transport ARTE (Espan\u0303a,2021) donde su obra fue colocada en uno de los autobuses de la EMT Vale\u0301ncia; Primer Premio en el Certamen de Arte y Deporte, Universitat Polite\u0300cnica de Vale\u0300ncia (Espan\u0303a, 2021); Mencio\u0301n del Jurado en el 23ro Salo\u0301n de Pintura de Palermo Viejo (Argentina, 2017); seleccio\u0301n Premio Arte Vittal (Argentina, 2018) y 22do Salo\u0301n de Pintura de Palermo Viejo (Argentina, 2018).<\/p>\t\t\t\t\t\t<\/div>\n\t\t\t\t<\/div>\n\t\t\t\t\t<\/div>\n\t\t<\/div>\n\t\t\t\t<div class=\"elementor-column elementor-col-33 elementor-top-column elementor-element elementor-element-718ad0d\" data-id=\"718ad0d\" data-element_type=\"column\">\n\t\t\t<div class=\"elementor-widget-wrap\">\n\t\t\t\t\t\t\t\t\t<\/div>\n\t\t<\/div>\n\t\t\t\t\t\t\t<\/div>\n\t\t<\/section>\n\t\t\t\t<section class=\"elementor-section elementor-top-section elementor-element elementor-element-6366929 elementor-section-boxed elementor-section-height-default elementor-section-height-default\" data-id=\"6366929\" data-element_type=\"section\">\n\t\t\t\t\t\t<div class=\"elementor-container elementor-column-gap-default\">\n\t\t\t\t\t<div class=\"elementor-column elementor-col-66 elementor-top-column elementor-element elementor-element-35f6d5f\" data-id=\"35f6d5f\" data-element_type=\"column\">\n\t\t\t<div class=\"elementor-widget-wrap elementor-element-populated\">\n\t\t\t\t\t\t\t\t<div class=\"elementor-element elementor-element-caa9d8c elementor-widget elementor-widget-text-editor\" data-id=\"caa9d8c\" data-element_type=\"widget\" data-widget_type=\"text-editor.default\">\n\t\t\t\t<div class=\"elementor-widget-container\">\n\t\t\t\t\t\t\t<p><strong>Gabriela Rivera Lucero.<\/strong><br \/>Artista visual y foto\u0301grafa chilena, activista feminista y madre migrante que vive en la Espan\u0303a rural. Estudiante de doctorado en Arte: produccio\u0301n e investigacio\u0301n; Ma\u0301ster en Produccio\u0301n Arti\u0301stica (2022); Ma\u0301ster en Fotografi\u0301a (2021), Universitat Polite\u0300cnica de Vale\u0300ncia, Espan\u0303a; y Licenciada en Artes Visuales, Universidad de Chile. Desarrolla proyectos desde un enfoque cri\u0301tico, decolonial y autobiogra\u0301fico, investigando temas como; feminismos, maternidad, cuidado, migracio\u0301n, violencia, duelo y lo abyecto. Su obra se desarrolla en la encrucijada de la fotografi\u0301a, la performance y el oficio e imaginario de la costura. Participa y es cofundadora de varias organizaciones de arte, fotografi\u0301a y activismo como Escuela de Arte Feminista (Chile) y Alma\u0301ciga (Espan\u0303a). Su obra ha sido publicada y expuesta en galeri\u0301as y museos de Chile, Argentina, Brasil, Canada\u0301 y Espan\u0303a. Ha recibido diversas becas y premios en Chile y Espan\u0303a, entre ellos Fondart, otorgado por el Ministerio de las Culturas, las Artes y el Patrimonio de Chile en 10 ocasiones; Residente Cultura del Consorcio de Museos de la Comunidad Valenciana (2023 y 2021), Seleccio\u0301n Oficial Fotolimo (Catalun\u0303a, Espan\u0303a, 2021), CMCAcasa Online Cultura del Consorcio de Museos de la Comunidad Valenciana (2023 y 2020), 1er Lugar Portafolio Festival Internacional Photoalicante (2019, Espan\u0303a) ), Premio BFOTO Festival Emergentes (2019, Espan\u0303a) y Premio y Mencio\u0301n de Honor en el Concurso de Arte Joven, Chile, an\u0303os 2006 y 2010. Ha realizado residencias en Espacio de Encuentros Rurales La Surera, Espan\u0303a (2023), Konvent Zero, Espan\u0303a (2020) y Centro de la Imagen, Peru\u0301 (2016).<\/p>\t\t\t\t\t\t<\/div>\n\t\t\t\t<\/div>\n\t\t\t\t\t<\/div>\n\t\t<\/div>\n\t\t\t\t<div class=\"elementor-column elementor-col-33 elementor-top-column elementor-element elementor-element-d8c1681\" data-id=\"d8c1681\" data-element_type=\"column\">\n\t\t\t<div class=\"elementor-widget-wrap\">\n\t\t\t\t\t\t\t\t\t<\/div>\n\t\t<\/div>\n\t\t\t\t\t\t\t<\/div>\n\t\t<\/section>\n\t\t\t\t<section class=\"elementor-section elementor-top-section elementor-element elementor-element-2e1141f elementor-section-boxed elementor-section-height-default elementor-section-height-default\" data-id=\"2e1141f\" data-element_type=\"section\">\n\t\t\t\t\t\t<div class=\"elementor-container elementor-column-gap-default\">\n\t\t\t\t\t<div class=\"elementor-column elementor-col-66 elementor-top-column elementor-element elementor-element-c2a22fc\" data-id=\"c2a22fc\" data-element_type=\"column\">\n\t\t\t<div class=\"elementor-widget-wrap elementor-element-populated\">\n\t\t\t\t\t\t\t\t<div class=\"elementor-element elementor-element-992c41b elementor-widget elementor-widget-text-editor\" data-id=\"992c41b\" data-element_type=\"widget\" data-widget_type=\"text-editor.default\">\n\t\t\t\t<div class=\"elementor-widget-container\">\n\t\t\t\t\t\t\t<p><strong>Salvador Ernesto Troncoso Curivil.<\/strong><br \/>Licenciado y Disen\u0303ador en Comunicacio\u0301n Visual por la Universidad Tecnol\u00f3gica Metropolitana (Chile). Ma\u0301ster Oficial Interuniversitario en Gestio\u0301n Cultural por la Universitat de Vale\u0300ncia. Doctorando en Industrias de la Comunicaci\u00f3n y Culturales por la Universitat Polit\u00e8cnica de Val\u00e8ncia. Ha realizado, organizado y colaborado en encuentros de poesi\u0301a contempora\u0301nea en Chile en: Fundacio\u0301n Salvador Allende y Fundacio\u0301n Pablo Neruda. Ha organizado las jornadas de Poesi\u0301a en la UPV, PAC Universitat Polite\u0300cnica de Vale\u0300ncia, Valencia, Espan\u0303a. Poeta participante del IX Vociferio, Festival de poesi\u0301a de Valencia. Becario programa MERIDIES de Cooperacio\u0301n al Desarrollo de la Universitat Polite\u0300cnica de Vale\u0300ncia, Centro Cultural de Espan\u0303a en Lima, Peru\u0301. Premio FONDART Beca Chile Crea. Actualemnete es gestor cultural en Alm\u00e1ciga.<\/p><p>\u00a0<\/p>\t\t\t\t\t\t<\/div>\n\t\t\t\t<\/div>\n\t\t\t\t\t<\/div>\n\t\t<\/div>\n\t\t\t\t<div class=\"elementor-column elementor-col-33 elementor-top-column elementor-element elementor-element-c67db9d\" data-id=\"c67db9d\" data-element_type=\"column\">\n\t\t\t<div class=\"elementor-widget-wrap\">\n\t\t\t\t\t\t\t\t\t<\/div>\n\t\t<\/div>\n\t\t\t\t\t\t\t<\/div>\n\t\t<\/section>\n\t\t\t\t<section class=\"elementor-section elementor-top-section elementor-element elementor-element-ef522df elementor-section-boxed elementor-section-height-default elementor-section-height-default\" data-id=\"ef522df\" data-element_type=\"section\">\n\t\t\t\t\t\t<div class=\"elementor-container elementor-column-gap-default\">\n\t\t\t\t\t<div class=\"elementor-column elementor-col-66 elementor-top-column elementor-element elementor-element-09f0463\" data-id=\"09f0463\" data-element_type=\"column\">\n\t\t\t<div class=\"elementor-widget-wrap elementor-element-populated\">\n\t\t\t\t\t\t\t\t<div class=\"elementor-element elementor-element-9399221 elementor-widget elementor-widget-text-editor\" data-id=\"9399221\" data-element_type=\"widget\" data-widget_type=\"text-editor.default\">\n\t\t\t\t<div class=\"elementor-widget-container\">\n\t\t\t\t\t\t\t<p>Contacto: almacigasociocultural@gmail.com<\/p>\t\t\t\t\t\t<\/div>\n\t\t\t\t<\/div>\n\t\t\t\t\t<\/div>\n\t\t<\/div>\n\t\t\t\t<div class=\"elementor-column elementor-col-33 elementor-top-column elementor-element elementor-element-0d2c4d8\" data-id=\"0d2c4d8\" data-element_type=\"column\">\n\t\t\t<div class=\"elementor-widget-wrap\">\n\t\t\t\t\t\t\t\t\t<\/div>\n\t\t<\/div>\n\t\t\t\t\t\t\t<\/div>\n\t\t<\/section>\n\t\t\t\t\t\t\t<\/div>\n\t\t","protected":false},"excerpt":{"rendered":"<p>Alma\u0301ciga. Innovaci\u00f3n sociocultural. Es una asociacio\u0301n cultural, fundada en el a\u00f1o 2021 por un equipo de creativas, artistas y gestoras culturales internacionales. Desarrolla sus actividades principalmente en territorio rural, desde el pueblo de Cinctorres, comarca de Els Ports en la provincia de Castello\u0301n, y Olocau, comarca Camp de Turia, Val\u00e8ncia. Alm\u00e1ciga trabaja en las intersecciones &hellip; <\/p>\n<p class=\"link-more\"><a href=\"https:\/\/almacigasociocultural.org\/index.php\/quienes-somos\/\" class=\"more-link\">Read more<span class=\"screen-reader-text\"> &#8220;QUIENES SOMOS&#8221;<\/span><\/a><\/p>\n","protected":false},"author":1,"featured_media":0,"parent":0,"menu_order":0,"comment_status":"closed","ping_status":"closed","template":"","meta":{"_uag_custom_page_level_css":""},"uagb_featured_image_src":{"full":false,"thumbnail":false,"medium":false,"medium_large":false,"large":false,"1536x1536":false,"2048x2048":false,"inspiro-featured-image":false,"inspiro-loop":false,"inspiro-loop@2x":false},"uagb_author_info":{"display_name":"curivil","author_link":false},"uagb_comment_info":0,"uagb_excerpt":"Alma\u0301ciga. Innovaci\u00f3n sociocultural. Es una asociacio\u0301n cultural, fundada en el a\u00f1o 2021 por un equipo de creativas, artistas y gestoras culturales internacionales. Desarrolla sus actividades principalmente en territorio rural, desde el pueblo de Cinctorres, comarca de Els Ports en la provincia de Castello\u0301n, y Olocau, comarca Camp de Turia, Val\u00e8ncia. Alm\u00e1ciga trabaja en las intersecciones&hellip;","_links":{"self":[{"href":"https:\/\/almacigasociocultural.org\/index.php\/wp-json\/wp\/v2\/pages\/2208"}],"collection":[{"href":"https:\/\/almacigasociocultural.org\/index.php\/wp-json\/wp\/v2\/pages"}],"about":[{"href":"https:\/\/almacigasociocultural.org\/index.php\/wp-json\/wp\/v2\/types\/page"}],"author":[{"embeddable":true,"href":"https:\/\/almacigasociocultural.org\/index.php\/wp-json\/wp\/v2\/users\/1"}],"replies":[{"embeddable":true,"href":"https:\/\/almacigasociocultural.org\/index.php\/wp-json\/wp\/v2\/comments?post=2208"}],"version-history":[{"count":122,"href":"https:\/\/almacigasociocultural.org\/index.php\/wp-json\/wp\/v2\/pages\/2208\/revisions"}],"predecessor-version":[{"id":3849,"href":"https:\/\/almacigasociocultural.org\/index.php\/wp-json\/wp\/v2\/pages\/2208\/revisions\/3849"}],"wp:attachment":[{"href":"https:\/\/almacigasociocultural.org\/index.php\/wp-json\/wp\/v2\/media?parent=2208"}],"curies":[{"name":"wp","href":"https:\/\/api.w.org\/{rel}","templated":true}]}}