{"id":2339,"date":"2024-02-23T10:07:37","date_gmt":"2024-02-23T10:07:37","guid":{"rendered":"https:\/\/almacigasociocultural.org\/?page_id=2339"},"modified":"2026-03-22T18:56:39","modified_gmt":"2026-03-22T18:56:39","slug":"art-y-creativitat","status":"publish","type":"page","link":"https:\/\/almacigasociocultural.org\/index.php\/art-y-creativitat\/","title":{"rendered":"Arte y Creatividad"},"content":{"rendered":"\t\t<div data-elementor-type=\"wp-page\" data-elementor-id=\"2339\" class=\"elementor elementor-2339\">\n\t\t\t\t\t\t\t\t\t<section class=\"elementor-section elementor-top-section elementor-element elementor-element-7f68506 elementor-section-boxed elementor-section-height-default elementor-section-height-default\" data-id=\"7f68506\" data-element_type=\"section\">\n\t\t\t\t\t\t<div class=\"elementor-container elementor-column-gap-default\">\n\t\t\t\t\t<div class=\"elementor-column elementor-col-50 elementor-top-column elementor-element elementor-element-d71ed4b\" data-id=\"d71ed4b\" data-element_type=\"column\">\n\t\t\t<div class=\"elementor-widget-wrap elementor-element-populated\">\n\t\t\t\t\t\t\t\t<div class=\"elementor-element elementor-element-cad0719 elementor-arrows-position-inside elementor-widget elementor-widget-image-carousel\" data-id=\"cad0719\" data-element_type=\"widget\" data-settings=\"{&quot;slides_to_show&quot;:&quot;1&quot;,&quot;navigation&quot;:&quot;arrows&quot;,&quot;autoplay&quot;:&quot;yes&quot;,&quot;pause_on_hover&quot;:&quot;yes&quot;,&quot;pause_on_interaction&quot;:&quot;yes&quot;,&quot;autoplay_speed&quot;:5000,&quot;infinite&quot;:&quot;yes&quot;,&quot;effect&quot;:&quot;slide&quot;,&quot;speed&quot;:500}\" data-widget_type=\"image-carousel.default\">\n\t\t\t\t<div class=\"elementor-widget-container\">\n\t\t\t<style>\/*! elementor - v3.12.2 - 23-04-2023 *\/\n.elementor-widget-image-carousel .swiper,.elementor-widget-image-carousel .swiper-container{position:static}.elementor-widget-image-carousel .swiper-container .swiper-slide figure,.elementor-widget-image-carousel .swiper .swiper-slide figure{line-height:inherit}.elementor-widget-image-carousel .swiper-slide{text-align:center}.elementor-image-carousel-wrapper:not(.swiper-container-initialized) .swiper-slide,.elementor-image-carousel-wrapper:not(.swiper-initialized) .swiper-slide{max-width:calc(100% \/ var(--e-image-carousel-slides-to-show, 3))}<\/style>\t\t<div class=\"elementor-image-carousel-wrapper swiper\" dir=\"ltr\">\n\t\t\t<div class=\"elementor-image-carousel swiper-wrapper\">\n\t\t\t\t\t\t\t\t<div class=\"swiper-slide\"><figure class=\"swiper-slide-inner\"><img decoding=\"async\" class=\"swiper-slide-image\" src=\"https:\/\/almacigasociocultural.org\/wp-content\/uploads\/2024\/03\/Cartel-01-4x5-1.jpg\" alt=\"Cartel 01 4x5\" \/><\/figure><\/div><div class=\"swiper-slide\"><figure class=\"swiper-slide-inner\"><img decoding=\"async\" class=\"swiper-slide-image\" src=\"https:\/\/almacigasociocultural.org\/wp-content\/uploads\/2024\/03\/Cartel-02-4x5-1.jpg\" alt=\"Cartel 02 4x5\" \/><\/figure><\/div><div class=\"swiper-slide\"><figure class=\"swiper-slide-inner\"><img decoding=\"async\" class=\"swiper-slide-image\" src=\"https:\/\/almacigasociocultural.org\/wp-content\/uploads\/2024\/03\/Cartel-03-4x5-1.jpg\" alt=\"Cartel 03 4x5\" \/><\/figure><\/div>\t\t\t<\/div>\n\t\t\t\t\t\t\t\t\t\t\t\t\t\t\t\t<div class=\"elementor-swiper-button elementor-swiper-button-prev\">\n\t\t\t\t\t\t<i aria-hidden=\"true\" class=\"eicon-chevron-left\"><\/i>\t\t\t\t\t\t<span class=\"elementor-screen-only\">Previous<\/span>\n\t\t\t\t\t<\/div>\n\t\t\t\t\t<div class=\"elementor-swiper-button elementor-swiper-button-next\">\n\t\t\t\t\t\t<i aria-hidden=\"true\" class=\"eicon-chevron-right\"><\/i>\t\t\t\t\t\t<span class=\"elementor-screen-only\">Next<\/span>\n\t\t\t\t\t<\/div>\n\t\t\t\t\t\t\t\t\t<\/div>\n\t\t\t\t<\/div>\n\t\t\t\t<\/div>\n\t\t\t\t\t<\/div>\n\t\t<\/div>\n\t\t\t\t<div class=\"elementor-column elementor-col-50 elementor-top-column elementor-element elementor-element-47f1b11\" data-id=\"47f1b11\" data-element_type=\"column\">\n\t\t\t<div class=\"elementor-widget-wrap elementor-element-populated\">\n\t\t\t\t\t\t\t\t<div class=\"elementor-element elementor-element-82ccb5f elementor-widget elementor-widget-text-editor\" data-id=\"82ccb5f\" data-element_type=\"widget\" data-widget_type=\"text-editor.default\">\n\t\t\t\t<div class=\"elementor-widget-container\">\n\t\t\t<style>\/*! elementor - v3.12.2 - 23-04-2023 *\/\n.elementor-widget-text-editor.elementor-drop-cap-view-stacked .elementor-drop-cap{background-color:#69727d;color:#fff}.elementor-widget-text-editor.elementor-drop-cap-view-framed .elementor-drop-cap{color:#69727d;border:3px solid;background-color:transparent}.elementor-widget-text-editor:not(.elementor-drop-cap-view-default) .elementor-drop-cap{margin-top:8px}.elementor-widget-text-editor:not(.elementor-drop-cap-view-default) .elementor-drop-cap-letter{width:1em;height:1em}.elementor-widget-text-editor .elementor-drop-cap{float:left;text-align:center;line-height:1;font-size:50px}.elementor-widget-text-editor .elementor-drop-cap-letter{display:inline-block}<\/style>\t\t\t\t<p>El <strong>Taller de arte y creatividad<\/strong> est\u00e1 dirigido a ni\u00f1as\/os de educaci\u00f3n infantil, y busca potenciar la creatividad por medio del desarrollo de actividades l\u00fadicas de artes visuales y literatura. El Taller se propone estimular los imaginarios mediante la lectura de textos literarios como: poemas, leyendas o cuentos breves de autores locales y latinoamericanos, para posteriormente expresar las ideas fuerza extra\u00eddas e interpretadas por las\/os ni\u00f1as\/os en el dibujo y con el color. Se facilitan las herramientas necesarias para el uso y pr\u00e1ctica del color pigmento y el volumen.<\/p><p>El Taller forma contenidos transversales de educaci\u00f3n y cultura por medio de la expresi\u00f3n art\u00edstica. Y facilita el aumento de capital socio-cultural a trav\u00e9s de: establecer relaciones interculturales, valorar los espacios comunitarios, potenciar el trabajo colectivo y el manejo de expresiones art\u00edsticas, posibilitando que las\/os ni\u00f1as\/os obtengan habilidades que les permita enfrentar y solucionar problem\u00e1ticas cotidianas por medio de la creatividad.<\/p>\t\t\t\t\t\t<\/div>\n\t\t\t\t<\/div>\n\t\t\t\t\t<\/div>\n\t\t<\/div>\n\t\t\t\t\t\t\t<\/div>\n\t\t<\/section>\n\t\t\t\t<section class=\"elementor-section elementor-top-section elementor-element elementor-element-1b092d9 elementor-section-boxed elementor-section-height-default elementor-section-height-default\" data-id=\"1b092d9\" data-element_type=\"section\">\n\t\t\t\t\t\t<div class=\"elementor-container elementor-column-gap-default\">\n\t\t\t\t\t<div class=\"elementor-column elementor-col-100 elementor-top-column elementor-element elementor-element-7ea057f\" data-id=\"7ea057f\" data-element_type=\"column\">\n\t\t\t<div class=\"elementor-widget-wrap elementor-element-populated\">\n\t\t\t\t\t\t\t\t<div class=\"elementor-element elementor-element-b481604 elementor-widget elementor-widget-text-editor\" data-id=\"b481604\" data-element_type=\"widget\" data-widget_type=\"text-editor.default\">\n\t\t\t\t<div class=\"elementor-widget-container\">\n\t\t\t\t\t\t\t<h3>Autoretrato<\/h3>\t\t\t\t\t\t<\/div>\n\t\t\t\t<\/div>\n\t\t\t\t\t<\/div>\n\t\t<\/div>\n\t\t\t\t\t\t\t<\/div>\n\t\t<\/section>\n\t\t\t\t<section class=\"elementor-section elementor-top-section elementor-element elementor-element-3a3bde3 elementor-section-boxed elementor-section-height-default elementor-section-height-default\" data-id=\"3a3bde3\" data-element_type=\"section\">\n\t\t\t\t\t\t<div class=\"elementor-container elementor-column-gap-default\">\n\t\t\t\t\t<div class=\"elementor-column elementor-col-50 elementor-top-column elementor-element elementor-element-bbb8ab1\" data-id=\"bbb8ab1\" data-element_type=\"column\">\n\t\t\t<div class=\"elementor-widget-wrap elementor-element-populated\">\n\t\t\t\t\t\t\t\t<div class=\"elementor-element elementor-element-ea8d017 elementor-widget elementor-widget-image\" data-id=\"ea8d017\" data-element_type=\"widget\" data-widget_type=\"image.default\">\n\t\t\t\t<div class=\"elementor-widget-container\">\n\t\t\t<style>\/*! elementor - v3.12.2 - 23-04-2023 *\/\n.elementor-widget-image{text-align:center}.elementor-widget-image a{display:inline-block}.elementor-widget-image a img[src$=\".svg\"]{width:48px}.elementor-widget-image img{vertical-align:middle;display:inline-block}<\/style>\t\t\t\t\t\t\t\t\t\t\t\t<img decoding=\"async\" width=\"600\" height=\"400\" src=\"https:\/\/almacigasociocultural.org\/wp-content\/uploads\/2024\/03\/Mascara-Transparente-Dibujo-02-6x4-1.jpg\" class=\"attachment-large size-large wp-image-2516\" alt=\"\" loading=\"lazy\" srcset=\"https:\/\/almacigasociocultural.org\/wp-content\/uploads\/2024\/03\/Mascara-Transparente-Dibujo-02-6x4-1.jpg 600w, https:\/\/almacigasociocultural.org\/wp-content\/uploads\/2024\/03\/Mascara-Transparente-Dibujo-02-6x4-1-300x200.jpg 300w\" sizes=\"100vw\" \/>\t\t\t\t\t\t\t\t\t\t\t\t\t\t\t<\/div>\n\t\t\t\t<\/div>\n\t\t\t\t\t<\/div>\n\t\t<\/div>\n\t\t\t\t<div class=\"elementor-column elementor-col-50 elementor-top-column elementor-element elementor-element-511008f\" data-id=\"511008f\" data-element_type=\"column\">\n\t\t\t<div class=\"elementor-widget-wrap elementor-element-populated\">\n\t\t\t\t\t\t\t\t<div class=\"elementor-element elementor-element-063f701 elementor-widget elementor-widget-image\" data-id=\"063f701\" data-element_type=\"widget\" data-widget_type=\"image.default\">\n\t\t\t\t<div class=\"elementor-widget-container\">\n\t\t\t\t\t\t\t\t\t\t\t\t\t\t\t<img decoding=\"async\" width=\"600\" height=\"400\" src=\"https:\/\/almacigasociocultural.org\/wp-content\/uploads\/2024\/03\/Mascara-Transparente-pintura-03-6x4-1.jpg\" class=\"attachment-large size-large wp-image-2532\" alt=\"\" loading=\"lazy\" srcset=\"https:\/\/almacigasociocultural.org\/wp-content\/uploads\/2024\/03\/Mascara-Transparente-pintura-03-6x4-1.jpg 600w, https:\/\/almacigasociocultural.org\/wp-content\/uploads\/2024\/03\/Mascara-Transparente-pintura-03-6x4-1-300x200.jpg 300w\" sizes=\"100vw\" \/>\t\t\t\t\t\t\t\t\t\t\t\t\t\t\t<\/div>\n\t\t\t\t<\/div>\n\t\t\t\t\t<\/div>\n\t\t<\/div>\n\t\t\t\t\t\t\t<\/div>\n\t\t<\/section>\n\t\t\t\t<section class=\"elementor-section elementor-top-section elementor-element elementor-element-59f39a4 elementor-section-boxed elementor-section-height-default elementor-section-height-default\" data-id=\"59f39a4\" data-element_type=\"section\">\n\t\t\t\t\t\t<div class=\"elementor-container elementor-column-gap-default\">\n\t\t\t\t\t<div class=\"elementor-column elementor-col-100 elementor-top-column elementor-element elementor-element-8d20f08\" data-id=\"8d20f08\" data-element_type=\"column\">\n\t\t\t<div class=\"elementor-widget-wrap elementor-element-populated\">\n\t\t\t\t\t\t\t\t<div class=\"elementor-element elementor-element-d1ea7d8 elementor-widget elementor-widget-text-editor\" data-id=\"d1ea7d8\" data-element_type=\"widget\" data-widget_type=\"text-editor.default\">\n\t\t\t\t<div class=\"elementor-widget-container\">\n\t\t\t\t\t\t\t<h3>Dibujo y pintura de bodeg\u00f3n con colores primarios<\/h3>\t\t\t\t\t\t<\/div>\n\t\t\t\t<\/div>\n\t\t\t\t\t<\/div>\n\t\t<\/div>\n\t\t\t\t\t\t\t<\/div>\n\t\t<\/section>\n\t\t\t\t<section class=\"elementor-section elementor-top-section elementor-element elementor-element-a7dc944 elementor-section-boxed elementor-section-height-default elementor-section-height-default\" data-id=\"a7dc944\" data-element_type=\"section\">\n\t\t\t\t\t\t<div class=\"elementor-container elementor-column-gap-default\">\n\t\t\t\t\t<div class=\"elementor-column elementor-col-50 elementor-top-column elementor-element elementor-element-8817dce\" data-id=\"8817dce\" data-element_type=\"column\">\n\t\t\t<div class=\"elementor-widget-wrap elementor-element-populated\">\n\t\t\t\t\t\t\t\t<div class=\"elementor-element elementor-element-92e5b5a elementor-widget elementor-widget-image\" data-id=\"92e5b5a\" data-element_type=\"widget\" data-widget_type=\"image.default\">\n\t\t\t\t<div class=\"elementor-widget-container\">\n\t\t\t\t\t\t\t\t\t\t\t\t\t\t\t<img decoding=\"async\" width=\"600\" height=\"400\" src=\"https:\/\/almacigasociocultural.org\/wp-content\/uploads\/2024\/03\/Bodego-Amarillo-01-6x4-1.jpg\" class=\"attachment-large size-large wp-image-2517\" alt=\"\" loading=\"lazy\" srcset=\"https:\/\/almacigasociocultural.org\/wp-content\/uploads\/2024\/03\/Bodego-Amarillo-01-6x4-1.jpg 600w, https:\/\/almacigasociocultural.org\/wp-content\/uploads\/2024\/03\/Bodego-Amarillo-01-6x4-1-300x200.jpg 300w\" sizes=\"100vw\" \/>\t\t\t\t\t\t\t\t\t\t\t\t\t\t\t<\/div>\n\t\t\t\t<\/div>\n\t\t\t\t\t<\/div>\n\t\t<\/div>\n\t\t\t\t<div class=\"elementor-column elementor-col-50 elementor-top-column elementor-element elementor-element-c75759e\" data-id=\"c75759e\" data-element_type=\"column\">\n\t\t\t<div class=\"elementor-widget-wrap elementor-element-populated\">\n\t\t\t\t\t\t\t\t<div class=\"elementor-element elementor-element-687f388 elementor-widget elementor-widget-image\" data-id=\"687f388\" data-element_type=\"widget\" data-widget_type=\"image.default\">\n\t\t\t\t<div class=\"elementor-widget-container\">\n\t\t\t\t\t\t\t\t\t\t\t\t\t\t\t<img decoding=\"async\" width=\"600\" height=\"400\" src=\"https:\/\/almacigasociocultural.org\/wp-content\/uploads\/2024\/03\/Bodego-Amarillo-02-6x4-1.jpg\" class=\"attachment-large size-large wp-image-2518\" alt=\"\" loading=\"lazy\" srcset=\"https:\/\/almacigasociocultural.org\/wp-content\/uploads\/2024\/03\/Bodego-Amarillo-02-6x4-1.jpg 600w, https:\/\/almacigasociocultural.org\/wp-content\/uploads\/2024\/03\/Bodego-Amarillo-02-6x4-1-300x200.jpg 300w\" sizes=\"100vw\" \/>\t\t\t\t\t\t\t\t\t\t\t\t\t\t\t<\/div>\n\t\t\t\t<\/div>\n\t\t\t\t\t<\/div>\n\t\t<\/div>\n\t\t\t\t\t\t\t<\/div>\n\t\t<\/section>\n\t\t\t\t<section class=\"elementor-section elementor-top-section elementor-element elementor-element-4720bf7 elementor-section-boxed elementor-section-height-default elementor-section-height-default\" data-id=\"4720bf7\" data-element_type=\"section\">\n\t\t\t\t\t\t<div class=\"elementor-container elementor-column-gap-default\">\n\t\t\t\t\t<div class=\"elementor-column elementor-col-100 elementor-top-column elementor-element elementor-element-3ceac1d\" data-id=\"3ceac1d\" data-element_type=\"column\">\n\t\t\t<div class=\"elementor-widget-wrap elementor-element-populated\">\n\t\t\t\t\t\t\t\t<div class=\"elementor-element elementor-element-f6c81e6 elementor-widget elementor-widget-text-editor\" data-id=\"f6c81e6\" data-element_type=\"widget\" data-widget_type=\"text-editor.default\">\n\t\t\t\t<div class=\"elementor-widget-container\">\n\t\t\t\t\t\t\t<h3>M\u00e1scaras<\/h3>\t\t\t\t\t\t<\/div>\n\t\t\t\t<\/div>\n\t\t\t\t\t<\/div>\n\t\t<\/div>\n\t\t\t\t\t\t\t<\/div>\n\t\t<\/section>\n\t\t\t\t<section class=\"elementor-section elementor-top-section elementor-element elementor-element-1f72bac elementor-section-boxed elementor-section-height-default elementor-section-height-default\" data-id=\"1f72bac\" data-element_type=\"section\">\n\t\t\t\t\t\t<div class=\"elementor-container elementor-column-gap-default\">\n\t\t\t\t\t<div class=\"elementor-column elementor-col-50 elementor-top-column elementor-element elementor-element-5e51727\" data-id=\"5e51727\" data-element_type=\"column\">\n\t\t\t<div class=\"elementor-widget-wrap elementor-element-populated\">\n\t\t\t\t\t\t\t\t<div class=\"elementor-element elementor-element-afc0dbb elementor-widget elementor-widget-image\" data-id=\"afc0dbb\" data-element_type=\"widget\" data-widget_type=\"image.default\">\n\t\t\t\t<div class=\"elementor-widget-container\">\n\t\t\t\t\t\t\t\t\t\t\t\t\t\t\t<img decoding=\"async\" width=\"400\" height=\"600\" src=\"https:\/\/almacigasociocultural.org\/wp-content\/uploads\/2024\/03\/Mascara-02-4x6-1.jpg\" class=\"attachment-large size-large wp-image-2520\" alt=\"\" loading=\"lazy\" srcset=\"https:\/\/almacigasociocultural.org\/wp-content\/uploads\/2024\/03\/Mascara-02-4x6-1.jpg 400w, https:\/\/almacigasociocultural.org\/wp-content\/uploads\/2024\/03\/Mascara-02-4x6-1-200x300.jpg 200w\" sizes=\"100vw\" \/>\t\t\t\t\t\t\t\t\t\t\t\t\t\t\t<\/div>\n\t\t\t\t<\/div>\n\t\t\t\t\t<\/div>\n\t\t<\/div>\n\t\t\t\t<div class=\"elementor-column elementor-col-50 elementor-top-column elementor-element elementor-element-f90f59f\" data-id=\"f90f59f\" data-element_type=\"column\">\n\t\t\t<div class=\"elementor-widget-wrap elementor-element-populated\">\n\t\t\t\t\t\t\t\t<div class=\"elementor-element elementor-element-99639a9 elementor-widget elementor-widget-image\" data-id=\"99639a9\" data-element_type=\"widget\" data-widget_type=\"image.default\">\n\t\t\t\t<div class=\"elementor-widget-container\">\n\t\t\t\t\t\t\t\t\t\t\t\t\t\t\t<img decoding=\"async\" width=\"400\" height=\"600\" src=\"https:\/\/almacigasociocultural.org\/wp-content\/uploads\/2024\/03\/Mascara-03-4x6-1.jpg\" class=\"attachment-large size-large wp-image-2521\" alt=\"\" loading=\"lazy\" srcset=\"https:\/\/almacigasociocultural.org\/wp-content\/uploads\/2024\/03\/Mascara-03-4x6-1.jpg 400w, https:\/\/almacigasociocultural.org\/wp-content\/uploads\/2024\/03\/Mascara-03-4x6-1-200x300.jpg 200w\" sizes=\"100vw\" \/>\t\t\t\t\t\t\t\t\t\t\t\t\t\t\t<\/div>\n\t\t\t\t<\/div>\n\t\t\t\t\t<\/div>\n\t\t<\/div>\n\t\t\t\t\t\t\t<\/div>\n\t\t<\/section>\n\t\t\t\t<section class=\"elementor-section elementor-top-section elementor-element elementor-element-c391416 elementor-section-boxed elementor-section-height-default elementor-section-height-default\" data-id=\"c391416\" data-element_type=\"section\">\n\t\t\t\t\t\t<div class=\"elementor-container elementor-column-gap-default\">\n\t\t\t\t\t<div class=\"elementor-column elementor-col-50 elementor-top-column elementor-element elementor-element-d363e21\" data-id=\"d363e21\" data-element_type=\"column\">\n\t\t\t<div class=\"elementor-widget-wrap elementor-element-populated\">\n\t\t\t\t\t\t\t\t<div class=\"elementor-element elementor-element-ac0efd0 elementor-widget elementor-widget-image\" data-id=\"ac0efd0\" data-element_type=\"widget\" data-widget_type=\"image.default\">\n\t\t\t\t<div class=\"elementor-widget-container\">\n\t\t\t\t\t\t\t\t\t\t\t\t\t\t\t<img decoding=\"async\" width=\"400\" height=\"600\" src=\"https:\/\/almacigasociocultural.org\/wp-content\/uploads\/2024\/03\/Mascara-04-6x4-1.jpg\" class=\"attachment-large size-large wp-image-2522\" alt=\"\" loading=\"lazy\" srcset=\"https:\/\/almacigasociocultural.org\/wp-content\/uploads\/2024\/03\/Mascara-04-6x4-1.jpg 400w, https:\/\/almacigasociocultural.org\/wp-content\/uploads\/2024\/03\/Mascara-04-6x4-1-200x300.jpg 200w\" sizes=\"100vw\" \/>\t\t\t\t\t\t\t\t\t\t\t\t\t\t\t<\/div>\n\t\t\t\t<\/div>\n\t\t\t\t\t<\/div>\n\t\t<\/div>\n\t\t\t\t<div class=\"elementor-column elementor-col-50 elementor-top-column elementor-element elementor-element-df247c0\" data-id=\"df247c0\" data-element_type=\"column\">\n\t\t\t<div class=\"elementor-widget-wrap elementor-element-populated\">\n\t\t\t\t\t\t\t\t<div class=\"elementor-element elementor-element-c13087e elementor-widget elementor-widget-image\" data-id=\"c13087e\" data-element_type=\"widget\" data-widget_type=\"image.default\">\n\t\t\t\t<div class=\"elementor-widget-container\">\n\t\t\t\t\t\t\t\t\t\t\t\t\t\t\t<img decoding=\"async\" width=\"400\" height=\"600\" src=\"https:\/\/almacigasociocultural.org\/wp-content\/uploads\/2024\/03\/Mascara-01-4x6-1.jpg\" class=\"attachment-large size-large wp-image-2519\" alt=\"\" loading=\"lazy\" srcset=\"https:\/\/almacigasociocultural.org\/wp-content\/uploads\/2024\/03\/Mascara-01-4x6-1.jpg 400w, https:\/\/almacigasociocultural.org\/wp-content\/uploads\/2024\/03\/Mascara-01-4x6-1-200x300.jpg 200w\" sizes=\"100vw\" \/>\t\t\t\t\t\t\t\t\t\t\t\t\t\t\t<\/div>\n\t\t\t\t<\/div>\n\t\t\t\t\t<\/div>\n\t\t<\/div>\n\t\t\t\t\t\t\t<\/div>\n\t\t<\/section>\n\t\t\t\t<section class=\"elementor-section elementor-top-section elementor-element elementor-element-490cd6f elementor-section-boxed elementor-section-height-default elementor-section-height-default\" data-id=\"490cd6f\" data-element_type=\"section\">\n\t\t\t\t\t\t<div class=\"elementor-container elementor-column-gap-default\">\n\t\t\t\t\t<div class=\"elementor-column elementor-col-100 elementor-top-column elementor-element elementor-element-aad5e36\" data-id=\"aad5e36\" data-element_type=\"column\">\n\t\t\t<div class=\"elementor-widget-wrap elementor-element-populated\">\n\t\t\t\t\t\t\t\t<div class=\"elementor-element elementor-element-e3eb47c elementor-widget elementor-widget-text-editor\" data-id=\"e3eb47c\" data-element_type=\"widget\" data-widget_type=\"text-editor.default\">\n\t\t\t\t<div class=\"elementor-widget-container\">\n\t\t\t\t\t\t\t<h3>Exposici\u00f3n de obras<\/h3>\t\t\t\t\t\t<\/div>\n\t\t\t\t<\/div>\n\t\t\t\t\t<\/div>\n\t\t<\/div>\n\t\t\t\t\t\t\t<\/div>\n\t\t<\/section>\n\t\t\t\t<section class=\"elementor-section elementor-top-section elementor-element elementor-element-79fbb9b elementor-section-boxed elementor-section-height-default elementor-section-height-default\" data-id=\"79fbb9b\" data-element_type=\"section\">\n\t\t\t\t\t\t<div class=\"elementor-container elementor-column-gap-default\">\n\t\t\t\t\t<div class=\"elementor-column elementor-col-50 elementor-top-column elementor-element elementor-element-1e49fba\" data-id=\"1e49fba\" data-element_type=\"column\">\n\t\t\t<div class=\"elementor-widget-wrap elementor-element-populated\">\n\t\t\t\t\t\t\t\t<div class=\"elementor-element elementor-element-26f9892 elementor-widget elementor-widget-image\" data-id=\"26f9892\" data-element_type=\"widget\" data-widget_type=\"image.default\">\n\t\t\t\t<div class=\"elementor-widget-container\">\n\t\t\t\t\t\t\t\t\t\t\t\t\t\t\t<img decoding=\"async\" width=\"600\" height=\"400\" src=\"https:\/\/almacigasociocultural.org\/wp-content\/uploads\/2024\/03\/Expo-Of-Turismo-02-6x4-1.jpg\" class=\"attachment-large size-large wp-image-2524\" alt=\"\" loading=\"lazy\" srcset=\"https:\/\/almacigasociocultural.org\/wp-content\/uploads\/2024\/03\/Expo-Of-Turismo-02-6x4-1.jpg 600w, https:\/\/almacigasociocultural.org\/wp-content\/uploads\/2024\/03\/Expo-Of-Turismo-02-6x4-1-300x200.jpg 300w\" sizes=\"100vw\" \/>\t\t\t\t\t\t\t\t\t\t\t\t\t\t\t<\/div>\n\t\t\t\t<\/div>\n\t\t\t\t\t<\/div>\n\t\t<\/div>\n\t\t\t\t<div class=\"elementor-column elementor-col-50 elementor-top-column elementor-element elementor-element-82e82d1\" data-id=\"82e82d1\" data-element_type=\"column\">\n\t\t\t<div class=\"elementor-widget-wrap elementor-element-populated\">\n\t\t\t\t\t\t\t\t<div class=\"elementor-element elementor-element-5c42da5 elementor-widget elementor-widget-image\" data-id=\"5c42da5\" data-element_type=\"widget\" data-widget_type=\"image.default\">\n\t\t\t\t<div class=\"elementor-widget-container\">\n\t\t\t\t\t\t\t\t\t\t\t\t\t\t\t<img decoding=\"async\" width=\"600\" height=\"400\" src=\"https:\/\/almacigasociocultural.org\/wp-content\/uploads\/2024\/03\/Expo-Of-Turismo-01-6x4-1.jpg\" class=\"attachment-large size-large wp-image-2523\" alt=\"\" loading=\"lazy\" srcset=\"https:\/\/almacigasociocultural.org\/wp-content\/uploads\/2024\/03\/Expo-Of-Turismo-01-6x4-1.jpg 600w, https:\/\/almacigasociocultural.org\/wp-content\/uploads\/2024\/03\/Expo-Of-Turismo-01-6x4-1-300x200.jpg 300w\" sizes=\"100vw\" \/>\t\t\t\t\t\t\t\t\t\t\t\t\t\t\t<\/div>\n\t\t\t\t<\/div>\n\t\t\t\t\t<\/div>\n\t\t<\/div>\n\t\t\t\t\t\t\t<\/div>\n\t\t<\/section>\n\t\t\t\t<section class=\"elementor-section elementor-top-section elementor-element elementor-element-765d038 elementor-section-boxed elementor-section-height-default elementor-section-height-default\" data-id=\"765d038\" data-element_type=\"section\">\n\t\t\t\t\t\t<div class=\"elementor-container elementor-column-gap-default\">\n\t\t\t\t\t<div class=\"elementor-column elementor-col-50 elementor-top-column elementor-element elementor-element-6dee05e\" data-id=\"6dee05e\" data-element_type=\"column\">\n\t\t\t<div class=\"elementor-widget-wrap elementor-element-populated\">\n\t\t\t\t\t\t\t\t<div class=\"elementor-element elementor-element-4eeb9f5 elementor-widget elementor-widget-image\" data-id=\"4eeb9f5\" data-element_type=\"widget\" data-widget_type=\"image.default\">\n\t\t\t\t<div class=\"elementor-widget-container\">\n\t\t\t\t\t\t\t\t\t\t\t\t\t\t\t<img decoding=\"async\" width=\"600\" height=\"400\" src=\"https:\/\/almacigasociocultural.org\/wp-content\/uploads\/2024\/03\/Expo-Ayunt-03-6x4-1.jpg\" class=\"attachment-large size-large wp-image-2527\" alt=\"\" loading=\"lazy\" srcset=\"https:\/\/almacigasociocultural.org\/wp-content\/uploads\/2024\/03\/Expo-Ayunt-03-6x4-1.jpg 600w, https:\/\/almacigasociocultural.org\/wp-content\/uploads\/2024\/03\/Expo-Ayunt-03-6x4-1-300x200.jpg 300w\" sizes=\"100vw\" \/>\t\t\t\t\t\t\t\t\t\t\t\t\t\t\t<\/div>\n\t\t\t\t<\/div>\n\t\t\t\t\t<\/div>\n\t\t<\/div>\n\t\t\t\t<div class=\"elementor-column elementor-col-50 elementor-top-column elementor-element elementor-element-86b77e8\" data-id=\"86b77e8\" data-element_type=\"column\">\n\t\t\t<div class=\"elementor-widget-wrap elementor-element-populated\">\n\t\t\t\t\t\t\t\t<div class=\"elementor-element elementor-element-0c11d77 elementor-widget elementor-widget-image\" data-id=\"0c11d77\" data-element_type=\"widget\" data-widget_type=\"image.default\">\n\t\t\t\t<div class=\"elementor-widget-container\">\n\t\t\t\t\t\t\t\t\t\t\t\t\t\t\t<img decoding=\"async\" width=\"600\" height=\"400\" src=\"https:\/\/almacigasociocultural.org\/wp-content\/uploads\/2024\/03\/Expo-Ayunt-04-6x4-1.jpg\" class=\"attachment-large size-large wp-image-2528\" alt=\"\" loading=\"lazy\" srcset=\"https:\/\/almacigasociocultural.org\/wp-content\/uploads\/2024\/03\/Expo-Ayunt-04-6x4-1.jpg 600w, https:\/\/almacigasociocultural.org\/wp-content\/uploads\/2024\/03\/Expo-Ayunt-04-6x4-1-300x200.jpg 300w\" sizes=\"100vw\" \/>\t\t\t\t\t\t\t\t\t\t\t\t\t\t\t<\/div>\n\t\t\t\t<\/div>\n\t\t\t\t\t<\/div>\n\t\t<\/div>\n\t\t\t\t\t\t\t<\/div>\n\t\t<\/section>\n\t\t\t\t<section class=\"elementor-section elementor-top-section elementor-element elementor-element-26b8538 elementor-section-boxed elementor-section-height-default elementor-section-height-default\" data-id=\"26b8538\" data-element_type=\"section\">\n\t\t\t\t\t\t<div class=\"elementor-container elementor-column-gap-default\">\n\t\t\t\t\t<div class=\"elementor-column elementor-col-50 elementor-top-column elementor-element elementor-element-0194535\" data-id=\"0194535\" data-element_type=\"column\">\n\t\t\t<div class=\"elementor-widget-wrap elementor-element-populated\">\n\t\t\t\t\t\t\t\t<div class=\"elementor-element elementor-element-7273f6f elementor-widget elementor-widget-image\" data-id=\"7273f6f\" data-element_type=\"widget\" data-widget_type=\"image.default\">\n\t\t\t\t<div class=\"elementor-widget-container\">\n\t\t\t\t\t\t\t\t\t\t\t\t\t\t\t<img decoding=\"async\" width=\"600\" height=\"400\" src=\"https:\/\/almacigasociocultural.org\/wp-content\/uploads\/2024\/03\/Expo-Ayunt-02-6x4-1.jpg\" class=\"attachment-large size-large wp-image-2526\" alt=\"\" loading=\"lazy\" srcset=\"https:\/\/almacigasociocultural.org\/wp-content\/uploads\/2024\/03\/Expo-Ayunt-02-6x4-1.jpg 600w, https:\/\/almacigasociocultural.org\/wp-content\/uploads\/2024\/03\/Expo-Ayunt-02-6x4-1-300x200.jpg 300w\" sizes=\"100vw\" \/>\t\t\t\t\t\t\t\t\t\t\t\t\t\t\t<\/div>\n\t\t\t\t<\/div>\n\t\t\t\t\t<\/div>\n\t\t<\/div>\n\t\t\t\t<div class=\"elementor-column elementor-col-50 elementor-top-column elementor-element elementor-element-e63a31f\" data-id=\"e63a31f\" data-element_type=\"column\">\n\t\t\t<div class=\"elementor-widget-wrap elementor-element-populated\">\n\t\t\t\t\t\t\t\t<div class=\"elementor-element elementor-element-aacc31b elementor-widget elementor-widget-image\" data-id=\"aacc31b\" data-element_type=\"widget\" data-widget_type=\"image.default\">\n\t\t\t\t<div class=\"elementor-widget-container\">\n\t\t\t\t\t\t\t\t\t\t\t\t\t\t\t<img decoding=\"async\" width=\"600\" height=\"400\" src=\"https:\/\/almacigasociocultural.org\/wp-content\/uploads\/2024\/03\/Expo-Ayunt-01-6x4-1.jpg\" class=\"attachment-large size-large wp-image-2525\" alt=\"\" loading=\"lazy\" srcset=\"https:\/\/almacigasociocultural.org\/wp-content\/uploads\/2024\/03\/Expo-Ayunt-01-6x4-1.jpg 600w, https:\/\/almacigasociocultural.org\/wp-content\/uploads\/2024\/03\/Expo-Ayunt-01-6x4-1-300x200.jpg 300w\" sizes=\"100vw\" \/>\t\t\t\t\t\t\t\t\t\t\t\t\t\t\t<\/div>\n\t\t\t\t<\/div>\n\t\t\t\t\t<\/div>\n\t\t<\/div>\n\t\t\t\t\t\t\t<\/div>\n\t\t<\/section>\n\t\t\t\t<section class=\"elementor-section elementor-top-section elementor-element elementor-element-9945ac5 elementor-section-boxed elementor-section-height-default elementor-section-height-default\" data-id=\"9945ac5\" data-element_type=\"section\">\n\t\t\t\t\t\t<div class=\"elementor-container elementor-column-gap-default\">\n\t\t\t\t\t<div class=\"elementor-column elementor-col-100 elementor-top-column elementor-element elementor-element-508c2e4\" data-id=\"508c2e4\" data-element_type=\"column\">\n\t\t\t<div class=\"elementor-widget-wrap elementor-element-populated\">\n\t\t\t\t\t\t\t\t<div class=\"elementor-element elementor-element-09b8d98 elementor-widget elementor-widget-text-editor\" data-id=\"09b8d98\" data-element_type=\"widget\" data-widget_type=\"text-editor.default\">\n\t\t\t\t<div class=\"elementor-widget-container\">\n\t\t\t\t\t\t\t<h4>Art i creativitat. Taller de arte para ni\u00f1as\/os. <br \/>2022-2023.<br \/>Asociaci\u00f3n Alm\u00e1ciga.<br \/>Colabora: Ayuntamiento de Cinctorres. AFA Cinctorres.<\/h4><p>Oragnizado por: Asociaci\u00f3n Alm\u00e1ciga. Impartido por la\/el artista profesional, Gabriela Rivera y Salvador Troncoso.<\/p>\t\t\t\t\t\t<\/div>\n\t\t\t\t<\/div>\n\t\t\t\t\t<\/div>\n\t\t<\/div>\n\t\t\t\t\t\t\t<\/div>\n\t\t<\/section>\n\t\t\t\t\t\t\t<\/div>\n\t\t","protected":false},"excerpt":{"rendered":"<p>Previous Next El Taller de arte y creatividad est\u00e1 dirigido a ni\u00f1as\/os de educaci\u00f3n infantil, y busca potenciar la creatividad por medio del desarrollo de actividades l\u00fadicas de artes visuales y literatura. El Taller se propone estimular los imaginarios mediante la lectura de textos literarios como: poemas, leyendas o cuentos breves de autores locales y &hellip; <\/p>\n<p class=\"link-more\"><a href=\"https:\/\/almacigasociocultural.org\/index.php\/art-y-creativitat\/\" class=\"more-link\">Read more<span class=\"screen-reader-text\"> &#8220;Arte y Creatividad&#8221;<\/span><\/a><\/p>\n","protected":false},"author":1,"featured_media":0,"parent":0,"menu_order":0,"comment_status":"closed","ping_status":"closed","template":"","meta":{"_uag_custom_page_level_css":""},"uagb_featured_image_src":{"full":false,"thumbnail":false,"medium":false,"medium_large":false,"large":false,"1536x1536":false,"2048x2048":false,"inspiro-featured-image":false,"inspiro-loop":false,"inspiro-loop@2x":false},"uagb_author_info":{"display_name":"curivil","author_link":false},"uagb_comment_info":0,"uagb_excerpt":"Previous Next El Taller de arte y creatividad est\u00e1 dirigido a ni\u00f1as\/os de educaci\u00f3n infantil, y busca potenciar la creatividad por medio del desarrollo de actividades l\u00fadicas de artes visuales y literatura. El Taller se propone estimular los imaginarios mediante la lectura de textos literarios como: poemas, leyendas o cuentos breves de autores locales y&hellip;","_links":{"self":[{"href":"https:\/\/almacigasociocultural.org\/index.php\/wp-json\/wp\/v2\/pages\/2339"}],"collection":[{"href":"https:\/\/almacigasociocultural.org\/index.php\/wp-json\/wp\/v2\/pages"}],"about":[{"href":"https:\/\/almacigasociocultural.org\/index.php\/wp-json\/wp\/v2\/types\/page"}],"author":[{"embeddable":true,"href":"https:\/\/almacigasociocultural.org\/index.php\/wp-json\/wp\/v2\/users\/1"}],"replies":[{"embeddable":true,"href":"https:\/\/almacigasociocultural.org\/index.php\/wp-json\/wp\/v2\/comments?post=2339"}],"version-history":[{"count":73,"href":"https:\/\/almacigasociocultural.org\/index.php\/wp-json\/wp\/v2\/pages\/2339\/revisions"}],"predecessor-version":[{"id":3834,"href":"https:\/\/almacigasociocultural.org\/index.php\/wp-json\/wp\/v2\/pages\/2339\/revisions\/3834"}],"wp:attachment":[{"href":"https:\/\/almacigasociocultural.org\/index.php\/wp-json\/wp\/v2\/media?parent=2339"}],"curies":[{"name":"wp","href":"https:\/\/api.w.org\/{rel}","templated":true}]}}