{"id":2353,"date":"2024-02-23T11:05:00","date_gmt":"2024-02-23T11:05:00","guid":{"rendered":"https:\/\/almacigasociocultural.org\/?page_id=2353"},"modified":"2026-03-22T18:36:10","modified_gmt":"2026-03-22T18:36:10","slug":"residents","status":"publish","type":"page","link":"https:\/\/almacigasociocultural.org\/index.php\/residents\/","title":{"rendered":"RESIDENTES\/RESIDENTS"},"content":{"rendered":"\t\t<div data-elementor-type=\"wp-page\" data-elementor-id=\"2353\" class=\"elementor elementor-2353\">\n\t\t\t\t\t\t\t\t\t<section class=\"elementor-section elementor-top-section elementor-element elementor-element-eabb36b elementor-section-boxed elementor-section-height-default elementor-section-height-default\" data-id=\"eabb36b\" data-element_type=\"section\">\n\t\t\t\t\t\t<div class=\"elementor-container elementor-column-gap-default\">\n\t\t\t\t\t<div class=\"elementor-column elementor-col-100 elementor-top-column elementor-element elementor-element-9c901c8\" data-id=\"9c901c8\" data-element_type=\"column\">\n\t\t\t<div class=\"elementor-widget-wrap elementor-element-populated\">\n\t\t\t\t\t\t\t\t<div class=\"elementor-element elementor-element-dc05c29 elementor-widget elementor-widget-text-editor\" data-id=\"dc05c29\" data-element_type=\"widget\" data-widget_type=\"text-editor.default\">\n\t\t\t\t<div class=\"elementor-widget-container\">\n\t\t\t<style>\/*! elementor - v3.12.2 - 23-04-2023 *\/\n.elementor-widget-text-editor.elementor-drop-cap-view-stacked .elementor-drop-cap{background-color:#69727d;color:#fff}.elementor-widget-text-editor.elementor-drop-cap-view-framed .elementor-drop-cap{color:#69727d;border:3px solid;background-color:transparent}.elementor-widget-text-editor:not(.elementor-drop-cap-view-default) .elementor-drop-cap{margin-top:8px}.elementor-widget-text-editor:not(.elementor-drop-cap-view-default) .elementor-drop-cap-letter{width:1em;height:1em}.elementor-widget-text-editor .elementor-drop-cap{float:left;text-align:center;line-height:1;font-size:50px}.elementor-widget-text-editor .elementor-drop-cap-letter{display:inline-block}<\/style>\t\t\t\t<h2 class=\"elementor-heading-title elementor-size-default elementor-inline-editing pen\" contenteditable=\"true\" data-elementor-setting-key=\"title\" data-pen-placeholder=\"Teclea aqu\u00ed...\">\u201cRESIDENTES \/ RESIDENTS\u201d<br \/>Arte expandido en la ruralidad \/ Art expandit en la ruralitat. Cinctorres 2023.<\/h2>\t\t\t\t\t\t<\/div>\n\t\t\t\t<\/div>\n\t\t\t\t\t<\/div>\n\t\t<\/div>\n\t\t\t\t\t\t\t<\/div>\n\t\t<\/section>\n\t\t\t\t<section class=\"elementor-section elementor-top-section elementor-element elementor-element-7451aac elementor-section-boxed elementor-section-height-default elementor-section-height-default\" data-id=\"7451aac\" data-element_type=\"section\">\n\t\t\t\t\t\t<div class=\"elementor-container elementor-column-gap-default\">\n\t\t\t\t\t<div class=\"elementor-column elementor-col-33 elementor-top-column elementor-element elementor-element-b50f4f0\" data-id=\"b50f4f0\" data-element_type=\"column\">\n\t\t\t<div class=\"elementor-widget-wrap elementor-element-populated\">\n\t\t\t\t\t\t\t\t<div class=\"elementor-element elementor-element-5ee9dc6 elementor-widget__width-initial elementor-widget elementor-widget-text-editor\" data-id=\"5ee9dc6\" data-element_type=\"widget\" data-widget_type=\"text-editor.default\">\n\t\t\t\t<div class=\"elementor-widget-container\">\n\t\t\t\t\t\t\t<p>Patrocina<\/p>\t\t\t\t\t\t<\/div>\n\t\t\t\t<\/div>\n\t\t\t\t\t<\/div>\n\t\t<\/div>\n\t\t\t\t<div class=\"elementor-column elementor-col-66 elementor-top-column elementor-element elementor-element-54b871e\" data-id=\"54b871e\" data-element_type=\"column\">\n\t\t\t<div class=\"elementor-widget-wrap elementor-element-populated\">\n\t\t\t\t\t\t\t\t<div class=\"elementor-element elementor-element-05d3012 elementor-widget__width-initial elementor-widget elementor-widget-image\" data-id=\"05d3012\" data-element_type=\"widget\" data-widget_type=\"image.default\">\n\t\t\t\t<div class=\"elementor-widget-container\">\n\t\t\t<style>\/*! elementor - v3.12.2 - 23-04-2023 *\/\n.elementor-widget-image{text-align:center}.elementor-widget-image a{display:inline-block}.elementor-widget-image a img[src$=\".svg\"]{width:48px}.elementor-widget-image img{vertical-align:middle;display:inline-block}<\/style>\t\t\t\t\t\t\t\t\t\t\t\t<img decoding=\"async\" width=\"886\" height=\"73\" src=\"https:\/\/almacigasociocultural.org\/wp-content\/uploads\/2026\/03\/image002.png\" class=\"attachment-large size-large wp-image-3605\" alt=\"\" loading=\"lazy\" srcset=\"https:\/\/almacigasociocultural.org\/wp-content\/uploads\/2026\/03\/image002.png 886w, https:\/\/almacigasociocultural.org\/wp-content\/uploads\/2026\/03\/image002-300x25.png 300w\" sizes=\"100vw\" \/>\t\t\t\t\t\t\t\t\t\t\t\t\t\t\t<\/div>\n\t\t\t\t<\/div>\n\t\t\t\t\t<\/div>\n\t\t<\/div>\n\t\t\t\t\t\t\t<\/div>\n\t\t<\/section>\n\t\t\t\t<section class=\"elementor-section elementor-top-section elementor-element elementor-element-822c8a4 elementor-section-boxed elementor-section-height-default elementor-section-height-default\" data-id=\"822c8a4\" data-element_type=\"section\">\n\t\t\t\t\t\t<div class=\"elementor-container elementor-column-gap-default\">\n\t\t\t\t\t<div class=\"elementor-column elementor-col-100 elementor-top-column elementor-element elementor-element-d634a34\" data-id=\"d634a34\" data-element_type=\"column\">\n\t\t\t<div class=\"elementor-widget-wrap elementor-element-populated\">\n\t\t\t\t\t\t\t\t<div class=\"elementor-element elementor-element-48e4fd4 elementor-widget elementor-widget-text-editor\" data-id=\"48e4fd4\" data-element_type=\"widget\" data-widget_type=\"text-editor.default\">\n\t\t\t\t<div class=\"elementor-widget-container\">\n\t\t\t\t\t\t\t<p>Financiado por: la Uni\u00f3n Europea &#8211; NextGenerationEU. Gobierno de Espa\u00f1a &#8211; Ministerio de Cultura y Deporte. Plan de Recuperaci\u00f3n, Transformaci\u00f3n y Resiliencia. Generalitat Valenciana &#8211; Vicepresid\u00e8ncia Primera i Conselleria de Cultura y Esport. GVA NEXT &#8211; Fondos Next Generation en la Comunitat Valenciana. Institut Valenci\u00e0 de Cultura. Cofinanciado por:&nbsp; Alm\u00e1gica Innovaci\u00f3n . Organiza:&nbsp; Alm\u00e1ciga Innovaci\u00f3n.Colabora: Ayuntamiento de Cinctorres.\n<\/p>\t\t\t\t\t\t<\/div>\n\t\t\t\t<\/div>\n\t\t\t\t\t<\/div>\n\t\t<\/div>\n\t\t\t\t\t\t\t<\/div>\n\t\t<\/section>\n\t\t\t\t<section class=\"elementor-section elementor-top-section elementor-element elementor-element-b5f75ea elementor-section-boxed elementor-section-height-default elementor-section-height-default\" data-id=\"b5f75ea\" data-element_type=\"section\">\n\t\t\t\t\t\t<div class=\"elementor-container elementor-column-gap-default\">\n\t\t\t\t\t<div class=\"elementor-column elementor-col-100 elementor-top-column elementor-element elementor-element-be0f705\" data-id=\"be0f705\" data-element_type=\"column\">\n\t\t\t<div class=\"elementor-widget-wrap elementor-element-populated\">\n\t\t\t\t\t\t\t\t<div class=\"elementor-element elementor-element-9a4a839 elementor-widget elementor-widget-text-editor\" data-id=\"9a4a839\" data-element_type=\"widget\" data-widget_type=\"text-editor.default\">\n\t\t\t\t<div class=\"elementor-widget-container\">\n\t\t\t\t\t\t\t<p>\/RESIDENTS. Proyecto de Alm\u00e1ciga para la investigaci\u00f3n, creaci\u00f3n art\u00edstica, y di\u00e1logo entre artistas multi\/transdisciplinares con el territorio rural, a trave\u0301s de una estancia de larga duracio\u0301n en la comuna de Cinctorres, Provincia de Castello\u0301n. Para establecer una retroalimentacio\u0301n de expresiones arti\u0301sticas individuales y colectivas en el contexto de ruralidad.<\/p><p>Residentes\/Residents desarroll\u00f3 metodologi\u0301as innovadoras para acercar la experiencia arti\u0301stica a la comunidad Dels Ports, posibilitando a las\/os artistas el trabajo colaborativo y la cooperacio\u0301n en el a\u0301mbito de las artes visuales, para expandirse en cuanto al uso y manejo de las herramientas arti\u0301sticas.<\/p><p>Residentes\/Residents, ha permitido investigar e identificar posibilidades arti\u0301sticas del territorio rural para poner en valor el patrimonio biodiverso, arquitecto\u0301nico y paleontolo\u0301gico, situando en el contexto nacional e internacional a artistas, obra y geografi\u0301a. Asi\u0301 como, atraer nuevas audiencias por medio de la mediacio\u0301n cultural, con la participacio\u0301n del pu\u0301blico en los distintos procesos de produccio\u0301n arti\u0301stica (visitas a taller abierto Open Studio), la convivencia en el territorio, el acercamiento a los discursos arti\u0301sticos en el conversatorio y exposicio\u0301n de obras de Site Specific.<\/p><p>Del 6 de octubre al 30 de noviembre del 2023.<\/p><p>Artistas \/RESIDENTS \/ Mery Sut Favaretto. Doctora en bellas artes. \/ Susana Gil Celma. M\u00e1ster en animaci\u00f3n 3D \/ Valentina Romero Mateo. M\u00e1ster en artes pl\u00e1sticas \/ David Trashumante. Poeta-Performer \/<\/p>\t\t\t\t\t\t<\/div>\n\t\t\t\t<\/div>\n\t\t\t\t\t<\/div>\n\t\t<\/div>\n\t\t\t\t\t\t\t<\/div>\n\t\t<\/section>\n\t\t\t\t<section class=\"elementor-section elementor-top-section elementor-element elementor-element-ed24d05 elementor-section-boxed elementor-section-height-default elementor-section-height-default\" data-id=\"ed24d05\" data-element_type=\"section\">\n\t\t\t\t\t\t<div class=\"elementor-container elementor-column-gap-default\">\n\t\t\t\t\t<div class=\"elementor-column elementor-col-50 elementor-top-column elementor-element elementor-element-de6ea04\" data-id=\"de6ea04\" data-element_type=\"column\">\n\t\t\t<div class=\"elementor-widget-wrap elementor-element-populated\">\n\t\t\t\t\t\t\t\t<div class=\"elementor-element elementor-element-cfdbc9b elementor-widget elementor-widget-text-editor\" data-id=\"cfdbc9b\" data-element_type=\"widget\" data-widget_type=\"text-editor.default\">\n\t\t\t\t<div class=\"elementor-widget-container\">\n\t\t\t\t\t\t\t<p><strong>MERY SUT FAVARETTO<\/strong><\/p><p>Artista interdisciplinar, centra su investigaci\u00f3n en la antropolog\u00eda visual y en el an\u00e1lisis situado de la construcci\u00f3n de la identidad desde una perspectiva feminista y poscolonial. Sus intereses surgen de la necesidad de contar historias a trav\u00e9s de la transformaci\u00f3n art\u00edstica. En este sentido su investigaci\u00f3n se mueve desde la fotograf\u00eda, la videocreaci\u00f3n, los videos documentales, el live cinema pasando por la performance, el cabaret y las instalaciones art\u00edsticas. En todas sus vertientes creativas su inter\u00e9s se centra en el archivo como espacio de generaci\u00f3n de memoria viva. Desde 2005 forma parte del grupo art\u00edstico ideadestroyingmuros con el que desarrolla proyectos multidisciplinarios entre arte y educaci\u00f3n a trav\u00e9s de una metodolog\u00eda creativa comunitaria que definen posex\u00f3tica.<\/p>\t\t\t\t\t\t<\/div>\n\t\t\t\t<\/div>\n\t\t\t\t\t<\/div>\n\t\t<\/div>\n\t\t\t\t<div class=\"elementor-column elementor-col-50 elementor-top-column elementor-element elementor-element-be20958\" data-id=\"be20958\" data-element_type=\"column\">\n\t\t\t<div class=\"elementor-widget-wrap elementor-element-populated\">\n\t\t\t\t\t\t\t\t<div class=\"elementor-element elementor-element-563b368 elementor-widget elementor-widget-image\" data-id=\"563b368\" data-element_type=\"widget\" data-widget_type=\"image.default\">\n\t\t\t\t<div class=\"elementor-widget-container\">\n\t\t\t\t\t\t\t\t\t\t\t\t\t\t\t<img decoding=\"async\" width=\"700\" height=\"1024\" src=\"https:\/\/almacigasociocultural.org\/wp-content\/uploads\/2024\/03\/CartelaArtistas-MERY-700x1024.jpg\" class=\"attachment-large size-large wp-image-3042\" alt=\"\" loading=\"lazy\" srcset=\"https:\/\/almacigasociocultural.org\/wp-content\/uploads\/2024\/03\/CartelaArtistas-MERY-700x1024.jpg 700w, https:\/\/almacigasociocultural.org\/wp-content\/uploads\/2024\/03\/CartelaArtistas-MERY-205x300.jpg 205w, https:\/\/almacigasociocultural.org\/wp-content\/uploads\/2024\/03\/CartelaArtistas-MERY-1050x1536.jpg 1050w, https:\/\/almacigasociocultural.org\/wp-content\/uploads\/2024\/03\/CartelaArtistas-MERY.jpg 1080w\" sizes=\"100vw\" \/>\t\t\t\t\t\t\t\t\t\t\t\t\t\t\t<\/div>\n\t\t\t\t<\/div>\n\t\t\t\t\t<\/div>\n\t\t<\/div>\n\t\t\t\t\t\t\t<\/div>\n\t\t<\/section>\n\t\t\t\t<section class=\"elementor-section elementor-top-section elementor-element elementor-element-d91df74 elementor-section-boxed elementor-section-height-default elementor-section-height-default\" data-id=\"d91df74\" data-element_type=\"section\">\n\t\t\t\t\t\t<div class=\"elementor-container elementor-column-gap-default\">\n\t\t\t\t\t<div class=\"elementor-column elementor-col-50 elementor-top-column elementor-element elementor-element-5499546\" data-id=\"5499546\" data-element_type=\"column\">\n\t\t\t<div class=\"elementor-widget-wrap elementor-element-populated\">\n\t\t\t\t\t\t\t\t<div class=\"elementor-element elementor-element-d4c2d0e elementor-widget elementor-widget-text-editor\" data-id=\"d4c2d0e\" data-element_type=\"widget\" data-widget_type=\"text-editor.default\">\n\t\t\t\t<div class=\"elementor-widget-container\">\n\t\t\t\t\t\t\t<p><strong>SUSANA GIL CELMA<br \/><\/strong><\/p><p>Artista visual, nativa de Cinctorres. Ha residido gran parte de su vida en el pueblo.<\/p><p>Estudi\u00f3 el grado de Bellas Artes en Cuenca, donde realiz\u00f3 distintas exposiciones conjuntas. En el 2022 realiz\u00f3 su primera exposici\u00f3n individual de pintura en Ares del Maestrat, en la cual present\u00f3 la serie Ra\u00edces en el Museo de la Cueva.<\/p>\t\t\t\t\t\t<\/div>\n\t\t\t\t<\/div>\n\t\t\t\t\t<\/div>\n\t\t<\/div>\n\t\t\t\t<div class=\"elementor-column elementor-col-50 elementor-top-column elementor-element elementor-element-6d6af1e\" data-id=\"6d6af1e\" data-element_type=\"column\">\n\t\t\t<div class=\"elementor-widget-wrap elementor-element-populated\">\n\t\t\t\t\t\t\t\t<div class=\"elementor-element elementor-element-44f488d elementor-widget elementor-widget-image\" data-id=\"44f488d\" data-element_type=\"widget\" data-widget_type=\"image.default\">\n\t\t\t\t<div class=\"elementor-widget-container\">\n\t\t\t\t\t\t\t\t\t\t\t\t\t\t\t<img decoding=\"async\" width=\"700\" height=\"1024\" src=\"https:\/\/almacigasociocultural.org\/wp-content\/uploads\/2024\/03\/CartelaArtistas-SUSANA-700x1024.jpg\" class=\"attachment-large size-large wp-image-3043\" alt=\"\" loading=\"lazy\" srcset=\"https:\/\/almacigasociocultural.org\/wp-content\/uploads\/2024\/03\/CartelaArtistas-SUSANA-700x1024.jpg 700w, https:\/\/almacigasociocultural.org\/wp-content\/uploads\/2024\/03\/CartelaArtistas-SUSANA-205x300.jpg 205w, https:\/\/almacigasociocultural.org\/wp-content\/uploads\/2024\/03\/CartelaArtistas-SUSANA-1050x1536.jpg 1050w, https:\/\/almacigasociocultural.org\/wp-content\/uploads\/2024\/03\/CartelaArtistas-SUSANA.jpg 1080w\" sizes=\"100vw\" \/>\t\t\t\t\t\t\t\t\t\t\t\t\t\t\t<\/div>\n\t\t\t\t<\/div>\n\t\t\t\t\t<\/div>\n\t\t<\/div>\n\t\t\t\t\t\t\t<\/div>\n\t\t<\/section>\n\t\t\t\t<section class=\"elementor-section elementor-top-section elementor-element elementor-element-11ba2d7 elementor-section-boxed elementor-section-height-default elementor-section-height-default\" data-id=\"11ba2d7\" data-element_type=\"section\">\n\t\t\t\t\t\t<div class=\"elementor-container elementor-column-gap-default\">\n\t\t\t\t\t<div class=\"elementor-column elementor-col-50 elementor-top-column elementor-element elementor-element-4f0fbeb\" data-id=\"4f0fbeb\" data-element_type=\"column\">\n\t\t\t<div class=\"elementor-widget-wrap elementor-element-populated\">\n\t\t\t\t\t\t\t\t<div class=\"elementor-element elementor-element-843541b elementor-widget elementor-widget-text-editor\" data-id=\"843541b\" data-element_type=\"widget\" data-widget_type=\"text-editor.default\">\n\t\t\t\t<div class=\"elementor-widget-container\">\n\t\t\t\t\t\t\t<p><strong>VALENTINA ROMERO MATEO<br \/><\/strong><\/p><p>Artista transdisciplinar colombo-chilena, actualmente reside en un pueblo de Castell\u00f3n.\u2028\u2028 Ha dedicado sus \u00faltimos a\u00f1os de vida a la comunicaci\u00f3n visual, la ilustraci\u00f3n y al acompa\u00f1amiento gr\u00e1fico. Al mismo tiempo se ha dedicado a la maternidad en situaci\u00f3n migratoria. Sin embargo, la necesidad de continuar con su pr\u00e1ctica art\u00edstica ha sido transversal a estas dos experiencias de vida.\u2028\u2028 La maternidad, la creaci\u00f3n de un tejido de apoyo mutuo y la experiencia migratoria fueron los motivos que la impulsaron a acercarse a la vida rural con las ganas de poder aportar a las nuevas narrativas que surgen en estos entornos aleda\u00f1os y que est\u00e1n en continuo di\u00e1logo y retroalimentaci\u00f3n con comunidades urbanas. \u2028\u2028Desde el 2022 articula el \u00e1rea de cultura y el programa de residencias de creaci\u00f3n del Espacio de Encuentros Rurales La Surera (Almed\u00edjar, Castell\u00f3n).<\/p>\t\t\t\t\t\t<\/div>\n\t\t\t\t<\/div>\n\t\t\t\t\t<\/div>\n\t\t<\/div>\n\t\t\t\t<div class=\"elementor-column elementor-col-50 elementor-top-column elementor-element elementor-element-d737509\" data-id=\"d737509\" data-element_type=\"column\">\n\t\t\t<div class=\"elementor-widget-wrap elementor-element-populated\">\n\t\t\t\t\t\t\t\t<div class=\"elementor-element elementor-element-0659ce1 elementor-widget elementor-widget-image\" data-id=\"0659ce1\" data-element_type=\"widget\" data-widget_type=\"image.default\">\n\t\t\t\t<div class=\"elementor-widget-container\">\n\t\t\t\t\t\t\t\t\t\t\t\t\t\t\t<img decoding=\"async\" width=\"700\" height=\"1024\" src=\"https:\/\/almacigasociocultural.org\/wp-content\/uploads\/2024\/03\/CartelaArtistas-VALENTINA-700x1024.jpg\" class=\"attachment-large size-large wp-image-3044\" alt=\"\" loading=\"lazy\" srcset=\"https:\/\/almacigasociocultural.org\/wp-content\/uploads\/2024\/03\/CartelaArtistas-VALENTINA-700x1024.jpg 700w, https:\/\/almacigasociocultural.org\/wp-content\/uploads\/2024\/03\/CartelaArtistas-VALENTINA-205x300.jpg 205w, https:\/\/almacigasociocultural.org\/wp-content\/uploads\/2024\/03\/CartelaArtistas-VALENTINA-1050x1536.jpg 1050w, https:\/\/almacigasociocultural.org\/wp-content\/uploads\/2024\/03\/CartelaArtistas-VALENTINA.jpg 1080w\" sizes=\"100vw\" \/>\t\t\t\t\t\t\t\t\t\t\t\t\t\t\t<\/div>\n\t\t\t\t<\/div>\n\t\t\t\t\t<\/div>\n\t\t<\/div>\n\t\t\t\t\t\t\t<\/div>\n\t\t<\/section>\n\t\t\t\t<section class=\"elementor-section elementor-top-section elementor-element elementor-element-348c325 elementor-section-boxed elementor-section-height-default elementor-section-height-default\" data-id=\"348c325\" data-element_type=\"section\">\n\t\t\t\t\t\t<div class=\"elementor-container elementor-column-gap-default\">\n\t\t\t\t\t<div class=\"elementor-column elementor-col-50 elementor-top-column elementor-element elementor-element-c38636c\" data-id=\"c38636c\" data-element_type=\"column\">\n\t\t\t<div class=\"elementor-widget-wrap elementor-element-populated\">\n\t\t\t\t\t\t\t\t<div class=\"elementor-element elementor-element-b2e3fed elementor-widget elementor-widget-text-editor\" data-id=\"b2e3fed\" data-element_type=\"widget\" data-widget_type=\"text-editor.default\">\n\t\t\t\t<div class=\"elementor-widget-container\">\n\t\t\t\t\t\t\t<p><strong>DAVID TRASHUMANTE<\/strong><\/p><p>Heter\u00f3nimo de David Moreno Hern\u00e1ndez (Logro\u00f1o, 1978). Es persona, poeta, performer, agitador cultural. Lleva veinte a\u00f1os recitando en todo tipo de superficies participando como poeta, en solitario o en grupo, en numerosos festivales y encuentros po\u00e9ticos por todo el territorio nacional. Tiene 13 libros publicados, 4 discos, as\u00ed como varios poemas expandidos y ha sido antologado en numerosas antolog\u00edas contracan\u00f3nicas. Codirige junto a R\u00e1ul Lago el Festival de Poes\u00eda de Val\u00e8ncia, VOCIFERIO; dirige el Festival de Ecopoes\u00eda del Valle del Jerte y el Alto Palancia Lit Fest; coordina junto a V\u00edctor Benavides el Poetry Slam VLC y lleva la Direcci\u00f3n Art\u00edstica para PlanOut del ciclo Poes\u00eda A Mares en Cabo de Palos.<\/p>\t\t\t\t\t\t<\/div>\n\t\t\t\t<\/div>\n\t\t\t\t\t<\/div>\n\t\t<\/div>\n\t\t\t\t<div class=\"elementor-column elementor-col-50 elementor-top-column elementor-element elementor-element-95cb67f\" data-id=\"95cb67f\" data-element_type=\"column\">\n\t\t\t<div class=\"elementor-widget-wrap elementor-element-populated\">\n\t\t\t\t\t\t\t\t<div class=\"elementor-element elementor-element-14be16f elementor-widget elementor-widget-image\" data-id=\"14be16f\" data-element_type=\"widget\" data-widget_type=\"image.default\">\n\t\t\t\t<div class=\"elementor-widget-container\">\n\t\t\t\t\t\t\t\t\t\t\t\t\t\t\t<img decoding=\"async\" width=\"700\" height=\"1024\" src=\"https:\/\/almacigasociocultural.org\/wp-content\/uploads\/2024\/03\/CartelaArtistasDAVID-700x1024.jpg\" class=\"attachment-large size-large wp-image-3045\" alt=\"\" loading=\"lazy\" srcset=\"https:\/\/almacigasociocultural.org\/wp-content\/uploads\/2024\/03\/CartelaArtistasDAVID-700x1024.jpg 700w, https:\/\/almacigasociocultural.org\/wp-content\/uploads\/2024\/03\/CartelaArtistasDAVID-205x300.jpg 205w, https:\/\/almacigasociocultural.org\/wp-content\/uploads\/2024\/03\/CartelaArtistasDAVID-1050x1536.jpg 1050w, https:\/\/almacigasociocultural.org\/wp-content\/uploads\/2024\/03\/CartelaArtistasDAVID.jpg 1080w\" sizes=\"100vw\" \/>\t\t\t\t\t\t\t\t\t\t\t\t\t\t\t<\/div>\n\t\t\t\t<\/div>\n\t\t\t\t\t<\/div>\n\t\t<\/div>\n\t\t\t\t\t\t\t<\/div>\n\t\t<\/section>\n\t\t\t\t<section class=\"elementor-section elementor-top-section elementor-element elementor-element-73f0c75 elementor-section-boxed elementor-section-height-default elementor-section-height-default\" data-id=\"73f0c75\" data-element_type=\"section\">\n\t\t\t\t\t\t<div class=\"elementor-container elementor-column-gap-default\">\n\t\t\t\t\t<div class=\"elementor-column elementor-col-50 elementor-top-column elementor-element elementor-element-c8c7ece\" data-id=\"c8c7ece\" data-element_type=\"column\">\n\t\t\t<div class=\"elementor-widget-wrap elementor-element-populated\">\n\t\t\t\t\t\t\t\t<div class=\"elementor-element elementor-element-5727eab elementor-widget elementor-widget-image\" data-id=\"5727eab\" data-element_type=\"widget\" data-widget_type=\"image.default\">\n\t\t\t\t<div class=\"elementor-widget-container\">\n\t\t\t\t\t\t\t\t\t\t\t\t\t\t\t<img decoding=\"async\" width=\"819\" height=\"1024\" src=\"https:\/\/almacigasociocultural.org\/wp-content\/uploads\/2024\/03\/Fer-Conversa-819x1024.jpg\" class=\"attachment-large size-large wp-image-3046\" alt=\"\" loading=\"lazy\" srcset=\"https:\/\/almacigasociocultural.org\/wp-content\/uploads\/2024\/03\/Fer-Conversa-819x1024.jpg 819w, https:\/\/almacigasociocultural.org\/wp-content\/uploads\/2024\/03\/Fer-Conversa-240x300.jpg 240w, https:\/\/almacigasociocultural.org\/wp-content\/uploads\/2024\/03\/Fer-Conversa.jpg 1080w\" sizes=\"100vw\" \/>\t\t\t\t\t\t\t\t\t\t\t\t\t\t\t<\/div>\n\t\t\t\t<\/div>\n\t\t\t\t\t<\/div>\n\t\t<\/div>\n\t\t\t\t<div class=\"elementor-column elementor-col-50 elementor-top-column elementor-element elementor-element-ac147af\" data-id=\"ac147af\" data-element_type=\"column\">\n\t\t\t<div class=\"elementor-widget-wrap elementor-element-populated\">\n\t\t\t\t\t\t\t\t<div class=\"elementor-element elementor-element-58ded9b elementor-widget elementor-widget-text-editor\" data-id=\"58ded9b\" data-element_type=\"widget\" data-widget_type=\"text-editor.default\">\n\t\t\t\t<div class=\"elementor-widget-container\">\n\t\t\t\t\t\t\t<h3><strong>CONVERSATORIO. Fer conversa. Oficina de turismo de Cinctorres<\/strong><strong> 11\/NOV<br \/><\/strong><\/h3><p>Han participado: arquitectura Filigranna integrado por Lled\u00f3 Molinos y Francisco Campillo, la historiadora del arte Mar\u00eda Vicente y el comisario independiente y artista Rafael Tormo de AVAN.<\/p>\t\t\t\t\t\t<\/div>\n\t\t\t\t<\/div>\n\t\t\t\t\t<\/div>\n\t\t<\/div>\n\t\t\t\t\t\t\t<\/div>\n\t\t<\/section>\n\t\t\t\t<section class=\"elementor-section elementor-top-section elementor-element elementor-element-1a25e86 elementor-section-boxed elementor-section-height-default elementor-section-height-default\" data-id=\"1a25e86\" data-element_type=\"section\">\n\t\t\t\t\t\t<div class=\"elementor-container elementor-column-gap-default\">\n\t\t\t\t\t<div class=\"elementor-column elementor-col-66 elementor-top-column elementor-element elementor-element-a1003e6\" data-id=\"a1003e6\" data-element_type=\"column\">\n\t\t\t<div class=\"elementor-widget-wrap elementor-element-populated\">\n\t\t\t\t\t\t\t\t<div class=\"elementor-element elementor-element-c60c2e8 elementor-arrows-position-inside elementor-widget elementor-widget-image-carousel\" data-id=\"c60c2e8\" data-element_type=\"widget\" data-settings=\"{&quot;slides_to_show&quot;:&quot;1&quot;,&quot;navigation&quot;:&quot;arrows&quot;,&quot;autoplay&quot;:&quot;yes&quot;,&quot;pause_on_hover&quot;:&quot;yes&quot;,&quot;pause_on_interaction&quot;:&quot;yes&quot;,&quot;autoplay_speed&quot;:5000,&quot;infinite&quot;:&quot;yes&quot;,&quot;effect&quot;:&quot;slide&quot;,&quot;speed&quot;:500}\" data-widget_type=\"image-carousel.default\">\n\t\t\t\t<div class=\"elementor-widget-container\">\n\t\t\t<style>\/*! elementor - v3.12.2 - 23-04-2023 *\/\n.elementor-widget-image-carousel .swiper,.elementor-widget-image-carousel .swiper-container{position:static}.elementor-widget-image-carousel .swiper-container .swiper-slide figure,.elementor-widget-image-carousel .swiper .swiper-slide figure{line-height:inherit}.elementor-widget-image-carousel .swiper-slide{text-align:center}.elementor-image-carousel-wrapper:not(.swiper-container-initialized) .swiper-slide,.elementor-image-carousel-wrapper:not(.swiper-initialized) .swiper-slide{max-width:calc(100% \/ var(--e-image-carousel-slides-to-show, 3))}<\/style>\t\t<div class=\"elementor-image-carousel-wrapper swiper\" dir=\"ltr\">\n\t\t\t<div class=\"elementor-image-carousel swiper-wrapper\">\n\t\t\t\t\t\t\t\t<div class=\"swiper-slide\"><figure class=\"swiper-slide-inner\"><img decoding=\"async\" class=\"swiper-slide-image\" src=\"https:\/\/almacigasociocultural.org\/wp-content\/uploads\/2024\/03\/Fer-Conversa-01-6x4-1.jpg\" alt=\"Favaretto\/Gil\/Trashumante\/Romero\" \/><\/figure><\/div><div class=\"swiper-slide\"><figure class=\"swiper-slide-inner\"><img decoding=\"async\" class=\"swiper-slide-image\" src=\"https:\/\/almacigasociocultural.org\/wp-content\/uploads\/2024\/03\/Fer-Conversa-04-6x4-1.jpg\" alt=\"Projecte Filigranna\" \/><\/figure><\/div><div class=\"swiper-slide\"><figure class=\"swiper-slide-inner\"><img decoding=\"async\" class=\"swiper-slide-image\" src=\"https:\/\/almacigasociocultural.org\/wp-content\/uploads\/2024\/03\/Fer-Conversa-05-6x4-1.jpg\" alt=\"Projecte Filigranna\" \/><\/figure><\/div><div class=\"swiper-slide\"><figure class=\"swiper-slide-inner\"><img decoding=\"async\" class=\"swiper-slide-image\" src=\"https:\/\/almacigasociocultural.org\/wp-content\/uploads\/2024\/03\/Fer-Conversa-03-6x4-1.jpg\" alt=\"Mar\u00eda Vicente\" \/><\/figure><\/div><div class=\"swiper-slide\"><figure class=\"swiper-slide-inner\"><img decoding=\"async\" class=\"swiper-slide-image\" src=\"https:\/\/almacigasociocultural.org\/wp-content\/uploads\/2024\/03\/Fer-Conversa-02-6x4-1.jpg\" alt=\"Mar\u00eda Vicente\" \/><\/figure><\/div><div class=\"swiper-slide\"><figure class=\"swiper-slide-inner\"><img decoding=\"async\" class=\"swiper-slide-image\" src=\"https:\/\/almacigasociocultural.org\/wp-content\/uploads\/2024\/03\/Fer-Conversa-06-6x4-1.jpg\" alt=\"Rafael Tormo\" \/><\/figure><\/div><div class=\"swiper-slide\"><figure class=\"swiper-slide-inner\"><img decoding=\"async\" class=\"swiper-slide-image\" src=\"https:\/\/almacigasociocultural.org\/wp-content\/uploads\/2024\/03\/Fer-Conversa-07-6x4-1.jpg\" alt=\"Rafael Tormo\" \/><\/figure><\/div>\t\t\t<\/div>\n\t\t\t\t\t\t\t\t\t\t\t\t\t\t\t\t<div class=\"elementor-swiper-button elementor-swiper-button-prev\">\n\t\t\t\t\t\t<i aria-hidden=\"true\" class=\"eicon-chevron-left\"><\/i>\t\t\t\t\t\t<span class=\"elementor-screen-only\">Previous<\/span>\n\t\t\t\t\t<\/div>\n\t\t\t\t\t<div class=\"elementor-swiper-button elementor-swiper-button-next\">\n\t\t\t\t\t\t<i aria-hidden=\"true\" class=\"eicon-chevron-right\"><\/i>\t\t\t\t\t\t<span class=\"elementor-screen-only\">Next<\/span>\n\t\t\t\t\t<\/div>\n\t\t\t\t\t\t\t\t\t<\/div>\n\t\t\t\t<\/div>\n\t\t\t\t<\/div>\n\t\t\t\t\t<\/div>\n\t\t<\/div>\n\t\t\t\t<div class=\"elementor-column elementor-col-33 elementor-top-column elementor-element elementor-element-032ae8f\" data-id=\"032ae8f\" data-element_type=\"column\">\n\t\t\t<div class=\"elementor-widget-wrap elementor-element-populated\">\n\t\t\t\t\t\t\t\t<div class=\"elementor-element elementor-element-e854f4e elementor-widget elementor-widget-text-editor\" data-id=\"e854f4e\" data-element_type=\"widget\" data-widget_type=\"text-editor.default\">\n\t\t\t\t<div class=\"elementor-widget-container\">\n\t\t\t\t\t\t\t<h3><strong>CONVERSATORIO<\/strong><\/h3><p>Alm\u00e1ciga ha identificado por medio del mapeo en la comunidad a agentes culturales locales con pr\u00e1cticas innovadoras en su quehacer, que le han otorgado car\u00e1cter territorial al proyecto. Se ha invitado a tres habitantes del pueblo y un comisario regional, todas con conocimiento situado, que permiti\u00f3 al p\u00fablico y a las artistas un momento de encuentro y reflexi\u00f3n desde las artes en el contexto Dels Ports.<\/p>\t\t\t\t\t\t<\/div>\n\t\t\t\t<\/div>\n\t\t\t\t\t<\/div>\n\t\t<\/div>\n\t\t\t\t\t\t\t<\/div>\n\t\t<\/section>\n\t\t\t\t<section class=\"elementor-section elementor-top-section elementor-element elementor-element-4f9829e elementor-section-boxed elementor-section-height-default elementor-section-height-default\" data-id=\"4f9829e\" data-element_type=\"section\">\n\t\t\t\t\t\t<div class=\"elementor-container elementor-column-gap-default\">\n\t\t\t\t\t<div class=\"elementor-column elementor-col-50 elementor-top-column elementor-element elementor-element-1bc09c0\" data-id=\"1bc09c0\" data-element_type=\"column\">\n\t\t\t<div class=\"elementor-widget-wrap elementor-element-populated\">\n\t\t\t\t\t\t\t\t<div class=\"elementor-element elementor-element-c7c4b55 elementor-widget elementor-widget-image\" data-id=\"c7c4b55\" data-element_type=\"widget\" data-widget_type=\"image.default\">\n\t\t\t\t<div class=\"elementor-widget-container\">\n\t\t\t\t\t\t\t\t\t\t\t\t\t\t\t<img decoding=\"async\" width=\"1080\" height=\"1350\" src=\"https:\/\/almacigasociocultural.org\/wp-content\/uploads\/2024\/03\/Taller-obert.jpg\" class=\"attachment-full size-full wp-image-3047\" alt=\"\" loading=\"lazy\" srcset=\"https:\/\/almacigasociocultural.org\/wp-content\/uploads\/2024\/03\/Taller-obert.jpg 1080w, https:\/\/almacigasociocultural.org\/wp-content\/uploads\/2024\/03\/Taller-obert-240x300.jpg 240w, https:\/\/almacigasociocultural.org\/wp-content\/uploads\/2024\/03\/Taller-obert-819x1024.jpg 819w\" sizes=\"100vw\" \/>\t\t\t\t\t\t\t\t\t\t\t\t\t\t\t<\/div>\n\t\t\t\t<\/div>\n\t\t\t\t\t<\/div>\n\t\t<\/div>\n\t\t\t\t<div class=\"elementor-column elementor-col-50 elementor-top-column elementor-element elementor-element-c4556bd\" data-id=\"c4556bd\" data-element_type=\"column\">\n\t\t\t<div class=\"elementor-widget-wrap elementor-element-populated\">\n\t\t\t\t\t\t\t\t<div class=\"elementor-element elementor-element-811d9c1 elementor-widget elementor-widget-text-editor\" data-id=\"811d9c1\" data-element_type=\"widget\" data-widget_type=\"text-editor.default\">\n\t\t\t\t<div class=\"elementor-widget-container\">\n\t\t\t\t\t\t\t<h3><strong>Taller abierto. Taller obert. Casa de la Cultura de Cinctorres. 16\/Nov<br \/><\/strong><\/h3><p>Instancia programada para que las artistas presenten su proceso de investigaci\u00f3n y creaci\u00f3n de obra de sitio espec\u00edfico en Cinctorres. Han contado la idea de su proyecto art\u00edstico, narrado su investigaci\u00f3n territorial, el estado de avance de su proceso creativo y propuestas de obra, mostrado las herramientas de trabajo, los materiales que han recopilado durante su residencia, describir el manejo de los materiales y el porqu\u00e9 de la elecci\u00f3n de los mismos. Compartir con el p\u00fablico sus experiencias en el pueblo, y la convivencia que han tenido con las\/os vecinas\/os, para estrechar el v\u00ednculo entre artistas, obra de arte y p\u00fablico.<\/p>\t\t\t\t\t\t<\/div>\n\t\t\t\t<\/div>\n\t\t\t\t\t<\/div>\n\t\t<\/div>\n\t\t\t\t\t\t\t<\/div>\n\t\t<\/section>\n\t\t\t\t<section class=\"elementor-section elementor-top-section elementor-element elementor-element-b5fb833 elementor-section-boxed elementor-section-height-default elementor-section-height-default\" data-id=\"b5fb833\" data-element_type=\"section\">\n\t\t\t\t\t\t<div class=\"elementor-container elementor-column-gap-default\">\n\t\t\t\t\t<div class=\"elementor-column elementor-col-33 elementor-top-column elementor-element elementor-element-d144601\" data-id=\"d144601\" data-element_type=\"column\">\n\t\t\t<div class=\"elementor-widget-wrap elementor-element-populated\">\n\t\t\t\t\t\t\t\t<div class=\"elementor-element elementor-element-f086ede elementor-widget elementor-widget-text-editor\" data-id=\"f086ede\" data-element_type=\"widget\" data-widget_type=\"text-editor.default\">\n\t\t\t\t<div class=\"elementor-widget-container\">\n\t\t\t\t\t\t\t<h3>\/Mery Sut Favaretto<\/h3>\t\t\t\t\t\t<\/div>\n\t\t\t\t<\/div>\n\t\t\t\t\t<\/div>\n\t\t<\/div>\n\t\t\t\t<div class=\"elementor-column elementor-col-66 elementor-top-column elementor-element elementor-element-c0e7798\" data-id=\"c0e7798\" data-element_type=\"column\">\n\t\t\t<div class=\"elementor-widget-wrap elementor-element-populated\">\n\t\t\t\t\t\t\t\t<div class=\"elementor-element elementor-element-f004752 elementor-arrows-position-inside elementor-widget elementor-widget-image-carousel\" data-id=\"f004752\" data-element_type=\"widget\" data-settings=\"{&quot;slides_to_show&quot;:&quot;1&quot;,&quot;navigation&quot;:&quot;arrows&quot;,&quot;autoplay&quot;:&quot;yes&quot;,&quot;pause_on_hover&quot;:&quot;yes&quot;,&quot;pause_on_interaction&quot;:&quot;yes&quot;,&quot;autoplay_speed&quot;:5000,&quot;infinite&quot;:&quot;yes&quot;,&quot;effect&quot;:&quot;slide&quot;,&quot;speed&quot;:500}\" data-widget_type=\"image-carousel.default\">\n\t\t\t\t<div class=\"elementor-widget-container\">\n\t\t\t\t\t<div class=\"elementor-image-carousel-wrapper swiper\" dir=\"ltr\">\n\t\t\t<div class=\"elementor-image-carousel swiper-wrapper\">\n\t\t\t\t\t\t\t\t<div class=\"swiper-slide\"><figure class=\"swiper-slide-inner\"><img decoding=\"async\" class=\"swiper-slide-image\" src=\"https:\/\/almacigasociocultural.org\/wp-content\/uploads\/2024\/03\/Taller-abierto-11-6x4-1.jpg\" alt=\"Taller abierto 11 6x4\" \/><\/figure><\/div><div class=\"swiper-slide\"><figure class=\"swiper-slide-inner\"><img decoding=\"async\" class=\"swiper-slide-image\" src=\"https:\/\/almacigasociocultural.org\/wp-content\/uploads\/2024\/03\/Taller-abierto-08-6x4-1.jpg\" alt=\"Taller abierto 08 6x4\" \/><\/figure><\/div><div class=\"swiper-slide\"><figure class=\"swiper-slide-inner\"><img decoding=\"async\" class=\"swiper-slide-image\" src=\"https:\/\/almacigasociocultural.org\/wp-content\/uploads\/2024\/04\/Taller-abierto-14-M-6x4-1.jpg\" alt=\"Taller abierto 14 M 6x4\" \/><\/figure><\/div>\t\t\t<\/div>\n\t\t\t\t\t\t\t\t\t\t\t\t\t\t\t\t<div class=\"elementor-swiper-button elementor-swiper-button-prev\">\n\t\t\t\t\t\t<i aria-hidden=\"true\" class=\"eicon-chevron-left\"><\/i>\t\t\t\t\t\t<span class=\"elementor-screen-only\">Previous<\/span>\n\t\t\t\t\t<\/div>\n\t\t\t\t\t<div class=\"elementor-swiper-button elementor-swiper-button-next\">\n\t\t\t\t\t\t<i aria-hidden=\"true\" class=\"eicon-chevron-right\"><\/i>\t\t\t\t\t\t<span class=\"elementor-screen-only\">Next<\/span>\n\t\t\t\t\t<\/div>\n\t\t\t\t\t\t\t\t\t<\/div>\n\t\t\t\t<\/div>\n\t\t\t\t<\/div>\n\t\t\t\t\t<\/div>\n\t\t<\/div>\n\t\t\t\t\t\t\t<\/div>\n\t\t<\/section>\n\t\t\t\t<section class=\"elementor-section elementor-top-section elementor-element elementor-element-c75402a elementor-section-boxed elementor-section-height-default elementor-section-height-default\" data-id=\"c75402a\" data-element_type=\"section\">\n\t\t\t\t\t\t<div class=\"elementor-container elementor-column-gap-default\">\n\t\t\t\t\t<div class=\"elementor-column elementor-col-33 elementor-top-column elementor-element elementor-element-c4d5dcf\" data-id=\"c4d5dcf\" data-element_type=\"column\">\n\t\t\t<div class=\"elementor-widget-wrap elementor-element-populated\">\n\t\t\t\t\t\t\t\t<div class=\"elementor-element elementor-element-a63976a elementor-widget elementor-widget-text-editor\" data-id=\"a63976a\" data-element_type=\"widget\" data-widget_type=\"text-editor.default\">\n\t\t\t\t<div class=\"elementor-widget-container\">\n\t\t\t\t\t\t\t<h3>\/Susana Gil Celma<\/h3>\t\t\t\t\t\t<\/div>\n\t\t\t\t<\/div>\n\t\t\t\t\t<\/div>\n\t\t<\/div>\n\t\t\t\t<div class=\"elementor-column elementor-col-66 elementor-top-column elementor-element elementor-element-f14cd8a\" data-id=\"f14cd8a\" data-element_type=\"column\">\n\t\t\t<div class=\"elementor-widget-wrap elementor-element-populated\">\n\t\t\t\t\t\t\t\t<div class=\"elementor-element elementor-element-a8b902a elementor-arrows-position-inside elementor-widget elementor-widget-image-carousel\" data-id=\"a8b902a\" data-element_type=\"widget\" data-settings=\"{&quot;slides_to_show&quot;:&quot;1&quot;,&quot;navigation&quot;:&quot;arrows&quot;,&quot;autoplay&quot;:&quot;yes&quot;,&quot;pause_on_hover&quot;:&quot;yes&quot;,&quot;pause_on_interaction&quot;:&quot;yes&quot;,&quot;autoplay_speed&quot;:5000,&quot;infinite&quot;:&quot;yes&quot;,&quot;effect&quot;:&quot;slide&quot;,&quot;speed&quot;:500}\" data-widget_type=\"image-carousel.default\">\n\t\t\t\t<div class=\"elementor-widget-container\">\n\t\t\t\t\t<div class=\"elementor-image-carousel-wrapper swiper\" dir=\"ltr\">\n\t\t\t<div class=\"elementor-image-carousel swiper-wrapper\">\n\t\t\t\t\t\t\t\t<div class=\"swiper-slide\"><figure class=\"swiper-slide-inner\"><img decoding=\"async\" class=\"swiper-slide-image\" src=\"https:\/\/almacigasociocultural.org\/wp-content\/uploads\/2024\/03\/Taller-abierto-04-6x4-1.jpg\" alt=\"Taller abierto 04 6x4\" \/><\/figure><\/div><div class=\"swiper-slide\"><figure class=\"swiper-slide-inner\"><img decoding=\"async\" class=\"swiper-slide-image\" src=\"https:\/\/almacigasociocultural.org\/wp-content\/uploads\/2024\/03\/Taller-abierto-05-6x4-1.jpg\" alt=\"Taller abierto 05 6x4\" \/><\/figure><\/div><div class=\"swiper-slide\"><figure class=\"swiper-slide-inner\"><img decoding=\"async\" class=\"swiper-slide-image\" src=\"https:\/\/almacigasociocultural.org\/wp-content\/uploads\/2024\/04\/Taller-abierto-15-S-6x4-1.jpg\" alt=\"Taller abierto 15 S 6x4\" \/><\/figure><\/div>\t\t\t<\/div>\n\t\t\t\t\t\t\t\t\t\t\t\t\t\t\t\t<div class=\"elementor-swiper-button elementor-swiper-button-prev\">\n\t\t\t\t\t\t<i aria-hidden=\"true\" class=\"eicon-chevron-left\"><\/i>\t\t\t\t\t\t<span class=\"elementor-screen-only\">Previous<\/span>\n\t\t\t\t\t<\/div>\n\t\t\t\t\t<div class=\"elementor-swiper-button elementor-swiper-button-next\">\n\t\t\t\t\t\t<i aria-hidden=\"true\" class=\"eicon-chevron-right\"><\/i>\t\t\t\t\t\t<span class=\"elementor-screen-only\">Next<\/span>\n\t\t\t\t\t<\/div>\n\t\t\t\t\t\t\t\t\t<\/div>\n\t\t\t\t<\/div>\n\t\t\t\t<\/div>\n\t\t\t\t\t<\/div>\n\t\t<\/div>\n\t\t\t\t\t\t\t<\/div>\n\t\t<\/section>\n\t\t\t\t<section class=\"elementor-section elementor-top-section elementor-element elementor-element-b6dc954 elementor-section-boxed elementor-section-height-default elementor-section-height-default\" data-id=\"b6dc954\" data-element_type=\"section\">\n\t\t\t\t\t\t<div class=\"elementor-container elementor-column-gap-default\">\n\t\t\t\t\t<div class=\"elementor-column elementor-col-33 elementor-top-column elementor-element elementor-element-9955eb8\" data-id=\"9955eb8\" data-element_type=\"column\">\n\t\t\t<div class=\"elementor-widget-wrap elementor-element-populated\">\n\t\t\t\t\t\t\t\t<div class=\"elementor-element elementor-element-b9e9e32 elementor-widget elementor-widget-text-editor\" data-id=\"b9e9e32\" data-element_type=\"widget\" data-widget_type=\"text-editor.default\">\n\t\t\t\t<div class=\"elementor-widget-container\">\n\t\t\t\t\t\t\t<h3>\/Valentina Romero Mateo<\/h3>\t\t\t\t\t\t<\/div>\n\t\t\t\t<\/div>\n\t\t\t\t\t<\/div>\n\t\t<\/div>\n\t\t\t\t<div class=\"elementor-column elementor-col-66 elementor-top-column elementor-element elementor-element-d8bb3ff\" data-id=\"d8bb3ff\" data-element_type=\"column\">\n\t\t\t<div class=\"elementor-widget-wrap elementor-element-populated\">\n\t\t\t\t\t\t\t\t<div class=\"elementor-element elementor-element-40af9f1 elementor-arrows-position-inside elementor-widget elementor-widget-image-carousel\" data-id=\"40af9f1\" data-element_type=\"widget\" data-settings=\"{&quot;slides_to_show&quot;:&quot;1&quot;,&quot;navigation&quot;:&quot;arrows&quot;,&quot;autoplay&quot;:&quot;yes&quot;,&quot;pause_on_hover&quot;:&quot;yes&quot;,&quot;pause_on_interaction&quot;:&quot;yes&quot;,&quot;autoplay_speed&quot;:5000,&quot;infinite&quot;:&quot;yes&quot;,&quot;effect&quot;:&quot;slide&quot;,&quot;speed&quot;:500}\" data-widget_type=\"image-carousel.default\">\n\t\t\t\t<div class=\"elementor-widget-container\">\n\t\t\t\t\t<div class=\"elementor-image-carousel-wrapper swiper\" dir=\"ltr\">\n\t\t\t<div class=\"elementor-image-carousel swiper-wrapper\">\n\t\t\t\t\t\t\t\t<div class=\"swiper-slide\"><figure class=\"swiper-slide-inner\"><img decoding=\"async\" class=\"swiper-slide-image\" src=\"https:\/\/almacigasociocultural.org\/wp-content\/uploads\/2024\/03\/Taller-abierto-12-6x4-1.jpg\" alt=\"Taller abierto 12 6x4\" \/><\/figure><\/div><div class=\"swiper-slide\"><figure class=\"swiper-slide-inner\"><img decoding=\"async\" class=\"swiper-slide-image\" src=\"https:\/\/almacigasociocultural.org\/wp-content\/uploads\/2024\/03\/Taller-abierto-07-6x4-1.jpg\" alt=\"Taller abierto 07 6x4\" \/><\/figure><\/div><div class=\"swiper-slide\"><figure class=\"swiper-slide-inner\"><img decoding=\"async\" class=\"swiper-slide-image\" src=\"https:\/\/almacigasociocultural.org\/wp-content\/uploads\/2024\/04\/Taller-abierto-13-V-6x4-1.jpg\" alt=\"Taller abierto 13 V 6x4\" \/><\/figure><\/div>\t\t\t<\/div>\n\t\t\t\t\t\t\t\t\t\t\t\t\t\t\t\t<div class=\"elementor-swiper-button elementor-swiper-button-prev\">\n\t\t\t\t\t\t<i aria-hidden=\"true\" class=\"eicon-chevron-left\"><\/i>\t\t\t\t\t\t<span class=\"elementor-screen-only\">Previous<\/span>\n\t\t\t\t\t<\/div>\n\t\t\t\t\t<div class=\"elementor-swiper-button elementor-swiper-button-next\">\n\t\t\t\t\t\t<i aria-hidden=\"true\" class=\"eicon-chevron-right\"><\/i>\t\t\t\t\t\t<span class=\"elementor-screen-only\">Next<\/span>\n\t\t\t\t\t<\/div>\n\t\t\t\t\t\t\t\t\t<\/div>\n\t\t\t\t<\/div>\n\t\t\t\t<\/div>\n\t\t\t\t\t<\/div>\n\t\t<\/div>\n\t\t\t\t\t\t\t<\/div>\n\t\t<\/section>\n\t\t\t\t<section class=\"elementor-section elementor-top-section elementor-element elementor-element-3e02d73 elementor-section-boxed elementor-section-height-default elementor-section-height-default\" data-id=\"3e02d73\" data-element_type=\"section\">\n\t\t\t\t\t\t<div class=\"elementor-container elementor-column-gap-default\">\n\t\t\t\t\t<div class=\"elementor-column elementor-col-33 elementor-top-column elementor-element elementor-element-a26d5c1\" data-id=\"a26d5c1\" data-element_type=\"column\">\n\t\t\t<div class=\"elementor-widget-wrap elementor-element-populated\">\n\t\t\t\t\t\t\t\t<div class=\"elementor-element elementor-element-a3fdb89 elementor-widget elementor-widget-text-editor\" data-id=\"a3fdb89\" data-element_type=\"widget\" data-widget_type=\"text-editor.default\">\n\t\t\t\t<div class=\"elementor-widget-container\">\n\t\t\t\t\t\t\t<h3>\/David Trashumante<\/h3>\t\t\t\t\t\t<\/div>\n\t\t\t\t<\/div>\n\t\t\t\t\t<\/div>\n\t\t<\/div>\n\t\t\t\t<div class=\"elementor-column elementor-col-66 elementor-top-column elementor-element elementor-element-5167c69\" data-id=\"5167c69\" data-element_type=\"column\">\n\t\t\t<div class=\"elementor-widget-wrap elementor-element-populated\">\n\t\t\t\t\t\t\t\t<div class=\"elementor-element elementor-element-2fd3a58 elementor-arrows-position-inside elementor-widget elementor-widget-image-carousel\" data-id=\"2fd3a58\" data-element_type=\"widget\" data-settings=\"{&quot;slides_to_show&quot;:&quot;1&quot;,&quot;navigation&quot;:&quot;arrows&quot;,&quot;autoplay&quot;:&quot;yes&quot;,&quot;pause_on_hover&quot;:&quot;yes&quot;,&quot;pause_on_interaction&quot;:&quot;yes&quot;,&quot;autoplay_speed&quot;:5000,&quot;infinite&quot;:&quot;yes&quot;,&quot;effect&quot;:&quot;slide&quot;,&quot;speed&quot;:500}\" data-widget_type=\"image-carousel.default\">\n\t\t\t\t<div class=\"elementor-widget-container\">\n\t\t\t\t\t<div class=\"elementor-image-carousel-wrapper swiper\" dir=\"ltr\">\n\t\t\t<div class=\"elementor-image-carousel swiper-wrapper\">\n\t\t\t\t\t\t\t\t<div class=\"swiper-slide\"><figure class=\"swiper-slide-inner\"><img decoding=\"async\" class=\"swiper-slide-image\" src=\"https:\/\/almacigasociocultural.org\/wp-content\/uploads\/2024\/03\/Taller-abierto-09-6x4-1.jpg\" alt=\"Taller abierto 09 6x4\" \/><\/figure><\/div><div class=\"swiper-slide\"><figure class=\"swiper-slide-inner\"><img decoding=\"async\" class=\"swiper-slide-image\" src=\"https:\/\/almacigasociocultural.org\/wp-content\/uploads\/2024\/03\/Taller-abierto-10-6x4-1.jpg\" alt=\"Taller abierto 10 6x4\" \/><\/figure><\/div><div class=\"swiper-slide\"><figure class=\"swiper-slide-inner\"><img decoding=\"async\" class=\"swiper-slide-image\" src=\"https:\/\/almacigasociocultural.org\/wp-content\/uploads\/2024\/04\/Taller-abierto-14-D-6x4-1.jpg\" alt=\"Taller abierto 14 D 6x4\" \/><\/figure><\/div>\t\t\t<\/div>\n\t\t\t\t\t\t\t\t\t\t\t\t\t\t\t\t<div class=\"elementor-swiper-button elementor-swiper-button-prev\">\n\t\t\t\t\t\t<i aria-hidden=\"true\" class=\"eicon-chevron-left\"><\/i>\t\t\t\t\t\t<span class=\"elementor-screen-only\">Previous<\/span>\n\t\t\t\t\t<\/div>\n\t\t\t\t\t<div class=\"elementor-swiper-button elementor-swiper-button-next\">\n\t\t\t\t\t\t<i aria-hidden=\"true\" class=\"eicon-chevron-right\"><\/i>\t\t\t\t\t\t<span class=\"elementor-screen-only\">Next<\/span>\n\t\t\t\t\t<\/div>\n\t\t\t\t\t\t\t\t\t<\/div>\n\t\t\t\t<\/div>\n\t\t\t\t<\/div>\n\t\t\t\t\t<\/div>\n\t\t<\/div>\n\t\t\t\t\t\t\t<\/div>\n\t\t<\/section>\n\t\t\t\t<section class=\"elementor-section elementor-top-section elementor-element elementor-element-f47639b elementor-section-boxed elementor-section-height-default elementor-section-height-default\" data-id=\"f47639b\" data-element_type=\"section\">\n\t\t\t\t\t\t<div class=\"elementor-container elementor-column-gap-default\">\n\t\t\t\t\t<div class=\"elementor-column elementor-col-33 elementor-top-column elementor-element elementor-element-5d4bc48\" data-id=\"5d4bc48\" data-element_type=\"column\">\n\t\t\t<div class=\"elementor-widget-wrap elementor-element-populated\">\n\t\t\t\t\t\t\t\t<div class=\"elementor-element elementor-element-0b5d889 elementor-widget elementor-widget-text-editor\" data-id=\"0b5d889\" data-element_type=\"widget\" data-widget_type=\"text-editor.default\">\n\t\t\t\t<div class=\"elementor-widget-container\">\n\t\t\t\t\t\t\t<h3>Intervenci\u00f3n art\u00edstica en el CRA Celumbres de Cinctorres.<\/h3><p>Arte postal en el CRA Celumbres de Cinctorres con el objetivo de dimensionar las amenazas a la biodiversidad por medio de una actividad did\u00e1ctica de artes visuales.<\/p><p>16 NOV. Participan Cra Cinctorres, Cra Forcall y\u00a0 Cra\u00a0 Castellfort.<\/p>\t\t\t\t\t\t<\/div>\n\t\t\t\t<\/div>\n\t\t\t\t\t<\/div>\n\t\t<\/div>\n\t\t\t\t<div class=\"elementor-column elementor-col-66 elementor-top-column elementor-element elementor-element-30948c9\" data-id=\"30948c9\" data-element_type=\"column\">\n\t\t\t<div class=\"elementor-widget-wrap elementor-element-populated\">\n\t\t\t\t\t\t\t\t<div class=\"elementor-element elementor-element-0a39435 elementor-arrows-position-inside elementor-widget elementor-widget-image-carousel\" data-id=\"0a39435\" data-element_type=\"widget\" data-settings=\"{&quot;slides_to_show&quot;:&quot;1&quot;,&quot;navigation&quot;:&quot;arrows&quot;,&quot;autoplay&quot;:&quot;yes&quot;,&quot;pause_on_hover&quot;:&quot;yes&quot;,&quot;pause_on_interaction&quot;:&quot;yes&quot;,&quot;autoplay_speed&quot;:5000,&quot;infinite&quot;:&quot;yes&quot;,&quot;effect&quot;:&quot;slide&quot;,&quot;speed&quot;:500}\" data-widget_type=\"image-carousel.default\">\n\t\t\t\t<div class=\"elementor-widget-container\">\n\t\t\t\t\t<div class=\"elementor-image-carousel-wrapper swiper\" dir=\"ltr\">\n\t\t\t<div class=\"elementor-image-carousel swiper-wrapper\">\n\t\t\t\t\t\t\t\t<div class=\"swiper-slide\"><figure class=\"swiper-slide-inner\"><img decoding=\"async\" class=\"swiper-slide-image\" src=\"https:\/\/almacigasociocultural.org\/wp-content\/uploads\/2024\/03\/CraCelumbres-D-04-6x4-.jpg\" alt=\"CraCelumbres D 04 6x4\" \/><\/figure><\/div><div class=\"swiper-slide\"><figure class=\"swiper-slide-inner\"><img decoding=\"async\" class=\"swiper-slide-image\" src=\"https:\/\/almacigasociocultural.org\/wp-content\/uploads\/2024\/03\/CraCelumbres-D-08-6x4-.jpg\" alt=\"CraCelumbres D 08 6x4\" \/><\/figure><\/div><div class=\"swiper-slide\"><figure class=\"swiper-slide-inner\"><img decoding=\"async\" class=\"swiper-slide-image\" src=\"https:\/\/almacigasociocultural.org\/wp-content\/uploads\/2024\/03\/CraCelumbres-M-01-6x4-.jpg\" alt=\"CraCelumbres M 01 6x4\" \/><\/figure><\/div><div class=\"swiper-slide\"><figure class=\"swiper-slide-inner\"><img decoding=\"async\" class=\"swiper-slide-image\" src=\"https:\/\/almacigasociocultural.org\/wp-content\/uploads\/2024\/03\/CraCelumbres-M-03-6x4-.jpg\" alt=\"CraCelumbres M 03 6x4\" \/><\/figure><\/div>\t\t\t<\/div>\n\t\t\t\t\t\t\t\t\t\t\t\t\t\t\t\t<div class=\"elementor-swiper-button elementor-swiper-button-prev\">\n\t\t\t\t\t\t<i aria-hidden=\"true\" class=\"eicon-chevron-left\"><\/i>\t\t\t\t\t\t<span class=\"elementor-screen-only\">Previous<\/span>\n\t\t\t\t\t<\/div>\n\t\t\t\t\t<div class=\"elementor-swiper-button elementor-swiper-button-next\">\n\t\t\t\t\t\t<i aria-hidden=\"true\" class=\"eicon-chevron-right\"><\/i>\t\t\t\t\t\t<span class=\"elementor-screen-only\">Next<\/span>\n\t\t\t\t\t<\/div>\n\t\t\t\t\t\t\t\t\t<\/div>\n\t\t\t\t<\/div>\n\t\t\t\t<\/div>\n\t\t\t\t\t<\/div>\n\t\t<\/div>\n\t\t\t\t\t\t\t<\/div>\n\t\t<\/section>\n\t\t\t\t<section class=\"elementor-section elementor-top-section elementor-element elementor-element-5890f58 elementor-section-boxed elementor-section-height-default elementor-section-height-default\" data-id=\"5890f58\" data-element_type=\"section\">\n\t\t\t\t\t\t<div class=\"elementor-container elementor-column-gap-default\">\n\t\t\t\t\t<div class=\"elementor-column elementor-col-50 elementor-top-column elementor-element elementor-element-11dd5f9\" data-id=\"11dd5f9\" data-element_type=\"column\">\n\t\t\t<div class=\"elementor-widget-wrap\">\n\t\t\t\t\t\t\t\t\t<\/div>\n\t\t<\/div>\n\t\t\t\t<div class=\"elementor-column elementor-col-50 elementor-top-column elementor-element elementor-element-4e0e09c\" data-id=\"4e0e09c\" data-element_type=\"column\">\n\t\t\t<div class=\"elementor-widget-wrap\">\n\t\t\t\t\t\t\t\t\t<\/div>\n\t\t<\/div>\n\t\t\t\t\t\t\t<\/div>\n\t\t<\/section>\n\t\t\t\t<section class=\"elementor-section elementor-top-section elementor-element elementor-element-1546e27 elementor-section-boxed elementor-section-height-default elementor-section-height-default\" data-id=\"1546e27\" data-element_type=\"section\">\n\t\t\t\t\t\t<div class=\"elementor-container elementor-column-gap-default\">\n\t\t\t\t\t<div class=\"elementor-column elementor-col-50 elementor-top-column elementor-element elementor-element-eaf0bb4\" data-id=\"eaf0bb4\" data-element_type=\"column\">\n\t\t\t<div class=\"elementor-widget-wrap elementor-element-populated\">\n\t\t\t\t\t\t\t\t<div class=\"elementor-element elementor-element-2a859b6 elementor-arrows-position-inside elementor-pagination-position-outside elementor-widget elementor-widget-image-carousel\" data-id=\"2a859b6\" data-element_type=\"widget\" data-settings=\"{&quot;slides_to_show&quot;:&quot;1&quot;,&quot;navigation&quot;:&quot;both&quot;,&quot;autoplay&quot;:&quot;yes&quot;,&quot;pause_on_hover&quot;:&quot;yes&quot;,&quot;pause_on_interaction&quot;:&quot;yes&quot;,&quot;autoplay_speed&quot;:5000,&quot;infinite&quot;:&quot;yes&quot;,&quot;effect&quot;:&quot;slide&quot;,&quot;speed&quot;:500}\" data-widget_type=\"image-carousel.default\">\n\t\t\t\t<div class=\"elementor-widget-container\">\n\t\t\t\t\t<div class=\"elementor-image-carousel-wrapper swiper\" dir=\"ltr\">\n\t\t\t<div class=\"elementor-image-carousel swiper-wrapper\">\n\t\t\t\t\t\t\t\t<div class=\"swiper-slide\"><figure class=\"swiper-slide-inner\"><img decoding=\"async\" class=\"swiper-slide-image\" src=\"https:\/\/almacigasociocultural.org\/wp-content\/uploads\/2024\/03\/Exposicio.jpg\" alt=\"Exposicio\" \/><\/figure><\/div>\t\t\t<\/div>\n\t\t\t\t\t<\/div>\n\t\t\t\t<\/div>\n\t\t\t\t<\/div>\n\t\t\t\t\t<\/div>\n\t\t<\/div>\n\t\t\t\t<div class=\"elementor-column elementor-col-50 elementor-top-column elementor-element elementor-element-c959d7d\" data-id=\"c959d7d\" data-element_type=\"column\">\n\t\t\t<div class=\"elementor-widget-wrap elementor-element-populated\">\n\t\t\t\t\t\t\t\t<div class=\"elementor-element elementor-element-60a73f5 elementor-widget elementor-widget-text-editor\" data-id=\"60a73f5\" data-element_type=\"widget\" data-widget_type=\"text-editor.default\">\n\t\t\t\t<div class=\"elementor-widget-container\">\n\t\t\t\t\t\t\t<h3><strong>Exposici\u00f3n \/RESIDENTS. <\/strong><strong>Art expandit en la ruralitat. 26\/Nov\/2023<br \/><\/strong><\/h3><p>\/RESIDENTS. Mery Sut Favaretto \/ Susana Gil Celma \/ Valentina Romero Mateo \/ David Trashumante<\/p><p>Oficina de Turismo de Cinctorres \/ Porche del Ayuntamiento de Cinctorres \/ Ermita de San Luis Beltran \/ Ermita del Calvario \/ Calle de San Crist\u00f3bal<\/p><p>Mediaci\u00f3n, mentor\u00eda y producci\u00f3n: Alm\u00e1ciga \/RESIDENTS.<\/p>\t\t\t\t\t\t<\/div>\n\t\t\t\t<\/div>\n\t\t\t\t\t<\/div>\n\t\t<\/div>\n\t\t\t\t\t\t\t<\/div>\n\t\t<\/section>\n\t\t\t\t<section class=\"elementor-section elementor-top-section elementor-element elementor-element-3b99b2a elementor-section-boxed elementor-section-height-default elementor-section-height-default\" data-id=\"3b99b2a\" data-element_type=\"section\">\n\t\t\t\t\t\t<div class=\"elementor-container elementor-column-gap-default\">\n\t\t\t\t\t<div class=\"elementor-column elementor-col-50 elementor-top-column elementor-element elementor-element-2b66ce9\" data-id=\"2b66ce9\" data-element_type=\"column\">\n\t\t\t<div class=\"elementor-widget-wrap\">\n\t\t\t\t\t\t\t\t\t<\/div>\n\t\t<\/div>\n\t\t\t\t<div class=\"elementor-column elementor-col-50 elementor-top-column elementor-element elementor-element-32f336b\" data-id=\"32f336b\" data-element_type=\"column\">\n\t\t\t<div class=\"elementor-widget-wrap\">\n\t\t\t\t\t\t\t\t\t<\/div>\n\t\t<\/div>\n\t\t\t\t\t\t\t<\/div>\n\t\t<\/section>\n\t\t\t\t<section class=\"elementor-section elementor-top-section elementor-element elementor-element-0039ec3 elementor-section-boxed elementor-section-height-default elementor-section-height-default\" data-id=\"0039ec3\" data-element_type=\"section\">\n\t\t\t\t\t\t<div class=\"elementor-container elementor-column-gap-default\">\n\t\t\t\t\t<div class=\"elementor-column elementor-col-100 elementor-top-column elementor-element elementor-element-5b3490d\" data-id=\"5b3490d\" data-element_type=\"column\">\n\t\t\t<div class=\"elementor-widget-wrap elementor-element-populated\">\n\t\t\t\t\t\t\t\t<div class=\"elementor-element elementor-element-e6525b7 elementor-widget elementor-widget-text-editor\" data-id=\"e6525b7\" data-element_type=\"widget\" data-widget_type=\"text-editor.default\">\n\t\t\t\t<div class=\"elementor-widget-container\">\n\t\t\t\t\t\t\t<h3>Exposici\u00f3n de Sitio Espec\u00edfico \/RESIDENTS.<\/h3><p>Para la muestra de obras de sitio espec\u00edfico hemos coordinado con las artistas el recorrido por la obras en el territorio y facilitado las gestiones para la utilizaci\u00f3n de los espacios comunales en el montaje, exposici\u00f3n y desmontaje.<\/p><p>Se ha realizado la difusi\u00f3n, nota de prensa, la coordinaci\u00f3n general, montaje y la exposici\u00f3n de obras de manera estrecha junto a las artistas.<\/p>\t\t\t\t\t\t<\/div>\n\t\t\t\t<\/div>\n\t\t\t\t\t<\/div>\n\t\t<\/div>\n\t\t\t\t\t\t\t<\/div>\n\t\t<\/section>\n\t\t\t\t<section class=\"elementor-section elementor-top-section elementor-element elementor-element-b06c669 elementor-section-boxed elementor-section-height-default elementor-section-height-default\" data-id=\"b06c669\" data-element_type=\"section\">\n\t\t\t\t\t\t<div class=\"elementor-container elementor-column-gap-default\">\n\t\t\t\t\t<div class=\"elementor-column elementor-col-33 elementor-top-column elementor-element elementor-element-763d514\" data-id=\"763d514\" data-element_type=\"column\">\n\t\t\t<div class=\"elementor-widget-wrap elementor-element-populated\">\n\t\t\t\t\t\t\t\t<div class=\"elementor-element elementor-element-5ff576d elementor-widget elementor-widget-text-editor\" data-id=\"5ff576d\" data-element_type=\"widget\" data-widget_type=\"text-editor.default\">\n\t\t\t\t<div class=\"elementor-widget-container\">\n\t\t\t\t\t\t\t<h3>Mery Sut Favaretto en \/RESIDENTS.<\/h3>\t\t\t\t\t\t<\/div>\n\t\t\t\t<\/div>\n\t\t\t\t\t<\/div>\n\t\t<\/div>\n\t\t\t\t<div class=\"elementor-column elementor-col-66 elementor-top-column elementor-element elementor-element-4c4aa3b\" data-id=\"4c4aa3b\" data-element_type=\"column\">\n\t\t\t<div class=\"elementor-widget-wrap elementor-element-populated\">\n\t\t\t\t\t\t\t\t<div class=\"elementor-element elementor-element-f8ba213 elementor-arrows-position-inside elementor-widget elementor-widget-image-carousel\" data-id=\"f8ba213\" data-element_type=\"widget\" data-settings=\"{&quot;slides_to_show&quot;:&quot;1&quot;,&quot;navigation&quot;:&quot;arrows&quot;,&quot;autoplay&quot;:&quot;yes&quot;,&quot;pause_on_hover&quot;:&quot;yes&quot;,&quot;pause_on_interaction&quot;:&quot;yes&quot;,&quot;autoplay_speed&quot;:5000,&quot;infinite&quot;:&quot;yes&quot;,&quot;effect&quot;:&quot;slide&quot;,&quot;speed&quot;:500}\" data-widget_type=\"image-carousel.default\">\n\t\t\t\t<div class=\"elementor-widget-container\">\n\t\t\t\t\t<div class=\"elementor-image-carousel-wrapper swiper\" dir=\"ltr\">\n\t\t\t<div class=\"elementor-image-carousel swiper-wrapper\">\n\t\t\t\t\t\t\t\t<div class=\"swiper-slide\"><figure class=\"swiper-slide-inner\"><img decoding=\"async\" class=\"swiper-slide-image\" src=\"https:\/\/almacigasociocultural.org\/wp-content\/uploads\/2024\/03\/Expo-Mery-03-6x4-copia.jpg\" alt=\"Expo Mery 03 6x4 copia\" \/><\/figure><\/div><div class=\"swiper-slide\"><figure class=\"swiper-slide-inner\"><img decoding=\"async\" class=\"swiper-slide-image\" src=\"https:\/\/almacigasociocultural.org\/wp-content\/uploads\/2024\/03\/Expo-Mery-02-6x4-1.jpg\" alt=\"Expo Mery 02 6x4\" \/><\/figure><\/div><div class=\"swiper-slide\"><figure class=\"swiper-slide-inner\"><img decoding=\"async\" class=\"swiper-slide-image\" src=\"https:\/\/almacigasociocultural.org\/wp-content\/uploads\/2024\/04\/Expo-Mery-05-6x4-1.jpg\" alt=\"Expo Mery 05 6x4\" \/><\/figure><\/div>\t\t\t<\/div>\n\t\t\t\t\t\t\t\t\t\t\t\t\t\t\t\t<div class=\"elementor-swiper-button elementor-swiper-button-prev\">\n\t\t\t\t\t\t<i aria-hidden=\"true\" class=\"eicon-chevron-left\"><\/i>\t\t\t\t\t\t<span class=\"elementor-screen-only\">Previous<\/span>\n\t\t\t\t\t<\/div>\n\t\t\t\t\t<div class=\"elementor-swiper-button elementor-swiper-button-next\">\n\t\t\t\t\t\t<i aria-hidden=\"true\" class=\"eicon-chevron-right\"><\/i>\t\t\t\t\t\t<span class=\"elementor-screen-only\">Next<\/span>\n\t\t\t\t\t<\/div>\n\t\t\t\t\t\t\t\t\t<\/div>\n\t\t\t\t<\/div>\n\t\t\t\t<\/div>\n\t\t\t\t\t<\/div>\n\t\t<\/div>\n\t\t\t\t\t\t\t<\/div>\n\t\t<\/section>\n\t\t\t\t<section class=\"elementor-section elementor-top-section elementor-element elementor-element-6f2cf92 elementor-section-boxed elementor-section-height-default elementor-section-height-default\" data-id=\"6f2cf92\" data-element_type=\"section\">\n\t\t\t\t\t\t<div class=\"elementor-container elementor-column-gap-default\">\n\t\t\t\t\t<div class=\"elementor-column elementor-col-33 elementor-top-column elementor-element elementor-element-aeaf723\" data-id=\"aeaf723\" data-element_type=\"column\">\n\t\t\t<div class=\"elementor-widget-wrap elementor-element-populated\">\n\t\t\t\t\t\t\t\t<div class=\"elementor-element elementor-element-0623bb2 elementor-widget elementor-widget-image\" data-id=\"0623bb2\" data-element_type=\"widget\" data-widget_type=\"image.default\">\n\t\t\t\t<div class=\"elementor-widget-container\">\n\t\t\t\t\t\t\t\t\t\t\t\t\t\t\t<img decoding=\"async\" width=\"400\" height=\"600\" src=\"https:\/\/almacigasociocultural.org\/wp-content\/uploads\/2024\/03\/Expo-Mery-01-6x4-1.jpg\" class=\"attachment-large size-large wp-image-3052\" alt=\"\" loading=\"lazy\" srcset=\"https:\/\/almacigasociocultural.org\/wp-content\/uploads\/2024\/03\/Expo-Mery-01-6x4-1.jpg 400w, https:\/\/almacigasociocultural.org\/wp-content\/uploads\/2024\/03\/Expo-Mery-01-6x4-1-200x300.jpg 200w\" sizes=\"100vw\" \/>\t\t\t\t\t\t\t\t\t\t\t\t\t\t\t<\/div>\n\t\t\t\t<\/div>\n\t\t\t\t\t<\/div>\n\t\t<\/div>\n\t\t\t\t<div class=\"elementor-column elementor-col-66 elementor-top-column elementor-element elementor-element-f8daaad\" data-id=\"f8daaad\" data-element_type=\"column\">\n\t\t\t<div class=\"elementor-widget-wrap elementor-element-populated\">\n\t\t\t\t\t\t\t\t<div class=\"elementor-element elementor-element-f776f2c elementor-widget__width-initial elementor-widget elementor-widget-image\" data-id=\"f776f2c\" data-element_type=\"widget\" data-widget_type=\"image.default\">\n\t\t\t\t<div class=\"elementor-widget-container\">\n\t\t\t\t\t\t\t\t\t\t\t\t\t\t\t<img decoding=\"async\" width=\"400\" height=\"600\" src=\"https:\/\/almacigasociocultural.org\/wp-content\/uploads\/2024\/03\/Cartel-Expo-M-4x6-2.jpg\" class=\"attachment-large size-large wp-image-3093\" alt=\"\" loading=\"lazy\" srcset=\"https:\/\/almacigasociocultural.org\/wp-content\/uploads\/2024\/03\/Cartel-Expo-M-4x6-2.jpg 400w, https:\/\/almacigasociocultural.org\/wp-content\/uploads\/2024\/03\/Cartel-Expo-M-4x6-2-200x300.jpg 200w\" sizes=\"100vw\" \/>\t\t\t\t\t\t\t\t\t\t\t\t\t\t\t<\/div>\n\t\t\t\t<\/div>\n\t\t\t\t\t<\/div>\n\t\t<\/div>\n\t\t\t\t\t\t\t<\/div>\n\t\t<\/section>\n\t\t\t\t<section class=\"elementor-section elementor-top-section elementor-element elementor-element-afd66f8 elementor-section-boxed elementor-section-height-default elementor-section-height-default\" data-id=\"afd66f8\" data-element_type=\"section\">\n\t\t\t\t\t\t<div class=\"elementor-container elementor-column-gap-default\">\n\t\t\t\t\t<div class=\"elementor-column elementor-col-33 elementor-top-column elementor-element elementor-element-5d13e49\" data-id=\"5d13e49\" data-element_type=\"column\">\n\t\t\t<div class=\"elementor-widget-wrap elementor-element-populated\">\n\t\t\t\t\t\t\t\t<div class=\"elementor-element elementor-element-d7b4065 elementor-widget elementor-widget-text-editor\" data-id=\"d7b4065\" data-element_type=\"widget\" data-widget_type=\"text-editor.default\">\n\t\t\t\t<div class=\"elementor-widget-container\">\n\t\t\t\t\t\t\t<h3>Susana Gil Celma en \/RESIDENTS.<\/h3>\t\t\t\t\t\t<\/div>\n\t\t\t\t<\/div>\n\t\t\t\t\t<\/div>\n\t\t<\/div>\n\t\t\t\t<div class=\"elementor-column elementor-col-66 elementor-top-column elementor-element elementor-element-697b6fa\" data-id=\"697b6fa\" data-element_type=\"column\">\n\t\t\t<div class=\"elementor-widget-wrap elementor-element-populated\">\n\t\t\t\t\t\t\t\t<div class=\"elementor-element elementor-element-9a30053 elementor-widget__width-initial elementor-arrows-position-inside elementor-widget elementor-widget-image-carousel\" data-id=\"9a30053\" data-element_type=\"widget\" data-settings=\"{&quot;slides_to_show&quot;:&quot;1&quot;,&quot;navigation&quot;:&quot;arrows&quot;,&quot;autoplay&quot;:&quot;yes&quot;,&quot;pause_on_hover&quot;:&quot;yes&quot;,&quot;pause_on_interaction&quot;:&quot;yes&quot;,&quot;autoplay_speed&quot;:5000,&quot;infinite&quot;:&quot;yes&quot;,&quot;effect&quot;:&quot;slide&quot;,&quot;speed&quot;:500}\" data-widget_type=\"image-carousel.default\">\n\t\t\t\t<div class=\"elementor-widget-container\">\n\t\t\t\t\t<div class=\"elementor-image-carousel-wrapper swiper\" dir=\"ltr\">\n\t\t\t<div class=\"elementor-image-carousel swiper-wrapper\">\n\t\t\t\t\t\t\t\t<div class=\"swiper-slide\"><figure class=\"swiper-slide-inner\"><img decoding=\"async\" class=\"swiper-slide-image\" src=\"https:\/\/almacigasociocultural.org\/wp-content\/uploads\/2024\/03\/Expo-Susana-04-6x4-1.jpg\" alt=\"Expo Susana 04 6x4\" \/><\/figure><\/div><div class=\"swiper-slide\"><figure class=\"swiper-slide-inner\"><img decoding=\"async\" class=\"swiper-slide-image\" src=\"https:\/\/almacigasociocultural.org\/wp-content\/uploads\/2024\/03\/Expo-Susana-03-6x4-1.jpg\" alt=\"Expo Susana 03 6x4\" \/><\/figure><\/div><div class=\"swiper-slide\"><figure class=\"swiper-slide-inner\"><img decoding=\"async\" class=\"swiper-slide-image\" src=\"https:\/\/almacigasociocultural.org\/wp-content\/uploads\/2024\/04\/Expo-Susana-02-6x4-1.jpg\" alt=\"Expo Susana 02 6x4\" \/><\/figure><\/div>\t\t\t<\/div>\n\t\t\t\t\t\t\t\t\t\t\t\t\t\t\t\t<div class=\"elementor-swiper-button elementor-swiper-button-prev\">\n\t\t\t\t\t\t<i aria-hidden=\"true\" class=\"eicon-chevron-left\"><\/i>\t\t\t\t\t\t<span class=\"elementor-screen-only\">Previous<\/span>\n\t\t\t\t\t<\/div>\n\t\t\t\t\t<div class=\"elementor-swiper-button elementor-swiper-button-next\">\n\t\t\t\t\t\t<i aria-hidden=\"true\" class=\"eicon-chevron-right\"><\/i>\t\t\t\t\t\t<span class=\"elementor-screen-only\">Next<\/span>\n\t\t\t\t\t<\/div>\n\t\t\t\t\t\t\t\t\t<\/div>\n\t\t\t\t<\/div>\n\t\t\t\t<\/div>\n\t\t\t\t\t<\/div>\n\t\t<\/div>\n\t\t\t\t\t\t\t<\/div>\n\t\t<\/section>\n\t\t\t\t<section class=\"elementor-section elementor-top-section elementor-element elementor-element-67351fb elementor-section-boxed elementor-section-height-default elementor-section-height-default\" data-id=\"67351fb\" data-element_type=\"section\">\n\t\t\t\t\t\t<div class=\"elementor-container elementor-column-gap-default\">\n\t\t\t\t\t<div class=\"elementor-column elementor-col-33 elementor-top-column elementor-element elementor-element-eee6bb1\" data-id=\"eee6bb1\" data-element_type=\"column\">\n\t\t\t<div class=\"elementor-widget-wrap elementor-element-populated\">\n\t\t\t\t\t\t\t\t<div class=\"elementor-element elementor-element-fb295d0 elementor-widget elementor-widget-image\" data-id=\"fb295d0\" data-element_type=\"widget\" data-widget_type=\"image.default\">\n\t\t\t\t<div class=\"elementor-widget-container\">\n\t\t\t\t\t\t\t\t\t\t\t\t\t\t\t<img decoding=\"async\" width=\"400\" height=\"600\" src=\"https:\/\/almacigasociocultural.org\/wp-content\/uploads\/2024\/03\/Expo-Susana-01-6x4-1.jpg\" class=\"attachment-large size-large wp-image-3102\" alt=\"\" loading=\"lazy\" srcset=\"https:\/\/almacigasociocultural.org\/wp-content\/uploads\/2024\/03\/Expo-Susana-01-6x4-1.jpg 400w, https:\/\/almacigasociocultural.org\/wp-content\/uploads\/2024\/03\/Expo-Susana-01-6x4-1-200x300.jpg 200w\" sizes=\"100vw\" \/>\t\t\t\t\t\t\t\t\t\t\t\t\t\t\t<\/div>\n\t\t\t\t<\/div>\n\t\t\t\t\t<\/div>\n\t\t<\/div>\n\t\t\t\t<div class=\"elementor-column elementor-col-66 elementor-top-column elementor-element elementor-element-235e962\" data-id=\"235e962\" data-element_type=\"column\">\n\t\t\t<div class=\"elementor-widget-wrap elementor-element-populated\">\n\t\t\t\t\t\t\t\t<div class=\"elementor-element elementor-element-ce71112 elementor-widget elementor-widget-image\" data-id=\"ce71112\" data-element_type=\"widget\" data-widget_type=\"image.default\">\n\t\t\t\t<div class=\"elementor-widget-container\">\n\t\t\t\t\t\t\t\t\t\t\t\t\t\t\t<img decoding=\"async\" width=\"400\" height=\"600\" src=\"https:\/\/almacigasociocultural.org\/wp-content\/uploads\/2024\/03\/Cartel-Expo-S-4x6-2.jpg\" class=\"attachment-large size-large wp-image-3094\" alt=\"\" loading=\"lazy\" srcset=\"https:\/\/almacigasociocultural.org\/wp-content\/uploads\/2024\/03\/Cartel-Expo-S-4x6-2.jpg 400w, https:\/\/almacigasociocultural.org\/wp-content\/uploads\/2024\/03\/Cartel-Expo-S-4x6-2-200x300.jpg 200w\" sizes=\"100vw\" \/>\t\t\t\t\t\t\t\t\t\t\t\t\t\t\t<\/div>\n\t\t\t\t<\/div>\n\t\t\t\t\t<\/div>\n\t\t<\/div>\n\t\t\t\t\t\t\t<\/div>\n\t\t<\/section>\n\t\t\t\t<section class=\"elementor-section elementor-top-section elementor-element elementor-element-921e3cf elementor-section-boxed elementor-section-height-default elementor-section-height-default\" data-id=\"921e3cf\" data-element_type=\"section\">\n\t\t\t\t\t\t<div class=\"elementor-container elementor-column-gap-default\">\n\t\t\t\t\t<div class=\"elementor-column elementor-col-33 elementor-top-column elementor-element elementor-element-a5847f5\" data-id=\"a5847f5\" data-element_type=\"column\">\n\t\t\t<div class=\"elementor-widget-wrap elementor-element-populated\">\n\t\t\t\t\t\t\t\t<div class=\"elementor-element elementor-element-4eddc58 elementor-widget elementor-widget-text-editor\" data-id=\"4eddc58\" data-element_type=\"widget\" data-widget_type=\"text-editor.default\">\n\t\t\t\t<div class=\"elementor-widget-container\">\n\t\t\t\t\t\t\t<h3>Valentina Romero Mateo en \/RESIDENTS.<\/h3>\t\t\t\t\t\t<\/div>\n\t\t\t\t<\/div>\n\t\t\t\t\t<\/div>\n\t\t<\/div>\n\t\t\t\t<div class=\"elementor-column elementor-col-66 elementor-top-column elementor-element elementor-element-9a53990\" data-id=\"9a53990\" data-element_type=\"column\">\n\t\t\t<div class=\"elementor-widget-wrap elementor-element-populated\">\n\t\t\t\t\t\t\t\t<div class=\"elementor-element elementor-element-ab024f4 elementor-arrows-position-inside elementor-widget elementor-widget-image-carousel\" data-id=\"ab024f4\" data-element_type=\"widget\" data-settings=\"{&quot;slides_to_show&quot;:&quot;1&quot;,&quot;navigation&quot;:&quot;arrows&quot;,&quot;autoplay&quot;:&quot;yes&quot;,&quot;pause_on_hover&quot;:&quot;yes&quot;,&quot;pause_on_interaction&quot;:&quot;yes&quot;,&quot;autoplay_speed&quot;:5000,&quot;infinite&quot;:&quot;yes&quot;,&quot;effect&quot;:&quot;slide&quot;,&quot;speed&quot;:500}\" data-widget_type=\"image-carousel.default\">\n\t\t\t\t<div class=\"elementor-widget-container\">\n\t\t\t\t\t<div class=\"elementor-image-carousel-wrapper swiper\" dir=\"ltr\">\n\t\t\t<div class=\"elementor-image-carousel swiper-wrapper\">\n\t\t\t\t\t\t\t\t<div class=\"swiper-slide\"><figure class=\"swiper-slide-inner\"><img decoding=\"async\" class=\"swiper-slide-image\" src=\"https:\/\/almacigasociocultural.org\/wp-content\/uploads\/2024\/03\/Expo-Valentina-01-6x4-1.jpg\" alt=\"Expo Valentina 01 6x4\" \/><\/figure><\/div><div class=\"swiper-slide\"><figure class=\"swiper-slide-inner\"><img decoding=\"async\" class=\"swiper-slide-image\" src=\"https:\/\/almacigasociocultural.org\/wp-content\/uploads\/2024\/03\/Expo-Valentina-03-6x4-1.jpg\" alt=\"Expo Valentina 03 6x4\" \/><\/figure><\/div><div class=\"swiper-slide\"><figure class=\"swiper-slide-inner\"><img decoding=\"async\" class=\"swiper-slide-image\" src=\"https:\/\/almacigasociocultural.org\/wp-content\/uploads\/2024\/04\/Expo-Valentina-04-6x4-1.jpg\" alt=\"Expo Valentina 04 6x4\" \/><\/figure><\/div>\t\t\t<\/div>\n\t\t\t\t\t\t\t\t\t\t\t\t\t\t\t\t<div class=\"elementor-swiper-button elementor-swiper-button-prev\">\n\t\t\t\t\t\t<i aria-hidden=\"true\" class=\"eicon-chevron-left\"><\/i>\t\t\t\t\t\t<span class=\"elementor-screen-only\">Previous<\/span>\n\t\t\t\t\t<\/div>\n\t\t\t\t\t<div class=\"elementor-swiper-button elementor-swiper-button-next\">\n\t\t\t\t\t\t<i aria-hidden=\"true\" class=\"eicon-chevron-right\"><\/i>\t\t\t\t\t\t<span class=\"elementor-screen-only\">Next<\/span>\n\t\t\t\t\t<\/div>\n\t\t\t\t\t\t\t\t\t<\/div>\n\t\t\t\t<\/div>\n\t\t\t\t<\/div>\n\t\t\t\t\t<\/div>\n\t\t<\/div>\n\t\t\t\t\t\t\t<\/div>\n\t\t<\/section>\n\t\t\t\t<section class=\"elementor-section elementor-top-section elementor-element elementor-element-154b4b2 elementor-section-boxed elementor-section-height-default elementor-section-height-default\" data-id=\"154b4b2\" data-element_type=\"section\">\n\t\t\t\t\t\t<div class=\"elementor-container elementor-column-gap-default\">\n\t\t\t\t\t<div class=\"elementor-column elementor-col-33 elementor-top-column elementor-element elementor-element-145107f\" data-id=\"145107f\" data-element_type=\"column\">\n\t\t\t<div class=\"elementor-widget-wrap elementor-element-populated\">\n\t\t\t\t\t\t\t\t<div class=\"elementor-element elementor-element-b8169c6 elementor-widget elementor-widget-image\" data-id=\"b8169c6\" data-element_type=\"widget\" data-widget_type=\"image.default\">\n\t\t\t\t<div class=\"elementor-widget-container\">\n\t\t\t\t\t\t\t\t\t\t\t\t\t\t\t<img decoding=\"async\" width=\"400\" height=\"600\" src=\"https:\/\/almacigasociocultural.org\/wp-content\/uploads\/2024\/03\/Expo-Valentina-02-6x4-1.jpg\" class=\"attachment-large size-large wp-image-3068\" alt=\"\" loading=\"lazy\" srcset=\"https:\/\/almacigasociocultural.org\/wp-content\/uploads\/2024\/03\/Expo-Valentina-02-6x4-1.jpg 400w, https:\/\/almacigasociocultural.org\/wp-content\/uploads\/2024\/03\/Expo-Valentina-02-6x4-1-200x300.jpg 200w\" sizes=\"100vw\" \/>\t\t\t\t\t\t\t\t\t\t\t\t\t\t\t<\/div>\n\t\t\t\t<\/div>\n\t\t\t\t\t<\/div>\n\t\t<\/div>\n\t\t\t\t<div class=\"elementor-column elementor-col-66 elementor-top-column elementor-element elementor-element-8b7f476\" data-id=\"8b7f476\" data-element_type=\"column\">\n\t\t\t<div class=\"elementor-widget-wrap elementor-element-populated\">\n\t\t\t\t\t\t\t\t<div class=\"elementor-element elementor-element-0ced3e7 elementor-widget elementor-widget-image\" data-id=\"0ced3e7\" data-element_type=\"widget\" data-widget_type=\"image.default\">\n\t\t\t\t<div class=\"elementor-widget-container\">\n\t\t\t\t\t\t\t\t\t\t\t\t\t\t\t<img decoding=\"async\" width=\"400\" height=\"600\" src=\"https:\/\/almacigasociocultural.org\/wp-content\/uploads\/2024\/03\/Cartel-Expo-V-4x6-2.jpg\" class=\"attachment-large size-large wp-image-3095\" alt=\"\" loading=\"lazy\" srcset=\"https:\/\/almacigasociocultural.org\/wp-content\/uploads\/2024\/03\/Cartel-Expo-V-4x6-2.jpg 400w, https:\/\/almacigasociocultural.org\/wp-content\/uploads\/2024\/03\/Cartel-Expo-V-4x6-2-200x300.jpg 200w\" sizes=\"100vw\" \/>\t\t\t\t\t\t\t\t\t\t\t\t\t\t\t<\/div>\n\t\t\t\t<\/div>\n\t\t\t\t\t<\/div>\n\t\t<\/div>\n\t\t\t\t\t\t\t<\/div>\n\t\t<\/section>\n\t\t\t\t<section class=\"elementor-section elementor-top-section elementor-element elementor-element-16a8319 elementor-section-boxed elementor-section-height-default elementor-section-height-default\" data-id=\"16a8319\" data-element_type=\"section\">\n\t\t\t\t\t\t<div class=\"elementor-container elementor-column-gap-default\">\n\t\t\t\t\t<div class=\"elementor-column elementor-col-33 elementor-top-column elementor-element elementor-element-1792190\" data-id=\"1792190\" data-element_type=\"column\">\n\t\t\t<div class=\"elementor-widget-wrap elementor-element-populated\">\n\t\t\t\t\t\t\t\t<div class=\"elementor-element elementor-element-50610a8 elementor-widget elementor-widget-text-editor\" data-id=\"50610a8\" data-element_type=\"widget\" data-widget_type=\"text-editor.default\">\n\t\t\t\t<div class=\"elementor-widget-container\">\n\t\t\t\t\t\t\t<h3>David Trashumante en \/RESIDENTS<\/h3>\t\t\t\t\t\t<\/div>\n\t\t\t\t<\/div>\n\t\t\t\t\t<\/div>\n\t\t<\/div>\n\t\t\t\t<div class=\"elementor-column elementor-col-66 elementor-top-column elementor-element elementor-element-10c3ef8\" data-id=\"10c3ef8\" data-element_type=\"column\">\n\t\t\t<div class=\"elementor-widget-wrap elementor-element-populated\">\n\t\t\t\t\t\t\t\t<div class=\"elementor-element elementor-element-9fae986 elementor-arrows-position-inside elementor-widget elementor-widget-image-carousel\" data-id=\"9fae986\" data-element_type=\"widget\" data-settings=\"{&quot;slides_to_show&quot;:&quot;1&quot;,&quot;navigation&quot;:&quot;arrows&quot;,&quot;autoplay&quot;:&quot;yes&quot;,&quot;pause_on_hover&quot;:&quot;yes&quot;,&quot;pause_on_interaction&quot;:&quot;yes&quot;,&quot;autoplay_speed&quot;:5000,&quot;infinite&quot;:&quot;yes&quot;,&quot;effect&quot;:&quot;slide&quot;,&quot;speed&quot;:500}\" data-widget_type=\"image-carousel.default\">\n\t\t\t\t<div class=\"elementor-widget-container\">\n\t\t\t\t\t<div class=\"elementor-image-carousel-wrapper swiper\" dir=\"ltr\">\n\t\t\t<div class=\"elementor-image-carousel swiper-wrapper\">\n\t\t\t\t\t\t\t\t<div class=\"swiper-slide\"><figure class=\"swiper-slide-inner\"><img decoding=\"async\" class=\"swiper-slide-image\" src=\"https:\/\/almacigasociocultural.org\/wp-content\/uploads\/2024\/04\/Expo-David-04-6x4-1.jpg\" alt=\"Expo David 04 6x4\" \/><\/figure><\/div><div class=\"swiper-slide\"><figure class=\"swiper-slide-inner\"><img decoding=\"async\" class=\"swiper-slide-image\" src=\"https:\/\/almacigasociocultural.org\/wp-content\/uploads\/2024\/03\/Expo-David-03-6x4-1.jpg\" alt=\"Expo David 03 6x4\" \/><\/figure><\/div><div class=\"swiper-slide\"><figure class=\"swiper-slide-inner\"><img decoding=\"async\" class=\"swiper-slide-image\" src=\"https:\/\/almacigasociocultural.org\/wp-content\/uploads\/2024\/03\/Expo-David-01-6x4-1.jpg\" alt=\"Expo David 01 6x4\" \/><\/figure><\/div>\t\t\t<\/div>\n\t\t\t\t\t\t\t\t\t\t\t\t\t\t\t\t<div class=\"elementor-swiper-button elementor-swiper-button-prev\">\n\t\t\t\t\t\t<i aria-hidden=\"true\" class=\"eicon-chevron-left\"><\/i>\t\t\t\t\t\t<span class=\"elementor-screen-only\">Previous<\/span>\n\t\t\t\t\t<\/div>\n\t\t\t\t\t<div class=\"elementor-swiper-button elementor-swiper-button-next\">\n\t\t\t\t\t\t<i aria-hidden=\"true\" class=\"eicon-chevron-right\"><\/i>\t\t\t\t\t\t<span class=\"elementor-screen-only\">Next<\/span>\n\t\t\t\t\t<\/div>\n\t\t\t\t\t\t\t\t\t<\/div>\n\t\t\t\t<\/div>\n\t\t\t\t<\/div>\n\t\t\t\t\t<\/div>\n\t\t<\/div>\n\t\t\t\t\t\t\t<\/div>\n\t\t<\/section>\n\t\t\t\t<section class=\"elementor-section elementor-top-section elementor-element elementor-element-d62d341 elementor-section-boxed elementor-section-height-default elementor-section-height-default\" data-id=\"d62d341\" data-element_type=\"section\">\n\t\t\t\t\t\t<div class=\"elementor-container elementor-column-gap-default\">\n\t\t\t\t\t<div class=\"elementor-column elementor-col-33 elementor-top-column elementor-element elementor-element-088a941\" data-id=\"088a941\" data-element_type=\"column\">\n\t\t\t<div class=\"elementor-widget-wrap elementor-element-populated\">\n\t\t\t\t\t\t\t\t<div class=\"elementor-element elementor-element-28abc87 elementor-widget elementor-widget-image\" data-id=\"28abc87\" data-element_type=\"widget\" data-widget_type=\"image.default\">\n\t\t\t\t<div class=\"elementor-widget-container\">\n\t\t\t\t\t\t\t\t\t\t\t\t\t\t\t<img decoding=\"async\" width=\"400\" height=\"600\" src=\"https:\/\/almacigasociocultural.org\/wp-content\/uploads\/2024\/03\/Cartel-Expo-D-4x6-2.jpg\" class=\"attachment-large size-large wp-image-3092\" alt=\"\" loading=\"lazy\" srcset=\"https:\/\/almacigasociocultural.org\/wp-content\/uploads\/2024\/03\/Cartel-Expo-D-4x6-2.jpg 400w, https:\/\/almacigasociocultural.org\/wp-content\/uploads\/2024\/03\/Cartel-Expo-D-4x6-2-200x300.jpg 200w\" sizes=\"100vw\" \/>\t\t\t\t\t\t\t\t\t\t\t\t\t\t\t<\/div>\n\t\t\t\t<\/div>\n\t\t\t\t\t<\/div>\n\t\t<\/div>\n\t\t\t\t<div class=\"elementor-column elementor-col-66 elementor-top-column elementor-element elementor-element-c665d9d\" data-id=\"c665d9d\" data-element_type=\"column\">\n\t\t\t<div class=\"elementor-widget-wrap elementor-element-populated\">\n\t\t\t\t\t\t\t\t<div class=\"elementor-element elementor-element-4aa6cca elementor-widget__width-initial elementor-widget elementor-widget-image\" data-id=\"4aa6cca\" data-element_type=\"widget\" data-widget_type=\"image.default\">\n\t\t\t\t<div class=\"elementor-widget-container\">\n\t\t\t\t\t\t\t\t\t\t\t\t\t\t\t<img decoding=\"async\" width=\"600\" height=\"400\" src=\"https:\/\/almacigasociocultural.org\/wp-content\/uploads\/2024\/04\/Expo-David-02-6x4-1.jpg\" class=\"attachment-large size-large wp-image-3135\" alt=\"\" loading=\"lazy\" srcset=\"https:\/\/almacigasociocultural.org\/wp-content\/uploads\/2024\/04\/Expo-David-02-6x4-1.jpg 600w, https:\/\/almacigasociocultural.org\/wp-content\/uploads\/2024\/04\/Expo-David-02-6x4-1-300x200.jpg 300w\" sizes=\"100vw\" \/>\t\t\t\t\t\t\t\t\t\t\t\t\t\t\t<\/div>\n\t\t\t\t<\/div>\n\t\t\t\t\t<\/div>\n\t\t<\/div>\n\t\t\t\t\t\t\t<\/div>\n\t\t<\/section>\n\t\t\t\t<section class=\"elementor-section elementor-top-section elementor-element elementor-element-a59e8fe elementor-section-boxed elementor-section-height-default elementor-section-height-default\" data-id=\"a59e8fe\" data-element_type=\"section\">\n\t\t\t\t\t\t<div class=\"elementor-container elementor-column-gap-default\">\n\t\t\t\t\t<div class=\"elementor-column elementor-col-100 elementor-top-column elementor-element elementor-element-7d355d9\" data-id=\"7d355d9\" data-element_type=\"column\">\n\t\t\t<div class=\"elementor-widget-wrap elementor-element-populated\">\n\t\t\t\t\t\t\t\t<div class=\"elementor-element elementor-element-d205eda elementor-widget elementor-widget-text-editor\" data-id=\"d205eda\" data-element_type=\"widget\" data-widget_type=\"text-editor.default\">\n\t\t\t\t<div class=\"elementor-widget-container\">\n\t\t\t\t\t\t\t<h3>Recorrido por las obras de sitio espec\u00edfico junto a la comunidad <\/h3>\t\t\t\t\t\t<\/div>\n\t\t\t\t<\/div>\n\t\t\t\t\t<\/div>\n\t\t<\/div>\n\t\t\t\t\t\t\t<\/div>\n\t\t<\/section>\n\t\t\t\t<section class=\"elementor-section elementor-top-section elementor-element elementor-element-8de0063 elementor-section-boxed elementor-section-height-default elementor-section-height-default\" data-id=\"8de0063\" data-element_type=\"section\">\n\t\t\t\t\t\t<div class=\"elementor-container elementor-column-gap-default\">\n\t\t\t\t\t<div class=\"elementor-column elementor-col-33 elementor-top-column elementor-element elementor-element-a83b93c\" data-id=\"a83b93c\" data-element_type=\"column\">\n\t\t\t<div class=\"elementor-widget-wrap\">\n\t\t\t\t\t\t\t\t\t<\/div>\n\t\t<\/div>\n\t\t\t\t<div class=\"elementor-column elementor-col-66 elementor-top-column elementor-element elementor-element-4f472a4\" data-id=\"4f472a4\" data-element_type=\"column\">\n\t\t\t<div class=\"elementor-widget-wrap elementor-element-populated\">\n\t\t\t\t\t\t\t\t<div class=\"elementor-element elementor-element-3491e98 elementor-widget elementor-widget-image\" data-id=\"3491e98\" data-element_type=\"widget\" data-widget_type=\"image.default\">\n\t\t\t\t<div class=\"elementor-widget-container\">\n\t\t\t\t\t\t\t\t\t\t\t\t\t\t\t<img decoding=\"async\" width=\"600\" height=\"400\" src=\"https:\/\/almacigasociocultural.org\/wp-content\/uploads\/2024\/03\/Expo-Publico-01-6x4-1.jpg\" class=\"attachment-large size-large wp-image-3117\" alt=\"\" loading=\"lazy\" srcset=\"https:\/\/almacigasociocultural.org\/wp-content\/uploads\/2024\/03\/Expo-Publico-01-6x4-1.jpg 600w, https:\/\/almacigasociocultural.org\/wp-content\/uploads\/2024\/03\/Expo-Publico-01-6x4-1-300x200.jpg 300w\" sizes=\"100vw\" \/>\t\t\t\t\t\t\t\t\t\t\t\t\t\t\t<\/div>\n\t\t\t\t<\/div>\n\t\t\t\t\t<\/div>\n\t\t<\/div>\n\t\t\t\t\t\t\t<\/div>\n\t\t<\/section>\n\t\t\t\t<section class=\"elementor-section elementor-top-section elementor-element elementor-element-ea423fe elementor-section-boxed elementor-section-height-default elementor-section-height-default\" data-id=\"ea423fe\" data-element_type=\"section\">\n\t\t\t\t\t\t<div class=\"elementor-container elementor-column-gap-default\">\n\t\t\t\t\t<div class=\"elementor-column elementor-col-33 elementor-top-column elementor-element elementor-element-81cf2e1\" data-id=\"81cf2e1\" data-element_type=\"column\">\n\t\t\t<div class=\"elementor-widget-wrap\">\n\t\t\t\t\t\t\t\t\t<\/div>\n\t\t<\/div>\n\t\t\t\t<div class=\"elementor-column elementor-col-33 elementor-top-column elementor-element elementor-element-2f9066f\" data-id=\"2f9066f\" data-element_type=\"column\">\n\t\t\t<div class=\"elementor-widget-wrap elementor-element-populated\">\n\t\t\t\t\t\t\t\t<div class=\"elementor-element elementor-element-021f16d elementor-widget elementor-widget-text-editor\" data-id=\"021f16d\" data-element_type=\"widget\" data-widget_type=\"text-editor.default\">\n\t\t\t\t<div class=\"elementor-widget-container\">\n\t\t\t\t\t\t\t<h3>PRENSA \/RESIDENTS<\/h3>\t\t\t\t\t\t<\/div>\n\t\t\t\t<\/div>\n\t\t\t\t\t<\/div>\n\t\t<\/div>\n\t\t\t\t<div class=\"elementor-column elementor-col-33 elementor-top-column elementor-element elementor-element-282108e\" data-id=\"282108e\" data-element_type=\"column\">\n\t\t\t<div class=\"elementor-widget-wrap\">\n\t\t\t\t\t\t\t\t\t<\/div>\n\t\t<\/div>\n\t\t\t\t\t\t\t<\/div>\n\t\t<\/section>\n\t\t\t\t<section class=\"elementor-section elementor-top-section elementor-element elementor-element-4211618 elementor-section-boxed elementor-section-height-default elementor-section-height-default\" data-id=\"4211618\" data-element_type=\"section\">\n\t\t\t\t\t\t<div class=\"elementor-container elementor-column-gap-default\">\n\t\t\t\t\t<div class=\"elementor-column elementor-col-33 elementor-top-column elementor-element elementor-element-db06e51\" data-id=\"db06e51\" data-element_type=\"column\">\n\t\t\t<div class=\"elementor-widget-wrap elementor-element-populated\">\n\t\t\t\t\t\t\t\t<div class=\"elementor-element elementor-element-1321007 elementor-widget elementor-widget-text-editor\" data-id=\"1321007\" data-element_type=\"widget\" data-widget_type=\"text-editor.default\">\n\t\t\t\t<div class=\"elementor-widget-container\">\n\t\t\t\t\t\t\t<p>Noticias Comarques Nord <br><\/p>\t\t\t\t\t\t<\/div>\n\t\t\t\t<\/div>\n\t\t\t\t\t<\/div>\n\t\t<\/div>\n\t\t\t\t<div class=\"elementor-column elementor-col-66 elementor-top-column elementor-element elementor-element-7e26480\" data-id=\"7e26480\" data-element_type=\"column\">\n\t\t\t<div class=\"elementor-widget-wrap elementor-element-populated\">\n\t\t\t\t\t\t\t\t<div class=\"elementor-element elementor-element-5f1b873 elementor-widget elementor-widget-image\" data-id=\"5f1b873\" data-element_type=\"widget\" data-widget_type=\"image.default\">\n\t\t\t\t<div class=\"elementor-widget-container\">\n\t\t\t\t\t\t\t\t\t\t\t\t\t\t\t<img decoding=\"async\" width=\"950\" height=\"547\" src=\"https:\/\/almacigasociocultural.org\/wp-content\/uploads\/2024\/04\/NORD-noticies-02-1024x590.jpg\" class=\"attachment-large size-large wp-image-3151\" alt=\"\" loading=\"lazy\" srcset=\"https:\/\/almacigasociocultural.org\/wp-content\/uploads\/2024\/04\/NORD-noticies-02-1024x590.jpg 1024w, https:\/\/almacigasociocultural.org\/wp-content\/uploads\/2024\/04\/NORD-noticies-02-300x173.jpg 300w, https:\/\/almacigasociocultural.org\/wp-content\/uploads\/2024\/04\/NORD-noticies-02.jpg 1280w\" sizes=\"100vw\" \/>\t\t\t\t\t\t\t\t\t\t\t\t\t\t\t<\/div>\n\t\t\t\t<\/div>\n\t\t\t\t\t<\/div>\n\t\t<\/div>\n\t\t\t\t\t\t\t<\/div>\n\t\t<\/section>\n\t\t\t\t<section class=\"elementor-section elementor-top-section elementor-element elementor-element-9fccd5a elementor-section-boxed elementor-section-height-default elementor-section-height-default\" data-id=\"9fccd5a\" data-element_type=\"section\">\n\t\t\t\t\t\t<div class=\"elementor-container elementor-column-gap-default\">\n\t\t\t\t\t<div class=\"elementor-column elementor-col-33 elementor-top-column elementor-element elementor-element-359779e\" data-id=\"359779e\" data-element_type=\"column\">\n\t\t\t<div class=\"elementor-widget-wrap elementor-element-populated\">\n\t\t\t\t\t\t\t\t<div class=\"elementor-element elementor-element-746ed66 elementor-widget elementor-widget-text-editor\" data-id=\"746ed66\" data-element_type=\"widget\" data-widget_type=\"text-editor.default\">\n\t\t\t\t<div class=\"elementor-widget-container\">\n\t\t\t\t\t\t\t<p>Peri\u00f3dico Castell\u00f3n Plaza<\/p>\t\t\t\t\t\t<\/div>\n\t\t\t\t<\/div>\n\t\t\t\t\t<\/div>\n\t\t<\/div>\n\t\t\t\t<div class=\"elementor-column elementor-col-66 elementor-top-column elementor-element elementor-element-c0546ef\" data-id=\"c0546ef\" data-element_type=\"column\">\n\t\t\t<div class=\"elementor-widget-wrap elementor-element-populated\">\n\t\t\t\t\t\t\t\t<div class=\"elementor-element elementor-element-189b8c5 elementor-widget elementor-widget-image\" data-id=\"189b8c5\" data-element_type=\"widget\" data-widget_type=\"image.default\">\n\t\t\t\t<div class=\"elementor-widget-container\">\n\t\t\t\t\t\t\t\t\t\t\t\t\t\t\t<img decoding=\"async\" width=\"813\" height=\"1024\" src=\"https:\/\/almacigasociocultural.org\/wp-content\/uploads\/2024\/04\/Nota-de-prensa-Castellon-Plaza-813x1024.jpg\" class=\"attachment-large size-large wp-image-3152\" alt=\"\" loading=\"lazy\" srcset=\"https:\/\/almacigasociocultural.org\/wp-content\/uploads\/2024\/04\/Nota-de-prensa-Castellon-Plaza-813x1024.jpg 813w, https:\/\/almacigasociocultural.org\/wp-content\/uploads\/2024\/04\/Nota-de-prensa-Castellon-Plaza-238x300.jpg 238w, https:\/\/almacigasociocultural.org\/wp-content\/uploads\/2024\/04\/Nota-de-prensa-Castellon-Plaza-1220x1536.jpg 1220w, https:\/\/almacigasociocultural.org\/wp-content\/uploads\/2024\/04\/Nota-de-prensa-Castellon-Plaza.jpg 1280w\" sizes=\"100vw\" \/>\t\t\t\t\t\t\t\t\t\t\t\t\t\t\t<\/div>\n\t\t\t\t<\/div>\n\t\t\t\t\t<\/div>\n\t\t<\/div>\n\t\t\t\t\t\t\t<\/div>\n\t\t<\/section>\n\t\t\t\t<section class=\"elementor-section elementor-top-section elementor-element elementor-element-a706a79 elementor-section-boxed elementor-section-height-default elementor-section-height-default\" data-id=\"a706a79\" data-element_type=\"section\">\n\t\t\t\t\t\t<div class=\"elementor-container elementor-column-gap-default\">\n\t\t\t\t\t<div class=\"elementor-column elementor-col-100 elementor-top-column elementor-element elementor-element-9b11dd6\" data-id=\"9b11dd6\" data-element_type=\"column\">\n\t\t\t<div class=\"elementor-widget-wrap elementor-element-populated\">\n\t\t\t\t\t\t\t\t<div class=\"elementor-element elementor-element-3f363b5 elementor-widget elementor-widget-text-editor\" data-id=\"3f363b5\" data-element_type=\"widget\" data-widget_type=\"text-editor.default\">\n\t\t\t\t<div class=\"elementor-widget-container\">\n\t\t\t\t\t\t\t<section class=\"elementor-section elementor-top-section elementor-element elementor-element-2faca60 elementor-section-boxed elementor-section-height-default elementor-section-height-default\" data-id=\"2faca60\" data-element_type=\"section\"><div class=\"elementor-container elementor-column-gap-default\"><div class=\"elementor-column elementor-col-100 elementor-top-column elementor-element elementor-element-9d75926\" data-id=\"9d75926\" data-element_type=\"column\"><div class=\"elementor-widget-wrap elementor-element-populated\"><div class=\"elementor-element elementor-element-4a09fa0 elementor-widget elementor-widget-text-editor\" data-id=\"4a09fa0\" data-element_type=\"widget\" data-widget_type=\"text-editor.default\"><div class=\"elementor-widget-container\"><section class=\"elementor-section elementor-top-section elementor-element elementor-element-eecb064 elementor-section-boxed elementor-section-height-default elementor-section-height-default\" data-id=\"eecb064\" data-element_type=\"section\"><div class=\"elementor-container elementor-column-gap-default\"><div class=\"elementor-column elementor-col-100 elementor-top-column elementor-element elementor-element-6ae72b8\" data-id=\"6ae72b8\" data-element_type=\"column\"><div class=\"elementor-widget-wrap elementor-element-populated\"><div class=\"elementor-element elementor-element-3a6ebd5 elementor-widget elementor-widget-text-editor\" data-id=\"3a6ebd5\" data-element_type=\"widget\" data-widget_type=\"text-editor.default\"><div class=\"elementor-widget-container\"><section class=\"elementor-section elementor-top-section elementor-element elementor-element-8794ace elementor-section-boxed elementor-section-height-default elementor-section-height-default\" data-id=\"8794ace\" data-element_type=\"section\"><div class=\"elementor-container elementor-column-gap-default\"><div class=\"elementor-column elementor-col-100 elementor-top-column elementor-element elementor-element-abc3c0b\" data-id=\"abc3c0b\" data-element_type=\"column\"><div class=\"elementor-widget-wrap elementor-element-populated\"><div class=\"elementor-element elementor-element-2c2b0ae elementor-widget elementor-widget-text-editor\" data-id=\"2c2b0ae\" data-element_type=\"widget\" data-widget_type=\"text-editor.default\"><div class=\"elementor-widget-container\"><h4>\/RESIDENTS. Art expandit en la ruralitat.<br \/>Residencia art\u00edstica en Cinctorres. OCT-NOV 2023.<br \/>Generalitat Valenciana. Institut Valenci\u00e0 de Cultura. Next Generation European Union. <br \/>Colabora: Ayuntamiento de Cinctorres.<\/h4><p>Artistas: Mery Sut Favaretto \/ Susana Gil Celma \/ David Trashumante \/ Valentina Romero<\/p><p>Equipo de producci\u00f3n Alm\u00e1ciga: Milaniza Montalvo Garc\u00eda\/ Gabriela Rivera Lucero\/ Salvador Troncoso Curivil<\/p><\/div><\/div><\/div><\/div><\/div><\/section><\/div><\/div><\/div><\/div><\/div><\/section><\/div><\/div><\/div><\/div><\/div><\/section>\t\t\t\t\t\t<\/div>\n\t\t\t\t<\/div>\n\t\t\t\t\t<\/div>\n\t\t<\/div>\n\t\t\t\t\t\t\t<\/div>\n\t\t<\/section>\n\t\t\t\t\t\t\t<\/div>\n\t\t","protected":false},"excerpt":{"rendered":"<p>\u201cRESIDENTES \/ RESIDENTS\u201dArte expandido en la ruralidad \/ Art expandit en la ruralitat. Cinctorres 2023. Patrocina Financiado por: la Uni\u00f3n Europea &#8211; NextGenerationEU. Gobierno de Espa\u00f1a &#8211; Ministerio de Cultura y Deporte. Plan de Recuperaci\u00f3n, Transformaci\u00f3n y Resiliencia. Generalitat Valenciana &#8211; Vicepresid\u00e8ncia Primera i Conselleria de Cultura y Esport. GVA NEXT &#8211; Fondos Next Generation &hellip; <\/p>\n<p class=\"link-more\"><a href=\"https:\/\/almacigasociocultural.org\/index.php\/residents\/\" class=\"more-link\">Read more<span class=\"screen-reader-text\"> &#8220;RESIDENTES\/RESIDENTS&#8221;<\/span><\/a><\/p>\n","protected":false},"author":1,"featured_media":0,"parent":0,"menu_order":0,"comment_status":"closed","ping_status":"closed","template":"","meta":{"_uag_custom_page_level_css":""},"uagb_featured_image_src":{"full":false,"thumbnail":false,"medium":false,"medium_large":false,"large":false,"1536x1536":false,"2048x2048":false,"inspiro-featured-image":false,"inspiro-loop":false,"inspiro-loop@2x":false},"uagb_author_info":{"display_name":"curivil","author_link":false},"uagb_comment_info":0,"uagb_excerpt":"\u201cRESIDENTES \/ RESIDENTS\u201dArte expandido en la ruralidad \/ Art expandit en la ruralitat. Cinctorres 2023. Patrocina Financiado por: la Uni\u00f3n Europea &#8211; NextGenerationEU. Gobierno de Espa\u00f1a &#8211; Ministerio de Cultura y Deporte. Plan de Recuperaci\u00f3n, Transformaci\u00f3n y Resiliencia. Generalitat Valenciana &#8211; Vicepresid\u00e8ncia Primera i Conselleria de Cultura y Esport. GVA NEXT &#8211; Fondos Next Generation&hellip;","_links":{"self":[{"href":"https:\/\/almacigasociocultural.org\/index.php\/wp-json\/wp\/v2\/pages\/2353"}],"collection":[{"href":"https:\/\/almacigasociocultural.org\/index.php\/wp-json\/wp\/v2\/pages"}],"about":[{"href":"https:\/\/almacigasociocultural.org\/index.php\/wp-json\/wp\/v2\/types\/page"}],"author":[{"embeddable":true,"href":"https:\/\/almacigasociocultural.org\/index.php\/wp-json\/wp\/v2\/users\/1"}],"replies":[{"embeddable":true,"href":"https:\/\/almacigasociocultural.org\/index.php\/wp-json\/wp\/v2\/comments?post=2353"}],"version-history":[{"count":220,"href":"https:\/\/almacigasociocultural.org\/index.php\/wp-json\/wp\/v2\/pages\/2353\/revisions"}],"predecessor-version":[{"id":3816,"href":"https:\/\/almacigasociocultural.org\/index.php\/wp-json\/wp\/v2\/pages\/2353\/revisions\/3816"}],"wp:attachment":[{"href":"https:\/\/almacigasociocultural.org\/index.php\/wp-json\/wp\/v2\/media?parent=2353"}],"curies":[{"name":"wp","href":"https:\/\/api.w.org\/{rel}","templated":true}]}}