{"id":2358,"date":"2024-02-23T11:08:11","date_gmt":"2024-02-23T11:08:11","guid":{"rendered":"https:\/\/almacigasociocultural.org\/?page_id=2358"},"modified":"2026-03-22T17:20:09","modified_gmt":"2026-03-22T17:20:09","slug":"pedra-aigua-terra","status":"publish","type":"page","link":"https:\/\/almacigasociocultural.org\/index.php\/pedra-aigua-terra\/","title":{"rendered":"PEDRA\/AIGUA\/TERRA"},"content":{"rendered":"\t\t<div data-elementor-type=\"wp-page\" data-elementor-id=\"2358\" class=\"elementor elementor-2358\">\n\t\t\t\t\t\t\t\t\t<section class=\"elementor-section elementor-top-section elementor-element elementor-element-188546f elementor-section-boxed elementor-section-height-default elementor-section-height-default\" data-id=\"188546f\" data-element_type=\"section\">\n\t\t\t\t\t\t<div class=\"elementor-container elementor-column-gap-default\">\n\t\t\t\t\t<div class=\"elementor-column elementor-col-100 elementor-top-column elementor-element elementor-element-b801e59\" data-id=\"b801e59\" data-element_type=\"column\">\n\t\t\t<div class=\"elementor-widget-wrap elementor-element-populated\">\n\t\t\t\t\t\t\t\t<div class=\"elementor-element elementor-element-590657f elementor-widget elementor-widget-text-editor\" data-id=\"590657f\" data-element_type=\"widget\" data-widget_type=\"text-editor.default\">\n\t\t\t\t<div class=\"elementor-widget-container\">\n\t\t\t<style>\/*! elementor - v3.12.2 - 23-04-2023 *\/\n.elementor-widget-text-editor.elementor-drop-cap-view-stacked .elementor-drop-cap{background-color:#69727d;color:#fff}.elementor-widget-text-editor.elementor-drop-cap-view-framed .elementor-drop-cap{color:#69727d;border:3px solid;background-color:transparent}.elementor-widget-text-editor:not(.elementor-drop-cap-view-default) .elementor-drop-cap{margin-top:8px}.elementor-widget-text-editor:not(.elementor-drop-cap-view-default) .elementor-drop-cap-letter{width:1em;height:1em}.elementor-widget-text-editor .elementor-drop-cap{float:left;text-align:center;line-height:1;font-size:50px}.elementor-widget-text-editor .elementor-drop-cap-letter{display:inline-block}<\/style>\t\t\t\t<h2><strong>\/RESIDENTS \/<\/strong><strong>\/PEDRA\/AIGUA\/TERRA <\/strong><\/h2><p><strong>Residencia art\u00edstica en contexto rural. Cinctorres. CV-ES. <\/strong>\/RESIDENTS es un espacio de encuentro entre artistas nacionales e internacionales para el intercambio de experiencias profesionalizantes en una residencia de mediana duraci\u00f3n en el mundo rural, para investigaci\u00f3n, creaci\u00f3n y producci\u00f3n art\u00edstica de Sitio espec\u00edfico. Y se propone establecer a trav\u00e9s de la mediaci\u00f3n cultural, realizada por su equipo de expertas\/os, un dialogo fruct\u00edfero entre arte, ruralidad, patrimonio y comunidad. \/RESIDENTS investiga en las potencialidades art\u00edsticas y culturales del mundo rural en la comuna de Cinctorres.<\/p>\t\t\t\t\t\t<\/div>\n\t\t\t\t<\/div>\n\t\t\t\t\t<\/div>\n\t\t<\/div>\n\t\t\t\t\t\t\t<\/div>\n\t\t<\/section>\n\t\t\t\t<section class=\"elementor-section elementor-top-section elementor-element elementor-element-d91ed09 elementor-section-boxed elementor-section-height-default elementor-section-height-default\" data-id=\"d91ed09\" data-element_type=\"section\">\n\t\t\t\t\t\t<div class=\"elementor-container elementor-column-gap-default\">\n\t\t\t\t\t<div class=\"elementor-column elementor-col-100 elementor-top-column elementor-element elementor-element-38ab6b6\" data-id=\"38ab6b6\" data-element_type=\"column\">\n\t\t\t<div class=\"elementor-widget-wrap elementor-element-populated\">\n\t\t\t\t\t\t\t\t<div class=\"elementor-element elementor-element-1aec2e0 elementor-widget elementor-widget-text-editor\" data-id=\"1aec2e0\" data-element_type=\"widget\" data-widget_type=\"text-editor.default\">\n\t\t\t\t<div class=\"elementor-widget-container\">\n\t\t\t\t\t\t\t<p>\/RESIDENTS \/PEDRA AIGUA\/TERRA Versiones 2025-2024&nbsp; cont\u00f3 con el patrocinio de PICE \u00b7 AC\/E \u00b7 Goethe Institut. \/RESIDENTS \/PEDRA\/AIGUA\/TERRA \/MILANIZA\/JOCELYNE\/MERY\/MAGDALENA\/DAVID\/MILAGROS\/ANNA\/SOF\u00cdA\/GABRIELA\/SALVADOR<br><\/p>\t\t\t\t\t\t<\/div>\n\t\t\t\t<\/div>\n\t\t\t\t\t<\/div>\n\t\t<\/div>\n\t\t\t\t\t\t\t<\/div>\n\t\t<\/section>\n\t\t\t\t<section class=\"elementor-section elementor-top-section elementor-element elementor-element-d090879 elementor-section-boxed elementor-section-height-default elementor-section-height-default\" data-id=\"d090879\" data-element_type=\"section\">\n\t\t\t\t\t\t<div class=\"elementor-container elementor-column-gap-default\">\n\t\t\t\t\t<div class=\"elementor-column elementor-col-33 elementor-top-column elementor-element elementor-element-479c561\" data-id=\"479c561\" data-element_type=\"column\">\n\t\t\t<div class=\"elementor-widget-wrap\">\n\t\t\t\t\t\t\t\t\t<\/div>\n\t\t<\/div>\n\t\t\t\t<div class=\"elementor-column elementor-col-33 elementor-top-column elementor-element elementor-element-e3ee298\" data-id=\"e3ee298\" data-element_type=\"column\">\n\t\t\t<div class=\"elementor-widget-wrap\">\n\t\t\t\t\t\t\t\t\t<\/div>\n\t\t<\/div>\n\t\t\t\t<div class=\"elementor-column elementor-col-33 elementor-top-column elementor-element elementor-element-38b3fb5\" data-id=\"38b3fb5\" data-element_type=\"column\">\n\t\t\t<div class=\"elementor-widget-wrap\">\n\t\t\t\t\t\t\t\t\t<\/div>\n\t\t<\/div>\n\t\t\t\t\t\t\t<\/div>\n\t\t<\/section>\n\t\t\t\t<section class=\"elementor-section elementor-top-section elementor-element elementor-element-22d7f10 elementor-section-boxed elementor-section-height-default elementor-section-height-default\" data-id=\"22d7f10\" data-element_type=\"section\">\n\t\t\t\t\t\t<div class=\"elementor-container elementor-column-gap-default\">\n\t\t\t\t\t<div class=\"elementor-column elementor-col-100 elementor-top-column elementor-element elementor-element-d0b1e72\" data-id=\"d0b1e72\" data-element_type=\"column\">\n\t\t\t<div class=\"elementor-widget-wrap elementor-element-populated\">\n\t\t\t\t\t\t\t\t<div class=\"elementor-element elementor-element-a981ddc elementor-widget elementor-widget-text-editor\" data-id=\"a981ddc\" data-element_type=\"widget\" data-widget_type=\"text-editor.default\">\n\t\t\t\t<div class=\"elementor-widget-container\">\n\t\t\t\t\t\t\t<h3>Milaniza Montalvo Garc\u00eda en RESIDENTS \/TERRA. Proyecto Memorias de tierra.<\/h3>\t\t\t\t\t\t<\/div>\n\t\t\t\t<\/div>\n\t\t\t\t\t<\/div>\n\t\t<\/div>\n\t\t\t\t\t\t\t<\/div>\n\t\t<\/section>\n\t\t\t\t<section class=\"elementor-section elementor-top-section elementor-element elementor-element-eea6a23 elementor-section-boxed elementor-section-height-default elementor-section-height-default\" data-id=\"eea6a23\" data-element_type=\"section\">\n\t\t\t\t\t\t<div class=\"elementor-container elementor-column-gap-default\">\n\t\t\t\t\t<div class=\"elementor-column elementor-col-50 elementor-top-column elementor-element elementor-element-c96f18b\" data-id=\"c96f18b\" data-element_type=\"column\">\n\t\t\t<div class=\"elementor-widget-wrap elementor-element-populated\">\n\t\t\t\t\t\t\t\t<div class=\"elementor-element elementor-element-9c56e54 elementor-widget elementor-widget-text-editor\" data-id=\"9c56e54\" data-element_type=\"widget\" data-widget_type=\"text-editor.default\">\n\t\t\t\t<div class=\"elementor-widget-container\">\n\t\t\t\t\t\t\t<p>Milaniza <strong>Montalvo Garc\u00eda<\/strong> estuvo en nuestra residencia <strong>\/RESIDENTS \/TERRA<\/strong> Cinctorres NOV 25. Milaniza es artista visual.<\/p><p>Milaniza ha elaborado su produccio\u0301n arti\u0301stica \u201cMemorias de tierra\u201d a partir de la investigacio\u0301n participativa con entrevistas a agentes culturales de la localidad para posteriormente realizar rutas y senderos de intere\u0301s para su propuesta arti\u0301stica. Ha realizado un estudio arti\u0301stico a partir de sus recorridos por el patrimonio natural del municipio, y realizado obras de gran formato con te\u0301cnicas de dibujo. Tambie\u0301n, realizo\u0301 obra comunitaria con familias en el taller abierto de Collage, lo que le ha permitido conocer y compartir su propuesta con la comunidad.<\/p>\t\t\t\t\t\t<\/div>\n\t\t\t\t<\/div>\n\t\t\t\t\t<\/div>\n\t\t<\/div>\n\t\t\t\t<div class=\"elementor-column elementor-col-50 elementor-top-column elementor-element elementor-element-0bddb82\" data-id=\"0bddb82\" data-element_type=\"column\">\n\t\t\t<div class=\"elementor-widget-wrap elementor-element-populated\">\n\t\t\t\t\t\t\t\t<div class=\"elementor-element elementor-element-00d4ffb elementor-widget elementor-widget-image\" data-id=\"00d4ffb\" data-element_type=\"widget\" data-widget_type=\"image.default\">\n\t\t\t\t<div class=\"elementor-widget-container\">\n\t\t\t<style>\/*! elementor - v3.12.2 - 23-04-2023 *\/\n.elementor-widget-image{text-align:center}.elementor-widget-image a{display:inline-block}.elementor-widget-image a img[src$=\".svg\"]{width:48px}.elementor-widget-image img{vertical-align:middle;display:inline-block}<\/style>\t\t\t\t\t\t\t\t\t\t\t\t<img decoding=\"async\" width=\"950\" height=\"950\" src=\"https:\/\/almacigasociocultural.org\/wp-content\/uploads\/2026\/03\/CartelaMILARESIDENTS-ACER-1024x1024.jpg\" class=\"attachment-large size-large wp-image-3622\" alt=\"\" loading=\"lazy\" srcset=\"https:\/\/almacigasociocultural.org\/wp-content\/uploads\/2026\/03\/CartelaMILARESIDENTS-ACER-1024x1024.jpg 1024w, https:\/\/almacigasociocultural.org\/wp-content\/uploads\/2026\/03\/CartelaMILARESIDENTS-ACER-300x300.jpg 300w, https:\/\/almacigasociocultural.org\/wp-content\/uploads\/2026\/03\/CartelaMILARESIDENTS-ACER-150x150.jpg 150w, https:\/\/almacigasociocultural.org\/wp-content\/uploads\/2026\/03\/CartelaMILARESIDENTS-ACER.jpg 1080w\" sizes=\"100vw\" \/>\t\t\t\t\t\t\t\t\t\t\t\t\t\t\t<\/div>\n\t\t\t\t<\/div>\n\t\t\t\t\t<\/div>\n\t\t<\/div>\n\t\t\t\t\t\t\t<\/div>\n\t\t<\/section>\n\t\t\t\t<section class=\"elementor-section elementor-top-section elementor-element elementor-element-55dbd59 elementor-section-boxed elementor-section-height-default elementor-section-height-default\" data-id=\"55dbd59\" data-element_type=\"section\">\n\t\t\t\t\t\t<div class=\"elementor-container elementor-column-gap-default\">\n\t\t\t\t\t<div class=\"elementor-column elementor-col-100 elementor-top-column elementor-element elementor-element-cef9ce4\" data-id=\"cef9ce4\" data-element_type=\"column\">\n\t\t\t<div class=\"elementor-widget-wrap elementor-element-populated\">\n\t\t\t\t\t\t\t\t<div class=\"elementor-element elementor-element-a0c2d0b elementor-widget elementor-widget-text-editor\" data-id=\"a0c2d0b\" data-element_type=\"widget\" data-widget_type=\"text-editor.default\">\n\t\t\t\t<div class=\"elementor-widget-container\">\n\t\t\t\t\t\t\t<h3>Jocelyne Rodr\u00edguez Droguett en \/RESIDENTS \/TERRA. Proyecto Herbolaria afectiva.<\/h3>\t\t\t\t\t\t<\/div>\n\t\t\t\t<\/div>\n\t\t\t\t\t<\/div>\n\t\t<\/div>\n\t\t\t\t\t\t\t<\/div>\n\t\t<\/section>\n\t\t\t\t<section class=\"elementor-section elementor-top-section elementor-element elementor-element-094a170 elementor-section-boxed elementor-section-height-default elementor-section-height-default\" data-id=\"094a170\" data-element_type=\"section\">\n\t\t\t\t\t\t<div class=\"elementor-container elementor-column-gap-default\">\n\t\t\t\t\t<div class=\"elementor-column elementor-col-50 elementor-top-column elementor-element elementor-element-dc2a9b7\" data-id=\"dc2a9b7\" data-element_type=\"column\">\n\t\t\t<div class=\"elementor-widget-wrap elementor-element-populated\">\n\t\t\t\t\t\t\t\t<div class=\"elementor-element elementor-element-59badea elementor-widget elementor-widget-text-editor\" data-id=\"59badea\" data-element_type=\"widget\" data-widget_type=\"text-editor.default\">\n\t\t\t\t<div class=\"elementor-widget-container\">\n\t\t\t\t\t\t\t<p>Jocelyne <strong>Rodr\u00edguez Droguett<\/strong> estuvo en nuestra residencia <strong>\/RESIDENTS \/TERRA.\u00a0<\/strong> Cinctorres nov 25. Jocelyne es artista visual.<\/p><p>Jocelyne ha propuesto la obra \u201cHerbolaria afectiva: arte y exploraciones territoriales\u201d, en vinculacio\u0301n con la memoria sobre de la herbolaria local, rescatando conocimientos ancestrales del uso de las plantas con fines dome\u0301sticos y curativos, como una estrategia de revalorizaci\u00f3n de saberes y el territorio a trave\u0301s de la riqueza del patrimonio natural. Su trabajo comunitario en dia\u0301logo con distintos agentes locales de la comarca Dels Ports le ha permitido producir obra situada de video arte y fotobordado para poner en valor la preservacio\u0301n de la flora para el territorio rural.<\/p>\t\t\t\t\t\t<\/div>\n\t\t\t\t<\/div>\n\t\t\t\t\t<\/div>\n\t\t<\/div>\n\t\t\t\t<div class=\"elementor-column elementor-col-50 elementor-top-column elementor-element elementor-element-3c9f235\" data-id=\"3c9f235\" data-element_type=\"column\">\n\t\t\t<div class=\"elementor-widget-wrap elementor-element-populated\">\n\t\t\t\t\t\t\t\t<div class=\"elementor-element elementor-element-283cef8 elementor-widget elementor-widget-image\" data-id=\"283cef8\" data-element_type=\"widget\" data-widget_type=\"image.default\">\n\t\t\t\t<div class=\"elementor-widget-container\">\n\t\t\t\t\t\t\t\t\t\t\t\t\t\t\t<img decoding=\"async\" width=\"950\" height=\"950\" src=\"https:\/\/almacigasociocultural.org\/wp-content\/uploads\/2026\/03\/CartelaJOCERESIDENTS-ACERRSS-1024x1024.jpg\" class=\"attachment-large size-large wp-image-3621\" alt=\"\" loading=\"lazy\" srcset=\"https:\/\/almacigasociocultural.org\/wp-content\/uploads\/2026\/03\/CartelaJOCERESIDENTS-ACERRSS-1024x1024.jpg 1024w, https:\/\/almacigasociocultural.org\/wp-content\/uploads\/2026\/03\/CartelaJOCERESIDENTS-ACERRSS-300x300.jpg 300w, https:\/\/almacigasociocultural.org\/wp-content\/uploads\/2026\/03\/CartelaJOCERESIDENTS-ACERRSS-150x150.jpg 150w, https:\/\/almacigasociocultural.org\/wp-content\/uploads\/2026\/03\/CartelaJOCERESIDENTS-ACERRSS.jpg 1080w\" sizes=\"100vw\" \/>\t\t\t\t\t\t\t\t\t\t\t\t\t\t\t<\/div>\n\t\t\t\t<\/div>\n\t\t\t\t\t<\/div>\n\t\t<\/div>\n\t\t\t\t\t\t\t<\/div>\n\t\t<\/section>\n\t\t\t\t<section class=\"elementor-section elementor-top-section elementor-element elementor-element-13f7503 elementor-section-boxed elementor-section-height-default elementor-section-height-default\" data-id=\"13f7503\" data-element_type=\"section\">\n\t\t\t\t\t\t<div class=\"elementor-container elementor-column-gap-default\">\n\t\t\t\t\t<div class=\"elementor-column elementor-col-100 elementor-top-column elementor-element elementor-element-caeca2f\" data-id=\"caeca2f\" data-element_type=\"column\">\n\t\t\t<div class=\"elementor-widget-wrap elementor-element-populated\">\n\t\t\t\t\t\t\t\t<div class=\"elementor-element elementor-element-5d48107 elementor-widget elementor-widget-text-editor\" data-id=\"5d48107\" data-element_type=\"widget\" data-widget_type=\"text-editor.default\">\n\t\t\t\t<div class=\"elementor-widget-container\">\n\t\t\t\t\t\t\t<h3>Mery Sut Favaretto en \/RESIDENTS \/PEDRA. Proyecto Silencio entre piedras.<\/h3>\t\t\t\t\t\t<\/div>\n\t\t\t\t<\/div>\n\t\t\t\t\t<\/div>\n\t\t<\/div>\n\t\t\t\t\t\t\t<\/div>\n\t\t<\/section>\n\t\t\t\t<section class=\"elementor-section elementor-top-section elementor-element elementor-element-5999065 elementor-section-boxed elementor-section-height-default elementor-section-height-default\" data-id=\"5999065\" data-element_type=\"section\">\n\t\t\t\t\t\t<div class=\"elementor-container elementor-column-gap-default\">\n\t\t\t\t\t<div class=\"elementor-column elementor-col-50 elementor-top-column elementor-element elementor-element-c1400d1\" data-id=\"c1400d1\" data-element_type=\"column\">\n\t\t\t<div class=\"elementor-widget-wrap elementor-element-populated\">\n\t\t\t\t\t\t\t\t<div class=\"elementor-element elementor-element-45cf086 elementor-widget elementor-widget-text-editor\" data-id=\"45cf086\" data-element_type=\"widget\" data-widget_type=\"text-editor.default\">\n\t\t\t\t<div class=\"elementor-widget-container\">\n\t\t\t\t\t\t\t<p>Mery Sut <strong>Favaretto<\/strong> estuvo en nuestra residencia <strong>\/RESIDENTS \/PEDRA<\/strong> Cinctorres JUN 25. Mery es artista visual.<\/p><p>\u201cSilencio entre piedras\u201d es un proyecto arti\u0301stico que explora la identidad, la memoria y el dia\u0301logo intercultural a trave\u0301s del encuentro entre dos habitantes de Cinctorres, y de dos espacios emblema\u0301ticos del municipio: la Torre de los Moros y la ermita de la Virgen de Gracia.<\/p><p>\u201cSilencios entre piedras, consiste en la realizacio\u0301n de dos encuentros, seguidos de una conversacio\u0301n guiada sobre la memoria, las vivencias personales de dos habitantes y la visio\u0301n de futuro para Cinctorres. Estos encuentros no solo son oportunidades para discutir temas de espiritualidad y misticismo, sino tambie\u0301n para documentar las historias personales, las tradiciones y las creencias que forman el tejido social de Cinctorres. &#8220;A trave\u0301s de obras de site-specific, mi objetivo es contener la esencia u\u0301nica de estos encuentros, utilizando el arte como medio para preservar y celebrar la diversidad cultural, y de creencias de la comunidad\u201d.<\/p>\t\t\t\t\t\t<\/div>\n\t\t\t\t<\/div>\n\t\t\t\t\t<\/div>\n\t\t<\/div>\n\t\t\t\t<div class=\"elementor-column elementor-col-50 elementor-top-column elementor-element elementor-element-705419c\" data-id=\"705419c\" data-element_type=\"column\">\n\t\t\t<div class=\"elementor-widget-wrap elementor-element-populated\">\n\t\t\t\t\t\t\t\t<div class=\"elementor-element elementor-element-d56c856 elementor-widget elementor-widget-image\" data-id=\"d56c856\" data-element_type=\"widget\" data-widget_type=\"image.default\">\n\t\t\t\t<div class=\"elementor-widget-container\">\n\t\t\t\t\t\t\t\t\t\t\t\t\t\t\t<img decoding=\"async\" width=\"950\" height=\"950\" src=\"https:\/\/almacigasociocultural.org\/wp-content\/uploads\/2026\/03\/CartelaMERYRESIDENTS-ACE225-1024x1024.jpg\" class=\"attachment-large size-large wp-image-3617\" alt=\"\" loading=\"lazy\" srcset=\"https:\/\/almacigasociocultural.org\/wp-content\/uploads\/2026\/03\/CartelaMERYRESIDENTS-ACE225-1024x1024.jpg 1024w, https:\/\/almacigasociocultural.org\/wp-content\/uploads\/2026\/03\/CartelaMERYRESIDENTS-ACE225-300x300.jpg 300w, https:\/\/almacigasociocultural.org\/wp-content\/uploads\/2026\/03\/CartelaMERYRESIDENTS-ACE225-150x150.jpg 150w, https:\/\/almacigasociocultural.org\/wp-content\/uploads\/2026\/03\/CartelaMERYRESIDENTS-ACE225.jpg 1080w\" sizes=\"100vw\" \/>\t\t\t\t\t\t\t\t\t\t\t\t\t\t\t<\/div>\n\t\t\t\t<\/div>\n\t\t\t\t\t<\/div>\n\t\t<\/div>\n\t\t\t\t\t\t\t<\/div>\n\t\t<\/section>\n\t\t\t\t<section class=\"elementor-section elementor-top-section elementor-element elementor-element-f504166 elementor-section-boxed elementor-section-height-default elementor-section-height-default\" data-id=\"f504166\" data-element_type=\"section\">\n\t\t\t\t\t\t<div class=\"elementor-container elementor-column-gap-default\">\n\t\t\t\t\t<div class=\"elementor-column elementor-col-100 elementor-top-column elementor-element elementor-element-83aceb7\" data-id=\"83aceb7\" data-element_type=\"column\">\n\t\t\t<div class=\"elementor-widget-wrap elementor-element-populated\">\n\t\t\t\t\t\t\t\t<div class=\"elementor-element elementor-element-9ad89dd elementor-widget elementor-widget-text-editor\" data-id=\"9ad89dd\" data-element_type=\"widget\" data-widget_type=\"text-editor.default\">\n\t\t\t\t<div class=\"elementor-widget-container\">\n\t\t\t\t\t\t\t<h3>David Feroce en \/RESIDENTS \/TERRA. Proyecto Resuena.<\/h3>\t\t\t\t\t\t<\/div>\n\t\t\t\t<\/div>\n\t\t\t\t\t<\/div>\n\t\t<\/div>\n\t\t\t\t\t\t\t<\/div>\n\t\t<\/section>\n\t\t\t\t<section class=\"elementor-section elementor-top-section elementor-element elementor-element-5d8f32c elementor-section-boxed elementor-section-height-default elementor-section-height-default\" data-id=\"5d8f32c\" data-element_type=\"section\">\n\t\t\t\t\t\t<div class=\"elementor-container elementor-column-gap-default\">\n\t\t\t\t\t<div class=\"elementor-column elementor-col-50 elementor-top-column elementor-element elementor-element-fd53d1c\" data-id=\"fd53d1c\" data-element_type=\"column\">\n\t\t\t<div class=\"elementor-widget-wrap elementor-element-populated\">\n\t\t\t\t\t\t\t\t<div class=\"elementor-element elementor-element-879fe0a elementor-widget elementor-widget-text-editor\" data-id=\"879fe0a\" data-element_type=\"widget\" data-widget_type=\"text-editor.default\">\n\t\t\t\t<div class=\"elementor-widget-container\">\n\t\t\t\t\t\t\t<p>David <strong>Feroce<\/strong> estuvo en nuestra residencia <strong>\/RESIDENTS \/TERRA<\/strong> Cinctorres ABR 25. David es artista ceramista.<\/p><p>El proyecto \u201cResuena\u201d busc\u00f3 activar la memoria a trave\u0301s del sonido de las campanas, como sen\u0303al de un acontecimiento relevante para las comunidades, sen\u0303al que el artista relaciona con los bosques cuando es aviso de incendio, de manera de recuperar la memoria del pueblo frente a las amenazas que presenta el fuego, para crear conciencia medioambiental por medio de la fabricacio\u0301n manual de campanas artesanales, tambie\u0301n, como un modo de sostener en la memoria y en el tiempo una tradicio\u0301n, una pra\u0301ctica y una forma de vida. David, adema\u0301s, indago\u0301 y recolecto\u0301 tierras de Cinctorres que utilizo\u0301 en su obra.<\/p>\t\t\t\t\t\t<\/div>\n\t\t\t\t<\/div>\n\t\t\t\t\t<\/div>\n\t\t<\/div>\n\t\t\t\t<div class=\"elementor-column elementor-col-50 elementor-top-column elementor-element elementor-element-5fd5815\" data-id=\"5fd5815\" data-element_type=\"column\">\n\t\t\t<div class=\"elementor-widget-wrap elementor-element-populated\">\n\t\t\t\t\t\t\t\t<div class=\"elementor-element elementor-element-d14b04a elementor-widget elementor-widget-image\" data-id=\"d14b04a\" data-element_type=\"widget\" data-widget_type=\"image.default\">\n\t\t\t\t<div class=\"elementor-widget-container\">\n\t\t\t\t\t\t\t\t\t\t\t\t\t\t\t<img decoding=\"async\" width=\"950\" height=\"950\" src=\"https:\/\/almacigasociocultural.org\/wp-content\/uploads\/2026\/03\/Cartela-David-F-ACE-1024x1024.jpg\" class=\"attachment-large size-large wp-image-3615\" alt=\"\" loading=\"lazy\" srcset=\"https:\/\/almacigasociocultural.org\/wp-content\/uploads\/2026\/03\/Cartela-David-F-ACE-1024x1024.jpg 1024w, https:\/\/almacigasociocultural.org\/wp-content\/uploads\/2026\/03\/Cartela-David-F-ACE-300x300.jpg 300w, https:\/\/almacigasociocultural.org\/wp-content\/uploads\/2026\/03\/Cartela-David-F-ACE-150x150.jpg 150w, https:\/\/almacigasociocultural.org\/wp-content\/uploads\/2026\/03\/Cartela-David-F-ACE.jpg 1080w\" sizes=\"100vw\" \/>\t\t\t\t\t\t\t\t\t\t\t\t\t\t\t<\/div>\n\t\t\t\t<\/div>\n\t\t\t\t\t<\/div>\n\t\t<\/div>\n\t\t\t\t\t\t\t<\/div>\n\t\t<\/section>\n\t\t\t\t<section class=\"elementor-section elementor-top-section elementor-element elementor-element-3be06a9 elementor-section-boxed elementor-section-height-default elementor-section-height-default\" data-id=\"3be06a9\" data-element_type=\"section\">\n\t\t\t\t\t\t<div class=\"elementor-container elementor-column-gap-default\">\n\t\t\t\t\t<div class=\"elementor-column elementor-col-100 elementor-top-column elementor-element elementor-element-3283ee7\" data-id=\"3283ee7\" data-element_type=\"column\">\n\t\t\t<div class=\"elementor-widget-wrap elementor-element-populated\">\n\t\t\t\t\t\t\t\t<div class=\"elementor-element elementor-element-ba45498 elementor-widget elementor-widget-text-editor\" data-id=\"ba45498\" data-element_type=\"widget\" data-widget_type=\"text-editor.default\">\n\t\t\t\t<div class=\"elementor-widget-container\">\n\t\t\t\t\t\t\t<h3>Magdalena Lorca en \/RESIDENTS \/TERRA. Proyecto El pulso en mi palma ya tiene su propia voz.<\/h3>\t\t\t\t\t\t<\/div>\n\t\t\t\t<\/div>\n\t\t\t\t\t<\/div>\n\t\t<\/div>\n\t\t\t\t\t\t\t<\/div>\n\t\t<\/section>\n\t\t\t\t<section class=\"elementor-section elementor-top-section elementor-element elementor-element-06cb660 elementor-section-boxed elementor-section-height-default elementor-section-height-default\" data-id=\"06cb660\" data-element_type=\"section\">\n\t\t\t\t\t\t<div class=\"elementor-container elementor-column-gap-default\">\n\t\t\t\t\t<div class=\"elementor-column elementor-col-50 elementor-top-column elementor-element elementor-element-a1d62f2\" data-id=\"a1d62f2\" data-element_type=\"column\">\n\t\t\t<div class=\"elementor-widget-wrap elementor-element-populated\">\n\t\t\t\t\t\t\t\t<div class=\"elementor-element elementor-element-3e74141 elementor-widget elementor-widget-text-editor\" data-id=\"3e74141\" data-element_type=\"widget\" data-widget_type=\"text-editor.default\">\n\t\t\t\t<div class=\"elementor-widget-container\">\n\t\t\t\t\t\t\t<p>Magdalena<strong> Lorca<\/strong> estuvo en nuestra residencia <strong>\/RESIDENTS \/TERRA<\/strong> Cinctorres ABR 25. Magdalena es artista ceramista.<\/p><p>El proyecto \u201cEl pulso en mi palma ya tiene su propia voz\u201d, se centr\u00f3 en el rescate de la memoria de Cinctorres, vinculando este conocimiento con el patrimonio paleontolo\u0301gico y etnolo\u0301gico, que ha expresado en la creacio\u0301n de vasijas junto a la comunidad e inspirada en relatos locales sobre animales. Y su principal motivacio\u0301n en retomar el ritmo de vida de su infancia en el campo, lo que le ha permitido desarrollar investigacio\u0301n arti\u0301stica distinta a la que experimenta en la ciudad, asi\u0301 como, identificar nuevas posibilidades de investigacio\u0301n ligadas al entorno natural.<\/p>\t\t\t\t\t\t<\/div>\n\t\t\t\t<\/div>\n\t\t\t\t\t<\/div>\n\t\t<\/div>\n\t\t\t\t<div class=\"elementor-column elementor-col-50 elementor-top-column elementor-element elementor-element-8e83d15\" data-id=\"8e83d15\" data-element_type=\"column\">\n\t\t\t<div class=\"elementor-widget-wrap elementor-element-populated\">\n\t\t\t\t\t\t\t\t<div class=\"elementor-element elementor-element-2e51bbc elementor-widget elementor-widget-image\" data-id=\"2e51bbc\" data-element_type=\"widget\" data-widget_type=\"image.default\">\n\t\t\t\t<div class=\"elementor-widget-container\">\n\t\t\t\t\t\t\t\t\t\t\t\t\t\t\t<img decoding=\"async\" width=\"950\" height=\"950\" src=\"https:\/\/almacigasociocultural.org\/wp-content\/uploads\/2026\/03\/Cartela-Magdalena-ACE-1024x1024.jpg\" class=\"attachment-large size-large wp-image-3611\" alt=\"\" loading=\"lazy\" srcset=\"https:\/\/almacigasociocultural.org\/wp-content\/uploads\/2026\/03\/Cartela-Magdalena-ACE-1024x1024.jpg 1024w, https:\/\/almacigasociocultural.org\/wp-content\/uploads\/2026\/03\/Cartela-Magdalena-ACE-300x300.jpg 300w, https:\/\/almacigasociocultural.org\/wp-content\/uploads\/2026\/03\/Cartela-Magdalena-ACE-150x150.jpg 150w, https:\/\/almacigasociocultural.org\/wp-content\/uploads\/2026\/03\/Cartela-Magdalena-ACE.jpg 1080w\" sizes=\"100vw\" \/>\t\t\t\t\t\t\t\t\t\t\t\t\t\t\t<\/div>\n\t\t\t\t<\/div>\n\t\t\t\t\t<\/div>\n\t\t<\/div>\n\t\t\t\t\t\t\t<\/div>\n\t\t<\/section>\n\t\t\t\t<section class=\"elementor-section elementor-top-section elementor-element elementor-element-192a214 elementor-section-boxed elementor-section-height-default elementor-section-height-default\" data-id=\"192a214\" data-element_type=\"section\">\n\t\t\t\t\t\t<div class=\"elementor-container elementor-column-gap-default\">\n\t\t\t\t\t<div class=\"elementor-column elementor-col-100 elementor-top-column elementor-element elementor-element-fb7cad1\" data-id=\"fb7cad1\" data-element_type=\"column\">\n\t\t\t<div class=\"elementor-widget-wrap elementor-element-populated\">\n\t\t\t\t\t\t\t\t<div class=\"elementor-element elementor-element-fb0ba6b elementor-widget elementor-widget-text-editor\" data-id=\"fb0ba6b\" data-element_type=\"widget\" data-widget_type=\"text-editor.default\">\n\t\t\t\t<div class=\"elementor-widget-container\">\n\t\t\t\t\t\t\t<h3>Milagros Arias en \/RESIDENTS \/PEDRA. Proyecto Ave piedra.<\/h3>\t\t\t\t\t\t<\/div>\n\t\t\t\t<\/div>\n\t\t\t\t\t<\/div>\n\t\t<\/div>\n\t\t\t\t\t\t\t<\/div>\n\t\t<\/section>\n\t\t\t\t<section class=\"elementor-section elementor-top-section elementor-element elementor-element-3d2a4e8 elementor-section-boxed elementor-section-height-default elementor-section-height-default\" data-id=\"3d2a4e8\" data-element_type=\"section\">\n\t\t\t\t\t\t<div class=\"elementor-container elementor-column-gap-default\">\n\t\t\t\t\t<div class=\"elementor-column elementor-col-50 elementor-top-column elementor-element elementor-element-e4ce6d3\" data-id=\"e4ce6d3\" data-element_type=\"column\">\n\t\t\t<div class=\"elementor-widget-wrap elementor-element-populated\">\n\t\t\t\t\t\t\t\t<div class=\"elementor-element elementor-element-f23d264 elementor-widget elementor-widget-text-editor\" data-id=\"f23d264\" data-element_type=\"widget\" data-widget_type=\"text-editor.default\">\n\t\t\t\t<div class=\"elementor-widget-container\">\n\t\t\t\t\t\t\t<p>Milagros<strong> Arias<\/strong> estuvo en nuestra residencia <strong>\/RESIDENTS \/PEDRA<\/strong> Cinctorres OCT 24. Milagros es artista visual.<\/p><p>Su trabajo art\u00edstico y de investigaci\u00f3n se centra en el uso de materiales y t\u00e9cnicas de bajo impacto socioambiental, abarcando temas entre la identidad personal, los rituales ancestrales en la vida contempor\u00e1nea y los conflictos y crisis socioambientales actuales. Los conceptos, materialidades y t\u00e9cnicas que utiliza responden a un reclamo ante la importancia de incorporar t\u00e9cnicas responsables y materiales no contaminantes en el arte, como un acto de resistencia y resiliencia ante la crisis ecosocial, experimentando entre el dibujo y la palabra escrita, la instalaci\u00f3n y collage digital, el tejido y bordado, a trav\u00e9s de la recolecci\u00f3n de materiales de procedencia natural.<\/p>\t\t\t\t\t\t<\/div>\n\t\t\t\t<\/div>\n\t\t\t\t\t<\/div>\n\t\t<\/div>\n\t\t\t\t<div class=\"elementor-column elementor-col-50 elementor-top-column elementor-element elementor-element-95eb9e5\" data-id=\"95eb9e5\" data-element_type=\"column\">\n\t\t\t<div class=\"elementor-widget-wrap elementor-element-populated\">\n\t\t\t\t\t\t\t\t<div class=\"elementor-element elementor-element-d7cf5a6 elementor-widget elementor-widget-image\" data-id=\"d7cf5a6\" data-element_type=\"widget\" data-widget_type=\"image.default\">\n\t\t\t\t<div class=\"elementor-widget-container\">\n\t\t\t\t\t\t\t\t\t\t\t\t\t\t\t<img decoding=\"async\" width=\"950\" height=\"950\" src=\"https:\/\/almacigasociocultural.org\/wp-content\/uploads\/2025\/02\/Cartela-Milagros-ACE-1024x1024.jpg\" class=\"attachment-large size-large wp-image-3537\" alt=\"\" loading=\"lazy\" srcset=\"https:\/\/almacigasociocultural.org\/wp-content\/uploads\/2025\/02\/Cartela-Milagros-ACE-1024x1024.jpg 1024w, https:\/\/almacigasociocultural.org\/wp-content\/uploads\/2025\/02\/Cartela-Milagros-ACE-300x300.jpg 300w, https:\/\/almacigasociocultural.org\/wp-content\/uploads\/2025\/02\/Cartela-Milagros-ACE-150x150.jpg 150w, https:\/\/almacigasociocultural.org\/wp-content\/uploads\/2025\/02\/Cartela-Milagros-ACE.jpg 1080w\" sizes=\"100vw\" \/>\t\t\t\t\t\t\t\t\t\t\t\t\t\t\t<\/div>\n\t\t\t\t<\/div>\n\t\t\t\t\t<\/div>\n\t\t<\/div>\n\t\t\t\t\t\t\t<\/div>\n\t\t<\/section>\n\t\t\t\t<section class=\"elementor-section elementor-top-section elementor-element elementor-element-cccb38a elementor-section-boxed elementor-section-height-default elementor-section-height-default\" data-id=\"cccb38a\" data-element_type=\"section\">\n\t\t\t\t\t\t<div class=\"elementor-container elementor-column-gap-default\">\n\t\t\t\t\t<div class=\"elementor-column elementor-col-100 elementor-top-column elementor-element elementor-element-686ba8a\" data-id=\"686ba8a\" data-element_type=\"column\">\n\t\t\t<div class=\"elementor-widget-wrap elementor-element-populated\">\n\t\t\t\t\t\t\t\t<div class=\"elementor-element elementor-element-9e54b10 elementor-widget elementor-widget-text-editor\" data-id=\"9e54b10\" data-element_type=\"widget\" data-widget_type=\"text-editor.default\">\n\t\t\t\t<div class=\"elementor-widget-container\">\n\t\t\t\t\t\t\t<h3><strong>Anna Peixet en \/RESIDENTS \/AIGUA<\/strong>.<\/h3>\t\t\t\t\t\t<\/div>\n\t\t\t\t<\/div>\n\t\t\t\t\t<\/div>\n\t\t<\/div>\n\t\t\t\t\t\t\t<\/div>\n\t\t<\/section>\n\t\t\t\t<section class=\"elementor-section elementor-top-section elementor-element elementor-element-98e5482 elementor-section-boxed elementor-section-height-default elementor-section-height-default\" data-id=\"98e5482\" data-element_type=\"section\">\n\t\t\t\t\t\t<div class=\"elementor-container elementor-column-gap-default\">\n\t\t\t\t\t<div class=\"elementor-column elementor-col-50 elementor-top-column elementor-element elementor-element-745dc9c\" data-id=\"745dc9c\" data-element_type=\"column\">\n\t\t\t<div class=\"elementor-widget-wrap elementor-element-populated\">\n\t\t\t\t\t\t\t\t<div class=\"elementor-element elementor-element-23eb66d elementor-widget elementor-widget-text-editor\" data-id=\"23eb66d\" data-element_type=\"widget\" data-widget_type=\"text-editor.default\">\n\t\t\t\t<div class=\"elementor-widget-container\">\n\t\t\t\t\t\t\t<p><strong>Anna Peixet<\/strong> (Ibiza) estuvo en nuestra residencia <strong>\/RESIDENTS \/AIGUA<\/strong> Cinctorres OCT 24. Anna es una artista visual que estudi\u00f3 fotograf\u00eda y creaci\u00f3n audiovisual en Val\u00e8ncia, y su especialidad son los procesos experimentales.<\/p><p>Sus proyectos han sido expuestos en Ibiza, Val\u00e8ncia, Barcelona, Soria y Berlin y ha estado finalista en: Carpetas Abiertas, OnPhoto Soria, PhotOn (por la beca Enrique Algarra), y en varios festivales, como Distrito 008, Intramuros, PEMFoto, TodasFest y Confusion IV. Particip\u00f3 en la expo Re-pensar la mirada, curada por Tana Cap\u00f2 en el Centro de innovaci\u00f3n social y urbana Las Naves y al Cultura En l\u00ednea #CMCVaCasa 2023 por el audiovisual Piscofoto #4. Tambi\u00e9n ha siete becada en Gij\u00f3n y Zaragoza.<\/p>\t\t\t\t\t\t<\/div>\n\t\t\t\t<\/div>\n\t\t\t\t\t<\/div>\n\t\t<\/div>\n\t\t\t\t<div class=\"elementor-column elementor-col-50 elementor-top-column elementor-element elementor-element-74eb316\" data-id=\"74eb316\" data-element_type=\"column\">\n\t\t\t<div class=\"elementor-widget-wrap elementor-element-populated\">\n\t\t\t\t\t\t\t\t<div class=\"elementor-element elementor-element-3e1522a elementor-widget elementor-widget-image\" data-id=\"3e1522a\" data-element_type=\"widget\" data-widget_type=\"image.default\">\n\t\t\t\t<div class=\"elementor-widget-container\">\n\t\t\t\t\t\t\t\t\t\t\t\t\t\t\t<img decoding=\"async\" width=\"950\" height=\"950\" src=\"https:\/\/almacigasociocultural.org\/wp-content\/uploads\/2025\/02\/Cartela-Ana-ACE-1024x1024.jpg\" class=\"attachment-large size-large wp-image-3529\" alt=\"\" loading=\"lazy\" srcset=\"https:\/\/almacigasociocultural.org\/wp-content\/uploads\/2025\/02\/Cartela-Ana-ACE-1024x1024.jpg 1024w, https:\/\/almacigasociocultural.org\/wp-content\/uploads\/2025\/02\/Cartela-Ana-ACE-300x300.jpg 300w, https:\/\/almacigasociocultural.org\/wp-content\/uploads\/2025\/02\/Cartela-Ana-ACE-150x150.jpg 150w, https:\/\/almacigasociocultural.org\/wp-content\/uploads\/2025\/02\/Cartela-Ana-ACE.jpg 1080w\" sizes=\"100vw\" \/>\t\t\t\t\t\t\t\t\t\t\t\t\t\t\t<\/div>\n\t\t\t\t<\/div>\n\t\t\t\t\t<\/div>\n\t\t<\/div>\n\t\t\t\t\t\t\t<\/div>\n\t\t<\/section>\n\t\t\t\t<section class=\"elementor-section elementor-top-section elementor-element elementor-element-c64a93c elementor-section-boxed elementor-section-height-default elementor-section-height-default\" data-id=\"c64a93c\" data-element_type=\"section\">\n\t\t\t\t\t\t<div class=\"elementor-container elementor-column-gap-default\">\n\t\t\t\t\t<div class=\"elementor-column elementor-col-100 elementor-top-column elementor-element elementor-element-37423a4\" data-id=\"37423a4\" data-element_type=\"column\">\n\t\t\t<div class=\"elementor-widget-wrap elementor-element-populated\">\n\t\t\t\t\t\t\t\t<div class=\"elementor-element elementor-element-3db3660 elementor-widget elementor-widget-text-editor\" data-id=\"3db3660\" data-element_type=\"widget\" data-widget_type=\"text-editor.default\">\n\t\t\t\t<div class=\"elementor-widget-container\">\n\t\t\t\t\t\t\t<h3><strong>Sof\u00eda Quesada en \/RESIDENTS \/TERRA. <\/strong>Proyecto <strong>Maternidades* en la ruralidad<\/strong>.<\/h3>\t\t\t\t\t\t<\/div>\n\t\t\t\t<\/div>\n\t\t\t\t\t<\/div>\n\t\t<\/div>\n\t\t\t\t\t\t\t<\/div>\n\t\t<\/section>\n\t\t\t\t<section class=\"elementor-section elementor-top-section elementor-element elementor-element-067787e elementor-section-boxed elementor-section-height-default elementor-section-height-default\" data-id=\"067787e\" data-element_type=\"section\">\n\t\t\t\t\t\t<div class=\"elementor-container elementor-column-gap-default\">\n\t\t\t\t\t<div class=\"elementor-column elementor-col-50 elementor-top-column elementor-element elementor-element-c180666\" data-id=\"c180666\" data-element_type=\"column\">\n\t\t\t<div class=\"elementor-widget-wrap elementor-element-populated\">\n\t\t\t\t\t\t\t\t<div class=\"elementor-element elementor-element-4b57cec elementor-widget elementor-widget-text-editor\" data-id=\"4b57cec\" data-element_type=\"widget\" data-widget_type=\"text-editor.default\">\n\t\t\t\t<div class=\"elementor-widget-container\">\n\t\t\t\t\t\t\t<p><strong>Sof\u00eda Quesada<\/strong> estuvo en nuestra residencia art\u00edstica internacional y realiz\u00f3 <strong>\/RESIDENTS \/TERRA<\/strong>. Cinctorres. Oct\/2024.<\/p><p>Sof\u00eda es fot\u00f3grafa y narradora visual argentina que vive desde 2017 en Alemania. Estudi\u00f3 Artes Audiovisuales en la UNA (Universidad Nacional de las Artes) y Filosof\u00eda en la UCES (Universidad de Ciencias Sociales y Empresariales) en Argentina. En 2015 complet\u00f3 sus estudios como fot\u00f3grafa profesional en la Escuela Creativa de Fotograf\u00eda Andy Goldstein (Buenos Aires). Quesada es miembro de The Journal, un colectivo fotogr\u00e1fico global de mujeres y fot\u00f3grafas no binarias y actualmente forma parte del equipo de exposiciones de Gropius Bau en Berl\u00edn.<\/p>\t\t\t\t\t\t<\/div>\n\t\t\t\t<\/div>\n\t\t\t\t\t<\/div>\n\t\t<\/div>\n\t\t\t\t<div class=\"elementor-column elementor-col-50 elementor-top-column elementor-element elementor-element-4a742be\" data-id=\"4a742be\" data-element_type=\"column\">\n\t\t\t<div class=\"elementor-widget-wrap elementor-element-populated\">\n\t\t\t\t\t\t\t\t<div class=\"elementor-element elementor-element-79f51d0 elementor-widget elementor-widget-image\" data-id=\"79f51d0\" data-element_type=\"widget\" data-widget_type=\"image.default\">\n\t\t\t\t<div class=\"elementor-widget-container\">\n\t\t\t\t\t\t\t\t\t\t\t\t\t\t\t<img decoding=\"async\" width=\"863\" height=\"1024\" src=\"https:\/\/almacigasociocultural.org\/wp-content\/uploads\/2024\/11\/CartelaArtistasRESIDENTSSOFIAQUESADA-863x1024.jpg\" class=\"attachment-large size-large wp-image-3460\" alt=\"\" loading=\"lazy\" srcset=\"https:\/\/almacigasociocultural.org\/wp-content\/uploads\/2024\/11\/CartelaArtistasRESIDENTSSOFIAQUESADA-863x1024.jpg 863w, https:\/\/almacigasociocultural.org\/wp-content\/uploads\/2024\/11\/CartelaArtistasRESIDENTSSOFIAQUESADA-253x300.jpg 253w, https:\/\/almacigasociocultural.org\/wp-content\/uploads\/2024\/11\/CartelaArtistasRESIDENTSSOFIAQUESADA.jpg 1080w\" sizes=\"100vw\" \/>\t\t\t\t\t\t\t\t\t\t\t\t\t\t\t<\/div>\n\t\t\t\t<\/div>\n\t\t\t\t\t<\/div>\n\t\t<\/div>\n\t\t\t\t\t\t\t<\/div>\n\t\t<\/section>\n\t\t\t\t<section class=\"elementor-section elementor-top-section elementor-element elementor-element-647b2b6 elementor-section-boxed elementor-section-height-default elementor-section-height-default\" data-id=\"647b2b6\" data-element_type=\"section\">\n\t\t\t\t\t\t<div class=\"elementor-container elementor-column-gap-default\">\n\t\t\t\t\t<div class=\"elementor-column elementor-col-50 elementor-top-column elementor-element elementor-element-5415eda\" data-id=\"5415eda\" data-element_type=\"column\">\n\t\t\t<div class=\"elementor-widget-wrap\">\n\t\t\t\t\t\t\t\t\t<\/div>\n\t\t<\/div>\n\t\t\t\t<div class=\"elementor-column elementor-col-50 elementor-top-column elementor-element elementor-element-3a35450\" data-id=\"3a35450\" data-element_type=\"column\">\n\t\t\t<div class=\"elementor-widget-wrap\">\n\t\t\t\t\t\t\t\t\t<\/div>\n\t\t<\/div>\n\t\t\t\t\t\t\t<\/div>\n\t\t<\/section>\n\t\t\t\t<section class=\"elementor-section elementor-top-section elementor-element elementor-element-aeffc49 elementor-section-boxed elementor-section-height-default elementor-section-height-default\" data-id=\"aeffc49\" data-element_type=\"section\">\n\t\t\t\t\t\t<div class=\"elementor-container elementor-column-gap-default\">\n\t\t\t\t\t<div class=\"elementor-column elementor-col-100 elementor-top-column elementor-element elementor-element-ee1f086\" data-id=\"ee1f086\" data-element_type=\"column\">\n\t\t\t<div class=\"elementor-widget-wrap elementor-element-populated\">\n\t\t\t\t\t\t\t\t<div class=\"elementor-element elementor-element-94533a1 elementor-widget elementor-widget-image\" data-id=\"94533a1\" data-element_type=\"widget\" data-widget_type=\"image.default\">\n\t\t\t\t<div class=\"elementor-widget-container\">\n\t\t\t\t\t\t\t\t\t\t\t\t\t\t\t<img decoding=\"async\" width=\"600\" height=\"400\" src=\"https:\/\/almacigasociocultural.org\/wp-content\/uploads\/2024\/04\/Barranco-Parras.jpg\" class=\"attachment-large size-large wp-image-3256\" alt=\"\" loading=\"lazy\" srcset=\"https:\/\/almacigasociocultural.org\/wp-content\/uploads\/2024\/04\/Barranco-Parras.jpg 600w, https:\/\/almacigasociocultural.org\/wp-content\/uploads\/2024\/04\/Barranco-Parras-300x200.jpg 300w\" sizes=\"100vw\" \/>\t\t\t\t\t\t\t\t\t\t\t\t\t\t\t<\/div>\n\t\t\t\t<\/div>\n\t\t\t\t\t<\/div>\n\t\t<\/div>\n\t\t\t\t\t\t\t<\/div>\n\t\t<\/section>\n\t\t\t\t<section class=\"elementor-section elementor-top-section elementor-element elementor-element-5b50d24 elementor-section-boxed elementor-section-height-default elementor-section-height-default\" data-id=\"5b50d24\" data-element_type=\"section\">\n\t\t\t\t\t\t<div class=\"elementor-container elementor-column-gap-default\">\n\t\t\t\t\t<div class=\"elementor-column elementor-col-100 elementor-top-column elementor-element elementor-element-76db2a6\" data-id=\"76db2a6\" data-element_type=\"column\">\n\t\t\t<div class=\"elementor-widget-wrap elementor-element-populated\">\n\t\t\t\t\t\t\t\t<div class=\"elementor-element elementor-element-87f4387 elementor-widget elementor-widget-heading\" data-id=\"87f4387\" data-element_type=\"widget\" data-widget_type=\"heading.default\">\n\t\t\t\t<div class=\"elementor-widget-container\">\n\t\t\t<style>\/*! elementor - v3.12.2 - 23-04-2023 *\/\n.elementor-heading-title{padding:0;margin:0;line-height:1}.elementor-widget-heading .elementor-heading-title[class*=elementor-size-]>a{color:inherit;font-size:inherit;line-height:inherit}.elementor-widget-heading .elementor-heading-title.elementor-size-small{font-size:15px}.elementor-widget-heading .elementor-heading-title.elementor-size-medium{font-size:19px}.elementor-widget-heading .elementor-heading-title.elementor-size-large{font-size:29px}.elementor-widget-heading .elementor-heading-title.elementor-size-xl{font-size:39px}.elementor-widget-heading .elementor-heading-title.elementor-size-xxl{font-size:59px}<\/style><h2 class=\"elementor-heading-title elementor-size-default\">\/RESIDENTS \/PEDRA\/AIGUA\/TERRA \/CINCTORRES<\/h2>\t\t<\/div>\n\t\t\t\t<\/div>\n\t\t\t\t\t<\/div>\n\t\t<\/div>\n\t\t\t\t\t\t\t<\/div>\n\t\t<\/section>\n\t\t\t\t<section class=\"elementor-section elementor-top-section elementor-element elementor-element-742cd8f elementor-section-boxed elementor-section-height-default elementor-section-height-default\" data-id=\"742cd8f\" data-element_type=\"section\">\n\t\t\t\t\t\t<div class=\"elementor-container elementor-column-gap-default\">\n\t\t\t\t\t<div class=\"elementor-column elementor-col-100 elementor-top-column elementor-element elementor-element-1926b6c\" data-id=\"1926b6c\" data-element_type=\"column\">\n\t\t\t<div class=\"elementor-widget-wrap elementor-element-populated\">\n\t\t\t\t\t\t\t\t<div class=\"elementor-element elementor-element-5132585 elementor-widget elementor-widget-text-editor\" data-id=\"5132585\" data-element_type=\"widget\" data-widget_type=\"text-editor.default\">\n\t\t\t\t<div class=\"elementor-widget-container\">\n\t\t\t\t\t\t\t<h3>CINCTORRES Naturaleza\/Arquitectura\/Historia<\/h3>\t\t\t\t\t\t<\/div>\n\t\t\t\t<\/div>\n\t\t\t\t\t<\/div>\n\t\t<\/div>\n\t\t\t\t\t\t\t<\/div>\n\t\t<\/section>\n\t\t\t\t<section class=\"elementor-section elementor-top-section elementor-element elementor-element-d1df140 elementor-section-boxed elementor-section-height-default elementor-section-height-default\" data-id=\"d1df140\" data-element_type=\"section\">\n\t\t\t\t\t\t<div class=\"elementor-container elementor-column-gap-default\">\n\t\t\t\t\t<div class=\"elementor-column elementor-col-66 elementor-top-column elementor-element elementor-element-f1ad526\" data-id=\"f1ad526\" data-element_type=\"column\">\n\t\t\t<div class=\"elementor-widget-wrap elementor-element-populated\">\n\t\t\t\t\t\t\t\t<div class=\"elementor-element elementor-element-0f2e7a8 elementor-widget elementor-widget-text-editor\" data-id=\"0f2e7a8\" data-element_type=\"widget\" data-widget_type=\"text-editor.default\">\n\t\t\t\t<div class=\"elementor-widget-container\">\n\t\t\t\t\t\t\t<p>Cinctorres es un pequen\u0303o pueblo de la comarca de Els Ports, situado al interior norponiente de la provincia de Castello\u0301n en la Comunidad Valenciana, Espan\u0303a. Cinctorres es un territorio de montan\u0303a, con una importante riqueza patrimonial en te\u0301rminos naturales, arquitecto\u0301nicos y arqueolo\u0301gicos.<\/p><p>Territorio de agricultura de secano, principalmente de almendros y cereales, posee amplias zonas de bosque nativo y una importante flora donde se puede encontrar hierbas silvestres y flores efi\u0301meras, tambie\u0301n, es Zona de Especial Proteccio\u0301n para las Aves (ZEPA). Se encuentra rodeado de barrancos (la Parra, de la Fuente, Freixes, Devesses, las Granjas) y lechos de ri\u0301os (Caldes, Celumbres).<\/p><p>Tambie\u0301n, el entorno natural es particular y atractivo para el turismo rural, y es posible encontrar rutas y senderos homologados. Se emplaza a una altura de 900 metros sobre el nivel del mar con vistas panora\u0301micas de exquisita y exo\u0301tica belleza apreciables desde la Rambla Celumbres y la Roca Parda.<\/p>\t\t\t\t\t\t<\/div>\n\t\t\t\t<\/div>\n\t\t\t\t\t<\/div>\n\t\t<\/div>\n\t\t\t\t<div class=\"elementor-column elementor-col-33 elementor-top-column elementor-element elementor-element-071e4da\" data-id=\"071e4da\" data-element_type=\"column\">\n\t\t\t<div class=\"elementor-widget-wrap elementor-element-populated\">\n\t\t\t\t\t\t\t\t<div class=\"elementor-element elementor-element-ca3cc6f elementor-widget elementor-widget-text-editor\" data-id=\"ca3cc6f\" data-element_type=\"widget\" data-widget_type=\"text-editor.default\">\n\t\t\t\t<div class=\"elementor-widget-container\">\n\t\t\t\t\t\t\t<p>Cinctorres es un pueblo con historia, en el casco antiguo y sus calles se puede observar obras arquitecto\u0301nicas datadas en el go\u0301tico castellonense, y algunos ejemplos son la ermita de San Luis, el palacio San Juan y el hospital, tambie\u0301n, en la cercani\u0301as del pueblo se encuentra la torre de los Moros, Bien de Intere\u0301s Cultural (BIC).<\/p><p>En cuanto a arqueologi\u0301a cuenta con una zona de descubrimientos paleontolo\u0301gicos denominado yacimiento Ana, y en los alrededores del pueblo se han descubierto emplazamientos de i\u0301beros, romanos, visigodos y a\u0301rabe andalusi\u0301.<\/p><p>Cinctorres es un pueblo en riesgo de despoblacio\u0301n (412 hab) y muchos de los oficios tradicionales se ven amenazados por la desaparicio\u0301n, como es caso de la industria textil de las fajas y de la ganaderi\u0301a de trashumancia.<\/p>\t\t\t\t\t\t<\/div>\n\t\t\t\t<\/div>\n\t\t\t\t\t<\/div>\n\t\t<\/div>\n\t\t\t\t\t\t\t<\/div>\n\t\t<\/section>\n\t\t\t\t<section class=\"elementor-section elementor-top-section elementor-element elementor-element-d631063 elementor-section-boxed elementor-section-height-default elementor-section-height-default\" data-id=\"d631063\" data-element_type=\"section\">\n\t\t\t\t\t\t<div class=\"elementor-container elementor-column-gap-default\">\n\t\t\t\t\t<div class=\"elementor-column elementor-col-100 elementor-top-column elementor-element elementor-element-e497623\" data-id=\"e497623\" data-element_type=\"column\">\n\t\t\t<div class=\"elementor-widget-wrap elementor-element-populated\">\n\t\t\t\t\t\t\t\t<div class=\"elementor-element elementor-element-1b842c8 elementor-widget elementor-widget-text-editor\" data-id=\"1b842c8\" data-element_type=\"widget\" data-widget_type=\"text-editor.default\">\n\t\t\t\t<div class=\"elementor-widget-container\">\n\t\t\t\t\t\t\t<h3><strong>CONCEPTUALIZACI\u00d3N \/RESIDENTS \/PEDRA\/AIGUA\/TERRA<\/strong><\/h3>\t\t\t\t\t\t<\/div>\n\t\t\t\t<\/div>\n\t\t\t\t\t<\/div>\n\t\t<\/div>\n\t\t\t\t\t\t\t<\/div>\n\t\t<\/section>\n\t\t\t\t<section class=\"elementor-section elementor-top-section elementor-element elementor-element-221ba73 elementor-section-boxed elementor-section-height-default elementor-section-height-default\" data-id=\"221ba73\" data-element_type=\"section\">\n\t\t\t\t\t\t<div class=\"elementor-container elementor-column-gap-default\">\n\t\t\t\t\t<div class=\"elementor-column elementor-col-100 elementor-top-column elementor-element elementor-element-0954665\" data-id=\"0954665\" data-element_type=\"column\">\n\t\t\t<div class=\"elementor-widget-wrap elementor-element-populated\">\n\t\t\t\t\t\t\t\t<div class=\"elementor-element elementor-element-4da0b47 elementor-widget elementor-widget-text-editor\" data-id=\"4da0b47\" data-element_type=\"widget\" data-widget_type=\"text-editor.default\">\n\t\t\t\t<div class=\"elementor-widget-container\">\n\t\t\t\t\t\t\t<p>\/RESIDENTS propone abordar una o m\u00e1s de las ideas fuerza: Piedra, Agua y Tierra, que son aspectos que definen el territorio.<\/p><p>PEDRA (piedra). Este concepto remite al m\u00e9todo constructivo de piedra en seco, que se refiere al levantamiento de muros con piedra tallada superpuesta una a otra de forma horizontal y sin mortero, sirve de muros divisorios entre propiedades, muros de contenci\u00f3n de tierra, muros de viviendas y de casetas de pastores, aporta una identidad particular al paisaje y su t\u00e9cnica constructiva est\u00e1 catalogada como bien inmaterial de la humanidad (Conocimientos y t\u00e9cnicas del arte de construir muros en piedra seca, inscrito en el 2018).<\/p><p>AIGUA (agua). Cinctorres es un territorio de secano, constantemente amenazado por la falta de este recurso, lo que insto a sus pobladores desde \u00e9poca ancestral a proteger los bosques nativos y a la b\u00fasqueda subterr\u00e1nea de este elemento, rodeado por barrancos entre los montes identifican que es un buen lugar por donde circulan las aguas y construyen con piedra seca las Senias (norias) para la extracci\u00f3n de agua para regad\u00edo de los terrenos pr\u00f3ximos de la huerta .<\/p><p>TERRA (tierra). El hombre de este territorio ha modificado la condici\u00f3n natural de los montes creado terrazas para cultivo, desplazando el monte para la creaci\u00f3n de territorio apto para la agricultura y la ganader\u00eda. Tiene zonas a pie de monte donde se practica la agricultura y una zona de tierras rojas que se extiende desde el barranco de las Parras hac\u00eda el termino municipal de Morella, estas tierras rojas tambi\u00e9n se encuentran en Forcall y han permitido ancestralmente el asentamiento humano en las vegas donde se encuentra. Es posible encontrar tambi\u00e9n en alguna ladera del camino tierra amarilla.<\/p>\t\t\t\t\t\t<\/div>\n\t\t\t\t<\/div>\n\t\t\t\t\t<\/div>\n\t\t<\/div>\n\t\t\t\t\t\t\t<\/div>\n\t\t<\/section>\n\t\t\t\t<section class=\"elementor-section elementor-top-section elementor-element elementor-element-ff8953a elementor-section-boxed elementor-section-height-default elementor-section-height-default\" data-id=\"ff8953a\" data-element_type=\"section\">\n\t\t\t\t\t\t<div class=\"elementor-container elementor-column-gap-default\">\n\t\t\t\t\t<div class=\"elementor-column elementor-col-100 elementor-top-column elementor-element elementor-element-5896eb8\" data-id=\"5896eb8\" data-element_type=\"column\">\n\t\t\t<div class=\"elementor-widget-wrap elementor-element-populated\">\n\t\t\t\t\t\t\t\t<div class=\"elementor-element elementor-element-9688db8 elementor-widget elementor-widget-text-editor\" data-id=\"9688db8\" data-element_type=\"widget\" data-widget_type=\"text-editor.default\">\n\t\t\t\t<div class=\"elementor-widget-container\">\n\t\t\t\t\t\t\t<h3>Participar en \/RESIDENTS AIGUA\/PEDRA\/TERRA <\/h3>\t\t\t\t\t\t<\/div>\n\t\t\t\t<\/div>\n\t\t\t\t\t<\/div>\n\t\t<\/div>\n\t\t\t\t\t\t\t<\/div>\n\t\t<\/section>\n\t\t\t\t<section class=\"elementor-section elementor-top-section elementor-element elementor-element-c9e951f elementor-section-boxed elementor-section-height-default elementor-section-height-default\" data-id=\"c9e951f\" data-element_type=\"section\">\n\t\t\t\t\t\t<div class=\"elementor-container elementor-column-gap-default\">\n\t\t\t\t\t<div class=\"elementor-column elementor-col-50 elementor-top-column elementor-element elementor-element-7707588\" data-id=\"7707588\" data-element_type=\"column\">\n\t\t\t<div class=\"elementor-widget-wrap elementor-element-populated\">\n\t\t\t\t\t\t\t\t<div class=\"elementor-element elementor-element-6b30522 elementor-widget elementor-widget-text-editor\" data-id=\"6b30522\" data-element_type=\"widget\" data-widget_type=\"text-editor.default\">\n\t\t\t\t<div class=\"elementor-widget-container\">\n\t\t\t\t\t\t\t<p>Existen dos maneras de participar en <strong>\/RESIDENTS \/PEDRA\/AIGUA\/TERRA<\/strong>, trabajando en conjunto con nuestro equipo de gesti\u00f3n cultural para postular a becas o financiamiento en Chile o en la Uni\u00f3n Europea. O pagando el costo mensual de la residencia, hasta cubrir las cuatro plazas de cada temporada.<\/p><p>Ayudamos a las\/os artistas interesadas\/os para obtener recursos de financiaci\u00f3n a trav\u00e9s de:<\/p><p>Asesor\u00eda para la obtenci\u00f3n de financiamiento FONDART (CL), L\u00ednea de Circulaci\u00f3n Internacional, Culture Moves Europe o Acci\u00f3n Cultural Espa\u00f1ola AC\/E .<\/p><p>Adem\u00e1s, en la asesor\u00eda para la actualizaci\u00f3n de portafolio y en el desarrollo del statement de inter\u00e9s en arte y territorio.<\/p>\t\t\t\t\t\t<\/div>\n\t\t\t\t<\/div>\n\t\t\t\t\t<\/div>\n\t\t<\/div>\n\t\t\t\t<div class=\"elementor-column elementor-col-50 elementor-top-column elementor-element elementor-element-7b4adea\" data-id=\"7b4adea\" data-element_type=\"column\">\n\t\t\t<div class=\"elementor-widget-wrap elementor-element-populated\">\n\t\t\t\t\t\t\t\t<div class=\"elementor-element elementor-element-a3ebece elementor-widget elementor-widget-image\" data-id=\"a3ebece\" data-element_type=\"widget\" data-widget_type=\"image.default\">\n\t\t\t\t<div class=\"elementor-widget-container\">\n\t\t\t\t\t\t\t\t\t\t\t\t\t\t\t<img decoding=\"async\" width=\"400\" height=\"600\" src=\"https:\/\/almacigasociocultural.org\/wp-content\/uploads\/2024\/04\/Senia.jpg\" class=\"attachment-full size-full wp-image-3214\" alt=\"\" loading=\"lazy\" srcset=\"https:\/\/almacigasociocultural.org\/wp-content\/uploads\/2024\/04\/Senia.jpg 400w, https:\/\/almacigasociocultural.org\/wp-content\/uploads\/2024\/04\/Senia-200x300.jpg 200w\" sizes=\"100vw\" \/>\t\t\t\t\t\t\t\t\t\t\t\t\t\t\t<\/div>\n\t\t\t\t<\/div>\n\t\t\t\t\t<\/div>\n\t\t<\/div>\n\t\t\t\t\t\t\t<\/div>\n\t\t<\/section>\n\t\t\t\t<section class=\"elementor-section elementor-top-section elementor-element elementor-element-e1080ca elementor-section-boxed elementor-section-height-default elementor-section-height-default\" data-id=\"e1080ca\" data-element_type=\"section\">\n\t\t\t\t\t\t<div class=\"elementor-container elementor-column-gap-default\">\n\t\t\t\t\t<div class=\"elementor-column elementor-col-50 elementor-top-column elementor-element elementor-element-c477b8c\" data-id=\"c477b8c\" data-element_type=\"column\">\n\t\t\t<div class=\"elementor-widget-wrap elementor-element-populated\">\n\t\t\t\t\t\t\t\t<div class=\"elementor-element elementor-element-0e0699b elementor-widget elementor-widget-text-editor\" data-id=\"0e0699b\" data-element_type=\"widget\" data-widget_type=\"text-editor.default\">\n\t\t\t\t<div class=\"elementor-widget-container\">\n\t\t\t\t\t\t\t<p><strong>\/RESIDENTS \/PEDRA\/AIGUA\/TERRA<\/strong> es un proyecto dise\u00f1ado por:<\/p><p>Gabriela Rivera Lucero \/ Salvador Troncoso Curivil.<\/p><p>Colabora: Milaniza Montalvo Garc\u00eda.<\/p><p>Organiza y produce: Alm\u00e1ciga Innovaci\u00f3n.<\/p><p>Para mayor informaci\u00f3n escribir al email: almacigasociocultural@gmail.com<\/p>\t\t\t\t\t\t<\/div>\n\t\t\t\t<\/div>\n\t\t\t\t\t<\/div>\n\t\t<\/div>\n\t\t\t\t<div class=\"elementor-column elementor-col-50 elementor-top-column elementor-element elementor-element-6d9b4d4\" data-id=\"6d9b4d4\" data-element_type=\"column\">\n\t\t\t<div class=\"elementor-widget-wrap elementor-element-populated\">\n\t\t\t\t\t\t\t\t<div class=\"elementor-element elementor-element-5cabf46 elementor-widget elementor-widget-image\" data-id=\"5cabf46\" data-element_type=\"widget\" data-widget_type=\"image.default\">\n\t\t\t\t<div class=\"elementor-widget-container\">\n\t\t\t\t\t\t\t\t\t\t\t\t\t\t\t<img decoding=\"async\" width=\"400\" height=\"600\" src=\"https:\/\/almacigasociocultural.org\/wp-content\/uploads\/2024\/04\/Ovejas.jpg\" class=\"attachment-full size-full wp-image-3258\" alt=\"\" loading=\"lazy\" srcset=\"https:\/\/almacigasociocultural.org\/wp-content\/uploads\/2024\/04\/Ovejas.jpg 400w, https:\/\/almacigasociocultural.org\/wp-content\/uploads\/2024\/04\/Ovejas-200x300.jpg 200w\" sizes=\"100vw\" \/>\t\t\t\t\t\t\t\t\t\t\t\t\t\t\t<\/div>\n\t\t\t\t<\/div>\n\t\t\t\t\t<\/div>\n\t\t<\/div>\n\t\t\t\t\t\t\t<\/div>\n\t\t<\/section>\n\t\t\t\t\t\t\t<\/div>\n\t\t","protected":false},"excerpt":{"rendered":"<p>\/RESIDENTS \/\/PEDRA\/AIGUA\/TERRA Residencia art\u00edstica en contexto rural. Cinctorres. CV-ES. \/RESIDENTS es un espacio de encuentro entre artistas nacionales e internacionales para el intercambio de experiencias profesionalizantes en una residencia de mediana duraci\u00f3n en el mundo rural, para investigaci\u00f3n, creaci\u00f3n y producci\u00f3n art\u00edstica de Sitio espec\u00edfico. Y se propone establecer a trav\u00e9s de la mediaci\u00f3n cultural, &hellip; <\/p>\n<p class=\"link-more\"><a href=\"https:\/\/almacigasociocultural.org\/index.php\/pedra-aigua-terra\/\" class=\"more-link\">Read more<span class=\"screen-reader-text\"> &#8220;PEDRA\/AIGUA\/TERRA&#8221;<\/span><\/a><\/p>\n","protected":false},"author":1,"featured_media":0,"parent":0,"menu_order":0,"comment_status":"closed","ping_status":"closed","template":"","meta":{"_uag_custom_page_level_css":""},"uagb_featured_image_src":{"full":false,"thumbnail":false,"medium":false,"medium_large":false,"large":false,"1536x1536":false,"2048x2048":false,"inspiro-featured-image":false,"inspiro-loop":false,"inspiro-loop@2x":false},"uagb_author_info":{"display_name":"curivil","author_link":false},"uagb_comment_info":0,"uagb_excerpt":"\/RESIDENTS \/\/PEDRA\/AIGUA\/TERRA Residencia art\u00edstica en contexto rural. Cinctorres. CV-ES. \/RESIDENTS es un espacio de encuentro entre artistas nacionales e internacionales para el intercambio de experiencias profesionalizantes en una residencia de mediana duraci\u00f3n en el mundo rural, para investigaci\u00f3n, creaci\u00f3n y producci\u00f3n art\u00edstica de Sitio espec\u00edfico. Y se propone establecer a trav\u00e9s de la mediaci\u00f3n cultural,&hellip;","_links":{"self":[{"href":"https:\/\/almacigasociocultural.org\/index.php\/wp-json\/wp\/v2\/pages\/2358"}],"collection":[{"href":"https:\/\/almacigasociocultural.org\/index.php\/wp-json\/wp\/v2\/pages"}],"about":[{"href":"https:\/\/almacigasociocultural.org\/index.php\/wp-json\/wp\/v2\/types\/page"}],"author":[{"embeddable":true,"href":"https:\/\/almacigasociocultural.org\/index.php\/wp-json\/wp\/v2\/users\/1"}],"replies":[{"embeddable":true,"href":"https:\/\/almacigasociocultural.org\/index.php\/wp-json\/wp\/v2\/comments?post=2358"}],"version-history":[{"count":136,"href":"https:\/\/almacigasociocultural.org\/index.php\/wp-json\/wp\/v2\/pages\/2358\/revisions"}],"predecessor-version":[{"id":3765,"href":"https:\/\/almacigasociocultural.org\/index.php\/wp-json\/wp\/v2\/pages\/2358\/revisions\/3765"}],"wp:attachment":[{"href":"https:\/\/almacigasociocultural.org\/index.php\/wp-json\/wp\/v2\/media?parent=2358"}],"curies":[{"name":"wp","href":"https:\/\/api.w.org\/{rel}","templated":true}]}}