{"id":2618,"date":"2024-03-15T09:04:40","date_gmt":"2024-03-15T09:04:40","guid":{"rendered":"https:\/\/almacigasociocultural.org\/?page_id=2618"},"modified":"2026-03-22T20:08:10","modified_gmt":"2026-03-22T20:08:10","slug":"festival-de-poesia-en-cinctorres","status":"publish","type":"page","link":"https:\/\/almacigasociocultural.org\/index.php\/festival-de-poesia-en-cinctorres\/","title":{"rendered":"CINCFRESC"},"content":{"rendered":"\t\t<div data-elementor-type=\"wp-page\" data-elementor-id=\"2618\" class=\"elementor elementor-2618\">\n\t\t\t\t\t\t\t\t\t<section class=\"elementor-section elementor-top-section elementor-element elementor-element-e78e5b2 elementor-section-boxed elementor-section-height-default elementor-section-height-default\" data-id=\"e78e5b2\" data-element_type=\"section\">\n\t\t\t\t\t\t<div class=\"elementor-container elementor-column-gap-default\">\n\t\t\t\t\t<div class=\"elementor-column elementor-col-100 elementor-top-column elementor-element elementor-element-116774a\" data-id=\"116774a\" data-element_type=\"column\">\n\t\t\t<div class=\"elementor-widget-wrap elementor-element-populated\">\n\t\t\t\t\t\t\t\t<div class=\"elementor-element elementor-element-09a9369 elementor-widget elementor-widget-text-editor\" data-id=\"09a9369\" data-element_type=\"widget\" data-widget_type=\"text-editor.default\">\n\t\t\t\t<div class=\"elementor-widget-container\">\n\t\t\t<style>\/*! elementor - v3.12.2 - 23-04-2023 *\/\n.elementor-widget-text-editor.elementor-drop-cap-view-stacked .elementor-drop-cap{background-color:#69727d;color:#fff}.elementor-widget-text-editor.elementor-drop-cap-view-framed .elementor-drop-cap{color:#69727d;border:3px solid;background-color:transparent}.elementor-widget-text-editor:not(.elementor-drop-cap-view-default) .elementor-drop-cap{margin-top:8px}.elementor-widget-text-editor:not(.elementor-drop-cap-view-default) .elementor-drop-cap-letter{width:1em;height:1em}.elementor-widget-text-editor .elementor-drop-cap{float:left;text-align:center;line-height:1;font-size:50px}.elementor-widget-text-editor .elementor-drop-cap-letter{display:inline-block}<\/style>\t\t\t\t<h3><strong>CINCFRESC Festival de poes\u00eda en Cinctorres <br \/><\/strong><\/h3><p>CINCFRESC es un espacio literario que busca compartir libros, fomentar el h\u00e1bito lector, y el disfrute de la poes\u00eda contempor\u00e1nea. Acercar distintas pr\u00e1cticas po\u00e9ticas actuales a la comarca Dels Ports y a la provincia de Castell\u00f3n, de manera de potenciar actividades culturales y la cohesi\u00f3n social por medio de las artes y la cultura.<\/p><p>CINCFRESC Es producido por Alma\u0301ciga Innovaci\u00f3n para acercar la literatura a la comunidad cinctorrana, ayudar a disminuir la brecha en el consumo de literatura, y\u00a0 aumentar el porcentaje de experiencias literarias de calidad en Els Ports.<\/p>\t\t\t\t\t\t<\/div>\n\t\t\t\t<\/div>\n\t\t\t\t\t<\/div>\n\t\t<\/div>\n\t\t\t\t\t\t\t<\/div>\n\t\t<\/section>\n\t\t\t\t<section class=\"elementor-section elementor-top-section elementor-element elementor-element-ad31c60 elementor-section-boxed elementor-section-height-default elementor-section-height-default\" data-id=\"ad31c60\" data-element_type=\"section\">\n\t\t\t\t\t\t<div class=\"elementor-container elementor-column-gap-default\">\n\t\t\t\t\t<div class=\"elementor-column elementor-col-50 elementor-top-column elementor-element elementor-element-fb61fe2\" data-id=\"fb61fe2\" data-element_type=\"column\">\n\t\t\t<div class=\"elementor-widget-wrap\">\n\t\t\t\t\t\t\t\t\t<\/div>\n\t\t<\/div>\n\t\t\t\t<div class=\"elementor-column elementor-col-50 elementor-top-column elementor-element elementor-element-62ff6c8\" data-id=\"62ff6c8\" data-element_type=\"column\">\n\t\t\t<div class=\"elementor-widget-wrap\">\n\t\t\t\t\t\t\t\t\t<\/div>\n\t\t<\/div>\n\t\t\t\t\t\t\t<\/div>\n\t\t<\/section>\n\t\t\t\t<section class=\"elementor-section elementor-top-section elementor-element elementor-element-4834921 elementor-section-boxed elementor-section-height-default elementor-section-height-default\" data-id=\"4834921\" data-element_type=\"section\">\n\t\t\t\t\t\t<div class=\"elementor-container elementor-column-gap-default\">\n\t\t\t\t\t<div class=\"elementor-column elementor-col-50 elementor-top-column elementor-element elementor-element-2f110e8\" data-id=\"2f110e8\" data-element_type=\"column\">\n\t\t\t<div class=\"elementor-widget-wrap elementor-element-populated\">\n\t\t\t\t\t\t\t\t<div class=\"elementor-element elementor-element-d668efd elementor-widget elementor-widget-text-editor\" data-id=\"d668efd\" data-element_type=\"widget\" data-widget_type=\"text-editor.default\">\n\t\t\t\t<div class=\"elementor-widget-container\">\n\t\t\t\t\t\t\t<p><strong>\u00a0<\/strong><\/p><p><strong>CINCFRESC 2025.<\/strong> Jornadas de poes\u00eda en Cinctorres.<\/p><p>IV CINCFRESC en Cinctorres. DIC 25.<\/p><p>Participantes: David Trashumante, CulebraNegra, Jocelyne Rodr\u00edguez Droguett, Valentina Romero, Mery Sut Favaretto y Micro abierto.<\/p><p>Financiado por: Diputaci\u00f3n de Castell\u00f3n. Cofinanciado por:\u00a0 Alm\u00e1ciga Asociaci\u00f3n Cultural. Organiza: Alm\u00e1ciga Innovaci\u00f3n. Colabora: Ayuntamiento de Cinctorres.<\/p><div>\u00a0<\/div><div>\u00a0<\/div>\t\t\t\t\t\t<\/div>\n\t\t\t\t<\/div>\n\t\t\t\t\t<\/div>\n\t\t<\/div>\n\t\t\t\t<div class=\"elementor-column elementor-col-50 elementor-top-column elementor-element elementor-element-92279e3\" data-id=\"92279e3\" data-element_type=\"column\">\n\t\t\t<div class=\"elementor-widget-wrap elementor-element-populated\">\n\t\t\t\t\t\t\t\t<div class=\"elementor-element elementor-element-f53b453 elementor-widget elementor-widget-image\" data-id=\"f53b453\" data-element_type=\"widget\" data-widget_type=\"image.default\">\n\t\t\t\t<div class=\"elementor-widget-container\">\n\t\t\t<style>\/*! elementor - v3.12.2 - 23-04-2023 *\/\n.elementor-widget-image{text-align:center}.elementor-widget-image a{display:inline-block}.elementor-widget-image a img[src$=\".svg\"]{width:48px}.elementor-widget-image img{vertical-align:middle;display:inline-block}<\/style>\t\t\t\t\t\t\t\t\t\t\t\t<img decoding=\"async\" width=\"950\" height=\"950\" src=\"https:\/\/almacigasociocultural.org\/wp-content\/uploads\/2026\/03\/Afiche-C25RRSS-1024x1024.jpg\" class=\"attachment-large size-large wp-image-3643\" alt=\"\" loading=\"lazy\" srcset=\"https:\/\/almacigasociocultural.org\/wp-content\/uploads\/2026\/03\/Afiche-C25RRSS-1024x1024.jpg 1024w, https:\/\/almacigasociocultural.org\/wp-content\/uploads\/2026\/03\/Afiche-C25RRSS-300x300.jpg 300w, https:\/\/almacigasociocultural.org\/wp-content\/uploads\/2026\/03\/Afiche-C25RRSS-150x150.jpg 150w, https:\/\/almacigasociocultural.org\/wp-content\/uploads\/2026\/03\/Afiche-C25RRSS-2000x2000.jpg 2000w, https:\/\/almacigasociocultural.org\/wp-content\/uploads\/2026\/03\/Afiche-C25RRSS-scaled-1536x1536.jpg 1536w, https:\/\/almacigasociocultural.org\/wp-content\/uploads\/2026\/03\/Afiche-C25RRSS-scaled-2048x2048.jpg 2048w\" sizes=\"100vw\" \/>\t\t\t\t\t\t\t\t\t\t\t\t\t\t\t<\/div>\n\t\t\t\t<\/div>\n\t\t\t\t\t<\/div>\n\t\t<\/div>\n\t\t\t\t\t\t\t<\/div>\n\t\t<\/section>\n\t\t\t\t<section class=\"elementor-section elementor-top-section elementor-element elementor-element-6a0038b elementor-section-boxed elementor-section-height-default elementor-section-height-default\" data-id=\"6a0038b\" data-element_type=\"section\">\n\t\t\t\t\t\t<div class=\"elementor-container elementor-column-gap-default\">\n\t\t\t\t\t<div class=\"elementor-column elementor-col-50 elementor-top-column elementor-element elementor-element-4ba620b\" data-id=\"4ba620b\" data-element_type=\"column\">\n\t\t\t<div class=\"elementor-widget-wrap elementor-element-populated\">\n\t\t\t\t\t\t\t\t<div class=\"elementor-element elementor-element-c9235a7 elementor-widget elementor-widget-text-editor\" data-id=\"c9235a7\" data-element_type=\"widget\" data-widget_type=\"text-editor.default\">\n\t\t\t\t<div class=\"elementor-widget-container\">\n\t\t\t\t\t\t\t<p><strong>CINCFRESC 2024.<\/strong> Jornadas de poes\u00eda en Cinctorres. Del 19 al 21 de diciembre.<\/p><p>La Asociaci\u00f3n Cultural Alm\u00e1ciga presenta el III CINCFRESC, Del 19 al 21 de diciembre en Cinctorres. Las dos versiones anteriores corresponden a los a\u00f1os 2022 y 2023, y se han presentado m\u00e1s de treinta poetas.<\/p><p>El CINCFRESC 2024 reuni\u00f3 a artistas que est\u00e1n trabajando con la poes\u00eda contempor\u00e1nea y que son parte de la escena regional. Poetas con una importante trayectoria a nivel nacional e internacional.<\/p><p>Participantes: Aldo Alcota, Milagros Arias, Anne Barton de Mayor, CulebraNegra, Enjundia Beats, Anna Peixet, Ximo Rochera, Pablo Rocu, y David Trashumante.<\/p><p>Financiado por: Diputaci\u00f3n de Castell\u00f3n. Cofinanciado por:\u00a0 Alm\u00e1ciga Asociaci\u00f3n Cultural. Organiza: Alm\u00e1ciga Innovaci\u00f3n. Colabora: Ayuntamiento de Cinctorres.<\/p><div>\u00a0<\/div><div>\u00a0<\/div>\t\t\t\t\t\t<\/div>\n\t\t\t\t<\/div>\n\t\t\t\t\t<\/div>\n\t\t<\/div>\n\t\t\t\t<div class=\"elementor-column elementor-col-50 elementor-top-column elementor-element elementor-element-678fbb8\" data-id=\"678fbb8\" data-element_type=\"column\">\n\t\t\t<div class=\"elementor-widget-wrap elementor-element-populated\">\n\t\t\t\t\t\t\t\t<div class=\"elementor-element elementor-element-5cdd940 elementor-widget elementor-widget-image\" data-id=\"5cdd940\" data-element_type=\"widget\" data-widget_type=\"image.default\">\n\t\t\t\t<div class=\"elementor-widget-container\">\n\t\t\t\t\t\t\t\t\t\t\t\t\t\t\t<img decoding=\"async\" width=\"724\" height=\"1024\" src=\"https:\/\/almacigasociocultural.org\/wp-content\/uploads\/2025\/02\/CartellCICNFRESC24RWEB-724x1024.jpg\" class=\"attachment-large size-large wp-image-3552\" alt=\"\" loading=\"lazy\" srcset=\"https:\/\/almacigasociocultural.org\/wp-content\/uploads\/2025\/02\/CartellCICNFRESC24RWEB-724x1024.jpg 724w, https:\/\/almacigasociocultural.org\/wp-content\/uploads\/2025\/02\/CartellCICNFRESC24RWEB-212x300.jpg 212w, https:\/\/almacigasociocultural.org\/wp-content\/uploads\/2025\/02\/CartellCICNFRESC24RWEB-scaled-1086x1536.jpg 1086w, https:\/\/almacigasociocultural.org\/wp-content\/uploads\/2025\/02\/CartellCICNFRESC24RWEB-scaled-1448x2048.jpg 1448w, https:\/\/almacigasociocultural.org\/wp-content\/uploads\/2025\/02\/CartellCICNFRESC24RWEB-scaled.jpg 1810w\" sizes=\"100vw\" \/>\t\t\t\t\t\t\t\t\t\t\t\t\t\t\t<\/div>\n\t\t\t\t<\/div>\n\t\t\t\t\t<\/div>\n\t\t<\/div>\n\t\t\t\t\t\t\t<\/div>\n\t\t<\/section>\n\t\t\t\t<section class=\"elementor-section elementor-top-section elementor-element elementor-element-1d26d99 elementor-section-boxed elementor-section-height-default elementor-section-height-default\" data-id=\"1d26d99\" data-element_type=\"section\">\n\t\t\t\t\t\t<div class=\"elementor-container elementor-column-gap-default\">\n\t\t\t\t\t<div class=\"elementor-column elementor-col-33 elementor-top-column elementor-element elementor-element-55a918b\" data-id=\"55a918b\" data-element_type=\"column\">\n\t\t\t<div class=\"elementor-widget-wrap elementor-element-populated\">\n\t\t\t\t\t\t\t\t<div class=\"elementor-element elementor-element-e207cec elementor-widget elementor-widget-image\" data-id=\"e207cec\" data-element_type=\"widget\" data-widget_type=\"image.default\">\n\t\t\t\t<div class=\"elementor-widget-container\">\n\t\t\t\t\t\t\t\t\t\t\t\t\t\t\t<img decoding=\"async\" width=\"400\" height=\"600\" src=\"https:\/\/almacigasociocultural.org\/wp-content\/uploads\/2024\/03\/CartelCincfresc-23-4x6-1.jpg\" class=\"attachment-full size-full wp-image-2682\" alt=\"\" loading=\"lazy\" srcset=\"https:\/\/almacigasociocultural.org\/wp-content\/uploads\/2024\/03\/CartelCincfresc-23-4x6-1.jpg 400w, https:\/\/almacigasociocultural.org\/wp-content\/uploads\/2024\/03\/CartelCincfresc-23-4x6-1-200x300.jpg 200w\" sizes=\"100vw\" \/>\t\t\t\t\t\t\t\t\t\t\t\t\t\t\t<\/div>\n\t\t\t\t<\/div>\n\t\t\t\t\t<\/div>\n\t\t<\/div>\n\t\t\t\t<div class=\"elementor-column elementor-col-66 elementor-top-column elementor-element elementor-element-934239f\" data-id=\"934239f\" data-element_type=\"column\">\n\t\t\t<div class=\"elementor-widget-wrap elementor-element-populated\">\n\t\t\t\t\t\t\t\t<div class=\"elementor-element elementor-element-3dec6fa elementor-widget elementor-widget-text-editor\" data-id=\"3dec6fa\" data-element_type=\"widget\" data-widget_type=\"text-editor.default\">\n\t\t\t\t<div class=\"elementor-widget-container\">\n\t\t\t\t\t\t\t<p><strong>\u00a0<\/strong><\/p><p><strong>CINCFRESC 2023. <\/strong>Jornadas de Poes\u00eda en Cinctorres, se ha desarrollado del 26 al 29 de octubre en la ermita de San Luis el 2023. CINCFRESC 23 es el quinto evento de Poes\u00eda en Cinctorres organizado por Alm\u00e1ciga y reuni\u00f3 a diez poetas de la escena regional. Unas jornadas de poes\u00eda en igualdad de g\u00e9nero, donde las poetas han sido el protagonista. Se han dado cita en esta oportunidad poetas con importante trayectoria nacional e internacional: Iris Almenara, Alma Back (Sara Montan\u00e9s) &amp; Miquel Selenita, Josep Beltran, Soledad Benages, V\u00edctor Benavides, Daneil Dom\u00e8nech (Daniel Mu\u00f1oz), CulebraNegra (Salvador Troncoso Curivil), Sara Olivas, Armand Querol y Ruth Sancho.<\/p><p>Financia: Diputaci\u00f3n de Castell\u00f3n. Cofinancia:\u00a0 Alm\u00e1ciga. Organiza: Alm\u00e1ciga Innovaci\u00f3n. Colabora: Ayuntamiento de Cinctorres.<\/p>\t\t\t\t\t\t<\/div>\n\t\t\t\t<\/div>\n\t\t\t\t\t<\/div>\n\t\t<\/div>\n\t\t\t\t\t\t\t<\/div>\n\t\t<\/section>\n\t\t\t\t<section class=\"elementor-section elementor-top-section elementor-element elementor-element-807c376 elementor-section-boxed elementor-section-height-default elementor-section-height-default\" data-id=\"807c376\" data-element_type=\"section\">\n\t\t\t\t\t\t<div class=\"elementor-container elementor-column-gap-default\">\n\t\t\t\t\t<div class=\"elementor-column elementor-col-50 elementor-top-column elementor-element elementor-element-d4d7065\" data-id=\"d4d7065\" data-element_type=\"column\">\n\t\t\t<div class=\"elementor-widget-wrap elementor-element-populated\">\n\t\t\t\t\t\t\t\t<div class=\"elementor-element elementor-element-3291c5b elementor-arrows-position-inside elementor-pagination-position-outside elementor-widget elementor-widget-image-carousel\" data-id=\"3291c5b\" data-element_type=\"widget\" data-settings=\"{&quot;slides_to_show&quot;:&quot;1&quot;,&quot;navigation&quot;:&quot;both&quot;,&quot;autoplay&quot;:&quot;yes&quot;,&quot;pause_on_hover&quot;:&quot;yes&quot;,&quot;pause_on_interaction&quot;:&quot;yes&quot;,&quot;autoplay_speed&quot;:5000,&quot;infinite&quot;:&quot;yes&quot;,&quot;effect&quot;:&quot;slide&quot;,&quot;speed&quot;:500}\" data-widget_type=\"image-carousel.default\">\n\t\t\t\t<div class=\"elementor-widget-container\">\n\t\t\t<style>\/*! elementor - v3.12.2 - 23-04-2023 *\/\n.elementor-widget-image-carousel .swiper,.elementor-widget-image-carousel .swiper-container{position:static}.elementor-widget-image-carousel .swiper-container .swiper-slide figure,.elementor-widget-image-carousel .swiper .swiper-slide figure{line-height:inherit}.elementor-widget-image-carousel .swiper-slide{text-align:center}.elementor-image-carousel-wrapper:not(.swiper-container-initialized) .swiper-slide,.elementor-image-carousel-wrapper:not(.swiper-initialized) .swiper-slide{max-width:calc(100% \/ var(--e-image-carousel-slides-to-show, 3))}<\/style>\t\t<div class=\"elementor-image-carousel-wrapper swiper\" dir=\"ltr\">\n\t\t\t<div class=\"elementor-image-carousel swiper-wrapper\">\n\t\t\t\t\t\t\t\t<div class=\"swiper-slide\"><figure class=\"swiper-slide-inner\"><img decoding=\"async\" class=\"swiper-slide-image\" src=\"https:\/\/almacigasociocultural.org\/wp-content\/uploads\/2024\/03\/Cincfresc-Almenara-4x6-1.jpg\" alt=\"Cincfresc Almenara 4x6\" \/><\/figure><\/div><div class=\"swiper-slide\"><figure class=\"swiper-slide-inner\"><img decoding=\"async\" class=\"swiper-slide-image\" src=\"https:\/\/almacigasociocultural.org\/wp-content\/uploads\/2024\/03\/Cincfresc-Beltran-4x6-1.jpg\" alt=\"Cincfresc Beltran 4x6\" \/><\/figure><\/div><div class=\"swiper-slide\"><figure class=\"swiper-slide-inner\"><img decoding=\"async\" class=\"swiper-slide-image\" src=\"https:\/\/almacigasociocultural.org\/wp-content\/uploads\/2024\/03\/Cincfresc-BEnages-4x6-1.jpg\" alt=\"Cincfresc BEnages 4x6\" \/><\/figure><\/div><div class=\"swiper-slide\"><figure class=\"swiper-slide-inner\"><img decoding=\"async\" class=\"swiper-slide-image\" src=\"https:\/\/almacigasociocultural.org\/wp-content\/uploads\/2024\/03\/Cincfresc-Benvides-4x6-1.jpg\" alt=\"Cincfresc Benvides 4x6\" \/><\/figure><\/div><div class=\"swiper-slide\"><figure class=\"swiper-slide-inner\"><img decoding=\"async\" class=\"swiper-slide-image\" src=\"https:\/\/almacigasociocultural.org\/wp-content\/uploads\/2024\/03\/Cincfresc-CulebraNegra-4x6-1.jpg\" alt=\"Cincfresc CulebraNegra 4x6\" \/><\/figure><\/div><div class=\"swiper-slide\"><figure class=\"swiper-slide-inner\"><img decoding=\"async\" class=\"swiper-slide-image\" src=\"https:\/\/almacigasociocultural.org\/wp-content\/uploads\/2024\/03\/Cincfresc-Domenech-4x6-1.jpg\" alt=\"Cincfresc Domenech 4x6\" \/><\/figure><\/div><div class=\"swiper-slide\"><figure class=\"swiper-slide-inner\"><img decoding=\"async\" class=\"swiper-slide-image\" src=\"https:\/\/almacigasociocultural.org\/wp-content\/uploads\/2024\/03\/Cincfresc-Montanes-4x6-1.jpg\" alt=\"Cincfresc Montanes 4x6\" \/><\/figure><\/div><div class=\"swiper-slide\"><figure class=\"swiper-slide-inner\"><img decoding=\"async\" class=\"swiper-slide-image\" src=\"https:\/\/almacigasociocultural.org\/wp-content\/uploads\/2024\/03\/Cincfresc-Olivas-4x6-1.jpg\" alt=\"Cincfresc Olivas 4x6\" \/><\/figure><\/div><div class=\"swiper-slide\"><figure class=\"swiper-slide-inner\"><img decoding=\"async\" class=\"swiper-slide-image\" src=\"https:\/\/almacigasociocultural.org\/wp-content\/uploads\/2024\/03\/Cincfresc-Querol-4x6-1.jpg\" alt=\"Cincfresc Querol 4x6\" \/><\/figure><\/div><div class=\"swiper-slide\"><figure class=\"swiper-slide-inner\"><img decoding=\"async\" class=\"swiper-slide-image\" src=\"https:\/\/almacigasociocultural.org\/wp-content\/uploads\/2024\/03\/Cincfresc-Sancho-4x6-1.jpg\" alt=\"Cincfresc Sancho 4x6\" \/><\/figure><\/div>\t\t\t<\/div>\n\t\t\t\t\t\t\t\t\t\t\t\t<div class=\"swiper-pagination\"><\/div>\n\t\t\t\t\t\t\t\t\t\t\t\t\t<div class=\"elementor-swiper-button elementor-swiper-button-prev\">\n\t\t\t\t\t\t<i aria-hidden=\"true\" class=\"eicon-chevron-left\"><\/i>\t\t\t\t\t\t<span class=\"elementor-screen-only\">Previous<\/span>\n\t\t\t\t\t<\/div>\n\t\t\t\t\t<div class=\"elementor-swiper-button elementor-swiper-button-next\">\n\t\t\t\t\t\t<i aria-hidden=\"true\" class=\"eicon-chevron-right\"><\/i>\t\t\t\t\t\t<span class=\"elementor-screen-only\">Next<\/span>\n\t\t\t\t\t<\/div>\n\t\t\t\t\t\t\t\t\t<\/div>\n\t\t\t\t<\/div>\n\t\t\t\t<\/div>\n\t\t\t\t\t<\/div>\n\t\t<\/div>\n\t\t\t\t<div class=\"elementor-column elementor-col-50 elementor-top-column elementor-element elementor-element-352a63e\" data-id=\"352a63e\" data-element_type=\"column\">\n\t\t\t<div class=\"elementor-widget-wrap elementor-element-populated\">\n\t\t\t\t\t\t\t\t<div class=\"elementor-element elementor-element-9ed2545 elementor-widget elementor-widget-text-editor\" data-id=\"9ed2545\" data-element_type=\"widget\" data-widget_type=\"text-editor.default\">\n\t\t\t\t<div class=\"elementor-widget-container\">\n\t\t\t\t\t\t\t\t\t\t\t\t\t<\/div>\n\t\t\t\t<\/div>\n\t\t\t\t\t<\/div>\n\t\t<\/div>\n\t\t\t\t\t\t\t<\/div>\n\t\t<\/section>\n\t\t\t\t<section class=\"elementor-section elementor-top-section elementor-element elementor-element-67f7c48 elementor-section-boxed elementor-section-height-default elementor-section-height-default\" data-id=\"67f7c48\" data-element_type=\"section\">\n\t\t\t\t\t\t<div class=\"elementor-container elementor-column-gap-default\">\n\t\t\t\t\t<div class=\"elementor-column elementor-col-100 elementor-top-column elementor-element elementor-element-f7ce523\" data-id=\"f7ce523\" data-element_type=\"column\">\n\t\t\t<div class=\"elementor-widget-wrap elementor-element-populated\">\n\t\t\t\t\t\t\t\t<div class=\"elementor-element elementor-element-4aaf3bc elementor-widget elementor-widget-text-editor\" data-id=\"4aaf3bc\" data-element_type=\"widget\" data-widget_type=\"text-editor.default\">\n\t\t\t\t<div class=\"elementor-widget-container\">\n\t\t\t\t\t\t\t<h4>CINCFRESC. Jornadas de poes\u00eda en Cinctorres.<\/h4><h4>Alm\u00e1ciga. Innovaci\u00f3n .<\/h4><p>\u00a0<\/p>\t\t\t\t\t\t<\/div>\n\t\t\t\t<\/div>\n\t\t\t\t\t<\/div>\n\t\t<\/div>\n\t\t\t\t\t\t\t<\/div>\n\t\t<\/section>\n\t\t\t\t\t\t\t<\/div>\n\t\t","protected":false},"excerpt":{"rendered":"<p>CINCFRESC Festival de poes\u00eda en Cinctorres CINCFRESC es un espacio literario que busca compartir libros, fomentar el h\u00e1bito lector, y el disfrute de la poes\u00eda contempor\u00e1nea. Acercar distintas pr\u00e1cticas po\u00e9ticas actuales a la comarca Dels Ports y a la provincia de Castell\u00f3n, de manera de potenciar actividades culturales y la cohesi\u00f3n social por medio de &hellip; <\/p>\n<p class=\"link-more\"><a href=\"https:\/\/almacigasociocultural.org\/index.php\/festival-de-poesia-en-cinctorres\/\" class=\"more-link\">Read more<span class=\"screen-reader-text\"> &#8220;CINCFRESC&#8221;<\/span><\/a><\/p>\n","protected":false},"author":1,"featured_media":0,"parent":0,"menu_order":0,"comment_status":"closed","ping_status":"closed","template":"","meta":{"_uag_custom_page_level_css":""},"uagb_featured_image_src":{"full":false,"thumbnail":false,"medium":false,"medium_large":false,"large":false,"1536x1536":false,"2048x2048":false,"inspiro-featured-image":false,"inspiro-loop":false,"inspiro-loop@2x":false},"uagb_author_info":{"display_name":"curivil","author_link":false},"uagb_comment_info":0,"uagb_excerpt":"CINCFRESC Festival de poes\u00eda en Cinctorres CINCFRESC es un espacio literario que busca compartir libros, fomentar el h\u00e1bito lector, y el disfrute de la poes\u00eda contempor\u00e1nea. Acercar distintas pr\u00e1cticas po\u00e9ticas actuales a la comarca Dels Ports y a la provincia de Castell\u00f3n, de manera de potenciar actividades culturales y la cohesi\u00f3n social por medio de&hellip;","_links":{"self":[{"href":"https:\/\/almacigasociocultural.org\/index.php\/wp-json\/wp\/v2\/pages\/2618"}],"collection":[{"href":"https:\/\/almacigasociocultural.org\/index.php\/wp-json\/wp\/v2\/pages"}],"about":[{"href":"https:\/\/almacigasociocultural.org\/index.php\/wp-json\/wp\/v2\/types\/page"}],"author":[{"embeddable":true,"href":"https:\/\/almacigasociocultural.org\/index.php\/wp-json\/wp\/v2\/users\/1"}],"replies":[{"embeddable":true,"href":"https:\/\/almacigasociocultural.org\/index.php\/wp-json\/wp\/v2\/comments?post=2618"}],"version-history":[{"count":152,"href":"https:\/\/almacigasociocultural.org\/index.php\/wp-json\/wp\/v2\/pages\/2618\/revisions"}],"predecessor-version":[{"id":3873,"href":"https:\/\/almacigasociocultural.org\/index.php\/wp-json\/wp\/v2\/pages\/2618\/revisions\/3873"}],"wp:attachment":[{"href":"https:\/\/almacigasociocultural.org\/index.php\/wp-json\/wp\/v2\/media?parent=2618"}],"curies":[{"name":"wp","href":"https:\/\/api.w.org\/{rel}","templated":true}]}}