{"id":2621,"date":"2024-03-15T09:19:42","date_gmt":"2024-03-15T09:19:42","guid":{"rendered":"https:\/\/almacigasociocultural.org\/?page_id=2621"},"modified":"2026-03-22T19:18:55","modified_gmt":"2026-03-22T19:18:55","slug":"poesia-ruralidad","status":"publish","type":"page","link":"https:\/\/almacigasociocultural.org\/index.php\/poesia-ruralidad\/","title":{"rendered":"POES\u00cdA\/RURALIDAD"},"content":{"rendered":"\t\t<div data-elementor-type=\"wp-page\" data-elementor-id=\"2621\" class=\"elementor elementor-2621\">\n\t\t\t\t\t\t\t\t\t<section class=\"elementor-section elementor-top-section elementor-element elementor-element-3d6838c elementor-section-boxed elementor-section-height-default elementor-section-height-default\" data-id=\"3d6838c\" data-element_type=\"section\">\n\t\t\t\t\t\t<div class=\"elementor-container elementor-column-gap-default\">\n\t\t\t\t\t<div class=\"elementor-column elementor-col-50 elementor-top-column elementor-element elementor-element-7a049d8\" data-id=\"7a049d8\" data-element_type=\"column\">\n\t\t\t<div class=\"elementor-widget-wrap elementor-element-populated\">\n\t\t\t\t\t\t\t\t<div class=\"elementor-element elementor-element-f476140 elementor-widget elementor-widget-image-carousel\" data-id=\"f476140\" data-element_type=\"widget\" data-settings=\"{&quot;slides_to_show&quot;:&quot;1&quot;,&quot;navigation&quot;:&quot;none&quot;,&quot;autoplay&quot;:&quot;yes&quot;,&quot;pause_on_hover&quot;:&quot;yes&quot;,&quot;pause_on_interaction&quot;:&quot;yes&quot;,&quot;autoplay_speed&quot;:5000,&quot;infinite&quot;:&quot;yes&quot;,&quot;effect&quot;:&quot;slide&quot;,&quot;speed&quot;:500}\" data-widget_type=\"image-carousel.default\">\n\t\t\t\t<div class=\"elementor-widget-container\">\n\t\t\t<style>\/*! elementor - v3.12.2 - 23-04-2023 *\/\n.elementor-widget-image-carousel .swiper,.elementor-widget-image-carousel .swiper-container{position:static}.elementor-widget-image-carousel .swiper-container .swiper-slide figure,.elementor-widget-image-carousel .swiper .swiper-slide figure{line-height:inherit}.elementor-widget-image-carousel .swiper-slide{text-align:center}.elementor-image-carousel-wrapper:not(.swiper-container-initialized) .swiper-slide,.elementor-image-carousel-wrapper:not(.swiper-initialized) .swiper-slide{max-width:calc(100% \/ var(--e-image-carousel-slides-to-show, 3))}<\/style>\t\t<div class=\"elementor-image-carousel-wrapper swiper\" dir=\"ltr\">\n\t\t\t<div class=\"elementor-image-carousel swiper-wrapper swiper-image-stretch\">\n\t\t\t\t\t\t\t\t<div class=\"swiper-slide\"><figure class=\"swiper-slide-inner\"><img decoding=\"async\" class=\"swiper-slide-image\" src=\"https:\/\/almacigasociocultural.org\/wp-content\/uploads\/2024\/03\/CartelEscarcha-22-4x6-1.jpg\" alt=\"CartelEscarcha 22 4x6\" \/><\/figure><\/div><div class=\"swiper-slide\"><figure class=\"swiper-slide-inner\"><img decoding=\"async\" class=\"swiper-slide-image\" src=\"https:\/\/almacigasociocultural.org\/wp-content\/uploads\/2024\/03\/CartelTrashumanciua-22-4x6-1.jpg\" alt=\"CartelTrashumanciua 22 4x6\" \/><\/figure><\/div><div class=\"swiper-slide\"><figure class=\"swiper-slide-inner\"><img decoding=\"async\" class=\"swiper-slide-image\" src=\"https:\/\/almacigasociocultural.org\/wp-content\/uploads\/2024\/03\/CartelCincfresc-22-4x6-1.jpg\" alt=\"CartelCincfresc 22 4x6\" \/><\/figure><\/div>\t\t\t<\/div>\n\t\t\t\t\t\t\t\t\t\t\t\t\t\t\t\t<\/div>\n\t\t\t\t<\/div>\n\t\t\t\t<\/div>\n\t\t\t\t\t<\/div>\n\t\t<\/div>\n\t\t\t\t<div class=\"elementor-column elementor-col-50 elementor-top-column elementor-element elementor-element-9b19c3e\" data-id=\"9b19c3e\" data-element_type=\"column\">\n\t\t\t<div class=\"elementor-widget-wrap elementor-element-populated\">\n\t\t\t\t\t\t\t\t<div class=\"elementor-element elementor-element-95cd389 elementor-widget__width-initial elementor-widget elementor-widget-text-editor\" data-id=\"95cd389\" data-element_type=\"widget\" data-widget_type=\"text-editor.default\">\n\t\t\t\t<div class=\"elementor-widget-container\">\n\t\t\t<style>\/*! elementor - v3.12.2 - 23-04-2023 *\/\n.elementor-widget-text-editor.elementor-drop-cap-view-stacked .elementor-drop-cap{background-color:#69727d;color:#fff}.elementor-widget-text-editor.elementor-drop-cap-view-framed .elementor-drop-cap{color:#69727d;border:3px solid;background-color:transparent}.elementor-widget-text-editor:not(.elementor-drop-cap-view-default) .elementor-drop-cap{margin-top:8px}.elementor-widget-text-editor:not(.elementor-drop-cap-view-default) .elementor-drop-cap-letter{width:1em;height:1em}.elementor-widget-text-editor .elementor-drop-cap{float:left;text-align:center;line-height:1;font-size:50px}.elementor-widget-text-editor .elementor-drop-cap-letter{display:inline-block}<\/style>\t\t\t\t<p>Las jornadas <strong>POES\u00cdA Y RURALIDAD<\/strong> que hemos organizado como Alm\u00e1ciga son instancias que fortalecen y democratizan el consumo cultural, acercando a Cinctorres a creativas\/os contempor\u00e1neas\/os con amplia trayectoria nacional e internacional, potenciando el acceso a pr\u00e1cticas art\u00edsticas de p\u00fablicos diversos, aumentando el impacto y las audiencias. Las jornadas de poes\u00eda realizadas por nuestra Asociaci\u00f3n han logrado tambi\u00e9n establecer nexos entre pueblos de la comarca Dels Ports y distribuir bienes culturales en el territorio. As\u00ed mismo, hemos posibilitado poner en valor la obra de poetas contempor\u00e1neas\/os, promover y fomentar el consumo de poes\u00eda actual, y fortalecer la cohesi\u00f3n social por medio del encuentro ciudadano en eventos culturales accesibles.<\/p>\t\t\t\t\t\t<\/div>\n\t\t\t\t<\/div>\n\t\t\t\t\t<\/div>\n\t\t<\/div>\n\t\t\t\t\t\t\t<\/div>\n\t\t<\/section>\n\t\t\t\t<section class=\"elementor-section elementor-top-section elementor-element elementor-element-55ba96d elementor-section-boxed elementor-section-height-default elementor-section-height-default\" data-id=\"55ba96d\" data-element_type=\"section\">\n\t\t\t\t\t\t<div class=\"elementor-container elementor-column-gap-default\">\n\t\t\t\t\t<div class=\"elementor-column elementor-col-100 elementor-top-column elementor-element elementor-element-633eef3\" data-id=\"633eef3\" data-element_type=\"column\">\n\t\t\t<div class=\"elementor-widget-wrap elementor-element-populated\">\n\t\t\t\t\t\t\t\t<div class=\"elementor-element elementor-element-6751921 elementor-widget elementor-widget-image-gallery\" data-id=\"6751921\" data-element_type=\"widget\" data-widget_type=\"image-gallery.default\">\n\t\t\t\t<div class=\"elementor-widget-container\">\n\t\t\t<style>\/*! elementor - v3.12.2 - 23-04-2023 *\/\n.elementor-image-gallery .gallery-item{display:inline-block;text-align:center;vertical-align:top;width:100%;max-width:100%;margin:0 auto}.elementor-image-gallery .gallery-item img{margin:0 auto}.elementor-image-gallery .gallery-item .gallery-caption{margin:0}.elementor-image-gallery figure img{display:block}.elementor-image-gallery figure figcaption{width:100%}.gallery-spacing-custom .elementor-image-gallery .gallery-icon{padding:0}@media (min-width:768px){.elementor-image-gallery .gallery-columns-2 .gallery-item{max-width:50%}.elementor-image-gallery .gallery-columns-3 .gallery-item{max-width:33.33%}.elementor-image-gallery .gallery-columns-4 .gallery-item{max-width:25%}.elementor-image-gallery .gallery-columns-5 .gallery-item{max-width:20%}.elementor-image-gallery .gallery-columns-6 .gallery-item{max-width:16.666%}.elementor-image-gallery .gallery-columns-7 .gallery-item{max-width:14.28%}.elementor-image-gallery .gallery-columns-8 .gallery-item{max-width:12.5%}.elementor-image-gallery .gallery-columns-9 .gallery-item{max-width:11.11%}.elementor-image-gallery .gallery-columns-10 .gallery-item{max-width:10%}}@media (min-width:480px) and (max-width:767px){.elementor-image-gallery .gallery.gallery-columns-2 .gallery-item,.elementor-image-gallery .gallery.gallery-columns-3 .gallery-item,.elementor-image-gallery .gallery.gallery-columns-4 .gallery-item,.elementor-image-gallery .gallery.gallery-columns-5 .gallery-item,.elementor-image-gallery .gallery.gallery-columns-6 .gallery-item,.elementor-image-gallery .gallery.gallery-columns-7 .gallery-item,.elementor-image-gallery .gallery.gallery-columns-8 .gallery-item,.elementor-image-gallery .gallery.gallery-columns-9 .gallery-item,.elementor-image-gallery .gallery.gallery-columns-10 .gallery-item{max-width:50%}}@media (max-width:479px){.elementor-image-gallery .gallery.gallery-columns-2 .gallery-item,.elementor-image-gallery .gallery.gallery-columns-3 .gallery-item,.elementor-image-gallery .gallery.gallery-columns-4 .gallery-item,.elementor-image-gallery .gallery.gallery-columns-5 .gallery-item,.elementor-image-gallery .gallery.gallery-columns-6 .gallery-item,.elementor-image-gallery .gallery.gallery-columns-7 .gallery-item,.elementor-image-gallery .gallery.gallery-columns-8 .gallery-item,.elementor-image-gallery .gallery.gallery-columns-9 .gallery-item,.elementor-image-gallery .gallery.gallery-columns-10 .gallery-item{max-width:100%}}<\/style>\t\t<div class=\"elementor-image-gallery\">\n\t\t\t<div id='gallery-1' class='gallery galleryid-2621 gallery-columns-2 gallery-size-large'><figure class='gallery-item'>\n\t\t\t<div class='gallery-icon landscape'>\n\t\t\t\t<a data-elementor-open-lightbox=\"yes\" data-elementor-lightbox-slideshow=\"6751921\" data-elementor-lightbox-title=\"Escarcha 01 R\" data-e-action-hash=\"#elementor-action%3Aaction%3Dlightbox%26settings%3DeyJpZCI6MjY1OSwidXJsIjoiaHR0cHM6XC9cL2FsbWFjaWdhc29jaW9jdWx0dXJhbC5vcmdcL3dwLWNvbnRlbnRcL3VwbG9hZHNcLzIwMjRcLzAzXC9Fc2NhcmNoYS0wMS1SLmpwZyIsInNsaWRlc2hvdyI6IjY3NTE5MjEifQ%3D%3D\" href='https:\/\/almacigasociocultural.org\/wp-content\/uploads\/2024\/03\/Escarcha-01-R.jpg'><img width=\"600\" height=\"400\" src=\"https:\/\/almacigasociocultural.org\/wp-content\/uploads\/2024\/03\/Escarcha-01-R.jpg\" class=\"attachment-large size-large\" alt=\"\" decoding=\"async\" loading=\"lazy\" srcset=\"https:\/\/almacigasociocultural.org\/wp-content\/uploads\/2024\/03\/Escarcha-01-R.jpg 600w, https:\/\/almacigasociocultural.org\/wp-content\/uploads\/2024\/03\/Escarcha-01-R-300x200.jpg 300w\" sizes=\"100vw\" \/><\/a>\n\t\t\t<\/div><\/figure><figure class='gallery-item'>\n\t\t\t<div class='gallery-icon landscape'>\n\t\t\t\t<a data-elementor-open-lightbox=\"yes\" data-elementor-lightbox-slideshow=\"6751921\" data-elementor-lightbox-title=\"Escarcha 02 R\" data-e-action-hash=\"#elementor-action%3Aaction%3Dlightbox%26settings%3DeyJpZCI6MjY2MCwidXJsIjoiaHR0cHM6XC9cL2FsbWFjaWdhc29jaW9jdWx0dXJhbC5vcmdcL3dwLWNvbnRlbnRcL3VwbG9hZHNcLzIwMjRcLzAzXC9Fc2NhcmNoYS0wMi1SLmpwZyIsInNsaWRlc2hvdyI6IjY3NTE5MjEifQ%3D%3D\" href='https:\/\/almacigasociocultural.org\/wp-content\/uploads\/2024\/03\/Escarcha-02-R.jpg'><img width=\"600\" height=\"400\" src=\"https:\/\/almacigasociocultural.org\/wp-content\/uploads\/2024\/03\/Escarcha-02-R.jpg\" class=\"attachment-large size-large\" alt=\"\" decoding=\"async\" loading=\"lazy\" srcset=\"https:\/\/almacigasociocultural.org\/wp-content\/uploads\/2024\/03\/Escarcha-02-R.jpg 600w, https:\/\/almacigasociocultural.org\/wp-content\/uploads\/2024\/03\/Escarcha-02-R-300x200.jpg 300w\" sizes=\"100vw\" \/><\/a>\n\t\t\t<\/div><\/figure><figure class='gallery-item'>\n\t\t\t<div class='gallery-icon landscape'>\n\t\t\t\t<a data-elementor-open-lightbox=\"yes\" data-elementor-lightbox-slideshow=\"6751921\" data-elementor-lightbox-title=\"Escarcha 03 R\" data-e-action-hash=\"#elementor-action%3Aaction%3Dlightbox%26settings%3DeyJpZCI6MjY2MSwidXJsIjoiaHR0cHM6XC9cL2FsbWFjaWdhc29jaW9jdWx0dXJhbC5vcmdcL3dwLWNvbnRlbnRcL3VwbG9hZHNcLzIwMjRcLzAzXC9Fc2NhcmNoYS0wMy1SLmpwZyIsInNsaWRlc2hvdyI6IjY3NTE5MjEifQ%3D%3D\" href='https:\/\/almacigasociocultural.org\/wp-content\/uploads\/2024\/03\/Escarcha-03-R.jpg'><img width=\"600\" height=\"400\" src=\"https:\/\/almacigasociocultural.org\/wp-content\/uploads\/2024\/03\/Escarcha-03-R.jpg\" class=\"attachment-large size-large\" alt=\"\" decoding=\"async\" loading=\"lazy\" srcset=\"https:\/\/almacigasociocultural.org\/wp-content\/uploads\/2024\/03\/Escarcha-03-R.jpg 600w, https:\/\/almacigasociocultural.org\/wp-content\/uploads\/2024\/03\/Escarcha-03-R-300x200.jpg 300w\" sizes=\"100vw\" \/><\/a>\n\t\t\t<\/div><\/figure><figure class='gallery-item'>\n\t\t\t<div class='gallery-icon landscape'>\n\t\t\t\t<a data-elementor-open-lightbox=\"yes\" data-elementor-lightbox-slideshow=\"6751921\" data-elementor-lightbox-title=\"Escarcha 04 R\" data-e-action-hash=\"#elementor-action%3Aaction%3Dlightbox%26settings%3DeyJpZCI6MjY2MiwidXJsIjoiaHR0cHM6XC9cL2FsbWFjaWdhc29jaW9jdWx0dXJhbC5vcmdcL3dwLWNvbnRlbnRcL3VwbG9hZHNcLzIwMjRcLzAzXC9Fc2NhcmNoYS0wNC1SLmpwZyIsInNsaWRlc2hvdyI6IjY3NTE5MjEifQ%3D%3D\" href='https:\/\/almacigasociocultural.org\/wp-content\/uploads\/2024\/03\/Escarcha-04-R.jpg'><img width=\"600\" height=\"400\" src=\"https:\/\/almacigasociocultural.org\/wp-content\/uploads\/2024\/03\/Escarcha-04-R.jpg\" class=\"attachment-large size-large\" alt=\"\" decoding=\"async\" loading=\"lazy\" srcset=\"https:\/\/almacigasociocultural.org\/wp-content\/uploads\/2024\/03\/Escarcha-04-R.jpg 600w, https:\/\/almacigasociocultural.org\/wp-content\/uploads\/2024\/03\/Escarcha-04-R-300x200.jpg 300w\" sizes=\"100vw\" \/><\/a>\n\t\t\t<\/div><\/figure>\n\t\t<\/div>\n\t\t<\/div>\n\t\t\t\t<\/div>\n\t\t\t\t<\/div>\n\t\t\t\t\t<\/div>\n\t\t<\/div>\n\t\t\t\t\t\t\t<\/div>\n\t\t<\/section>\n\t\t\t\t<section class=\"elementor-section elementor-top-section elementor-element elementor-element-81c79b8 elementor-section-boxed elementor-section-height-default elementor-section-height-default\" data-id=\"81c79b8\" data-element_type=\"section\">\n\t\t\t\t\t\t<div class=\"elementor-container elementor-column-gap-default\">\n\t\t\t\t\t<div class=\"elementor-column elementor-col-33 elementor-top-column elementor-element elementor-element-fe9a0be\" data-id=\"fe9a0be\" data-element_type=\"column\">\n\t\t\t<div class=\"elementor-widget-wrap elementor-element-populated\">\n\t\t\t\t\t\t\t\t<div class=\"elementor-element elementor-element-6402c9c elementor-widget elementor-widget-text-editor\" data-id=\"6402c9c\" data-element_type=\"widget\" data-widget_type=\"text-editor.default\">\n\t\t\t\t<div class=\"elementor-widget-container\">\n\t\t\t\t\t\t\t<p>Fanzineando con el poeta chileno <strong>Rafael Far\u00edas Becerra<\/strong>, realizado en el contexto de las jornadas de poes\u00eda Escarcha.<\/p>\t\t\t\t\t\t<\/div>\n\t\t\t\t<\/div>\n\t\t\t\t\t<\/div>\n\t\t<\/div>\n\t\t\t\t<div class=\"elementor-column elementor-col-66 elementor-top-column elementor-element elementor-element-501ab67\" data-id=\"501ab67\" data-element_type=\"column\">\n\t\t\t<div class=\"elementor-widget-wrap elementor-element-populated\">\n\t\t\t\t\t\t\t\t<div class=\"elementor-element elementor-element-3c20934 elementor-widget__width-initial elementor-widget elementor-widget-image-carousel\" data-id=\"3c20934\" data-element_type=\"widget\" data-settings=\"{&quot;slides_to_show&quot;:&quot;1&quot;,&quot;navigation&quot;:&quot;none&quot;,&quot;autoplay&quot;:&quot;yes&quot;,&quot;pause_on_hover&quot;:&quot;yes&quot;,&quot;pause_on_interaction&quot;:&quot;yes&quot;,&quot;autoplay_speed&quot;:5000,&quot;infinite&quot;:&quot;yes&quot;,&quot;effect&quot;:&quot;slide&quot;,&quot;speed&quot;:500}\" data-widget_type=\"image-carousel.default\">\n\t\t\t\t<div class=\"elementor-widget-container\">\n\t\t\t\t\t<div class=\"elementor-image-carousel-wrapper swiper\" dir=\"ltr\">\n\t\t\t<div class=\"elementor-image-carousel swiper-wrapper\">\n\t\t\t\t\t\t\t\t<div class=\"swiper-slide\"><figure class=\"swiper-slide-inner\"><img decoding=\"async\" class=\"swiper-slide-image\" src=\"https:\/\/almacigasociocultural.org\/wp-content\/uploads\/2024\/03\/Fanzine-05-R.jpg\" alt=\"Fanzine 05 R\" \/><\/figure><\/div><div class=\"swiper-slide\"><figure class=\"swiper-slide-inner\"><img decoding=\"async\" class=\"swiper-slide-image\" src=\"https:\/\/almacigasociocultural.org\/wp-content\/uploads\/2024\/03\/Fanzine-04-R.jpg\" alt=\"Fanzine 04 R\" \/><\/figure><\/div><div class=\"swiper-slide\"><figure class=\"swiper-slide-inner\"><img decoding=\"async\" class=\"swiper-slide-image\" src=\"https:\/\/almacigasociocultural.org\/wp-content\/uploads\/2024\/03\/Fanzine-03-R.jpg\" alt=\"Fanzine 03 R\" \/><\/figure><\/div><div class=\"swiper-slide\"><figure class=\"swiper-slide-inner\"><img decoding=\"async\" class=\"swiper-slide-image\" src=\"https:\/\/almacigasociocultural.org\/wp-content\/uploads\/2024\/03\/Fanzine-02-R.jpg\" alt=\"Fanzine 02 R\" \/><\/figure><\/div><div class=\"swiper-slide\"><figure class=\"swiper-slide-inner\"><img decoding=\"async\" class=\"swiper-slide-image\" src=\"https:\/\/almacigasociocultural.org\/wp-content\/uploads\/2024\/03\/Fanzine-01-R.jpg\" alt=\"Fanzine 01 R\" \/><\/figure><\/div>\t\t\t<\/div>\n\t\t\t\t\t\t\t\t\t\t\t\t\t\t\t\t<\/div>\n\t\t\t\t<\/div>\n\t\t\t\t<\/div>\n\t\t\t\t\t<\/div>\n\t\t<\/div>\n\t\t\t\t\t\t\t<\/div>\n\t\t<\/section>\n\t\t\t\t<section class=\"elementor-section elementor-top-section elementor-element elementor-element-59fce85 elementor-section-boxed elementor-section-height-default elementor-section-height-default\" data-id=\"59fce85\" data-element_type=\"section\">\n\t\t\t\t\t\t<div class=\"elementor-container elementor-column-gap-default\">\n\t\t\t\t\t<div class=\"elementor-column elementor-col-100 elementor-top-column elementor-element elementor-element-07125dd\" data-id=\"07125dd\" data-element_type=\"column\">\n\t\t\t<div class=\"elementor-widget-wrap elementor-element-populated\">\n\t\t\t\t\t\t\t\t<div class=\"elementor-element elementor-element-ab74047 elementor-widget elementor-widget-text-editor\" data-id=\"ab74047\" data-element_type=\"widget\" data-widget_type=\"text-editor.default\">\n\t\t\t\t<div class=\"elementor-widget-container\">\n\t\t\t\t\t\t\t<h4>Jornadas de poes\u00eda estacional en Cinctorres. Escarcha\/Trashumancia\/Cincfresc<br \/>2022-2023.<br \/>Organiza: Alm\u00e1ciga\/La Riscla.<br \/>Colabora: Ayuntamiento de Cinctorres\/Cra Celumbres\/Monta\u00f1as de Ilusi\u00f3n.<\/h4><h4>Gestiona: Josep Beltran\/David Trashumante\/Salvador Troncoso<\/h4>\t\t\t\t\t\t<\/div>\n\t\t\t\t<\/div>\n\t\t\t\t\t<\/div>\n\t\t<\/div>\n\t\t\t\t\t\t\t<\/div>\n\t\t<\/section>\n\t\t\t\t\t\t\t<\/div>\n\t\t","protected":false},"excerpt":{"rendered":"<p>Las jornadas POES\u00cdA Y RURALIDAD que hemos organizado como Alm\u00e1ciga son instancias que fortalecen y democratizan el consumo cultural, acercando a Cinctorres a creativas\/os contempor\u00e1neas\/os con amplia trayectoria nacional e internacional, potenciando el acceso a pr\u00e1cticas art\u00edsticas de p\u00fablicos diversos, aumentando el impacto y las audiencias. Las jornadas de poes\u00eda realizadas por nuestra Asociaci\u00f3n han &hellip; <\/p>\n<p class=\"link-more\"><a href=\"https:\/\/almacigasociocultural.org\/index.php\/poesia-ruralidad\/\" class=\"more-link\">Read more<span class=\"screen-reader-text\"> &#8220;POES\u00cdA\/RURALIDAD&#8221;<\/span><\/a><\/p>\n","protected":false},"author":1,"featured_media":0,"parent":0,"menu_order":0,"comment_status":"closed","ping_status":"closed","template":"","meta":{"_uag_custom_page_level_css":""},"uagb_featured_image_src":{"full":false,"thumbnail":false,"medium":false,"medium_large":false,"large":false,"1536x1536":false,"2048x2048":false,"inspiro-featured-image":false,"inspiro-loop":false,"inspiro-loop@2x":false},"uagb_author_info":{"display_name":"curivil","author_link":false},"uagb_comment_info":0,"uagb_excerpt":"Las jornadas POES\u00cdA Y RURALIDAD que hemos organizado como Alm\u00e1ciga son instancias que fortalecen y democratizan el consumo cultural, acercando a Cinctorres a creativas\/os contempor\u00e1neas\/os con amplia trayectoria nacional e internacional, potenciando el acceso a pr\u00e1cticas art\u00edsticas de p\u00fablicos diversos, aumentando el impacto y las audiencias. Las jornadas de poes\u00eda realizadas por nuestra Asociaci\u00f3n han&hellip;","_links":{"self":[{"href":"https:\/\/almacigasociocultural.org\/index.php\/wp-json\/wp\/v2\/pages\/2621"}],"collection":[{"href":"https:\/\/almacigasociocultural.org\/index.php\/wp-json\/wp\/v2\/pages"}],"about":[{"href":"https:\/\/almacigasociocultural.org\/index.php\/wp-json\/wp\/v2\/types\/page"}],"author":[{"embeddable":true,"href":"https:\/\/almacigasociocultural.org\/index.php\/wp-json\/wp\/v2\/users\/1"}],"replies":[{"embeddable":true,"href":"https:\/\/almacigasociocultural.org\/index.php\/wp-json\/wp\/v2\/comments?post=2621"}],"version-history":[{"count":72,"href":"https:\/\/almacigasociocultural.org\/index.php\/wp-json\/wp\/v2\/pages\/2621\/revisions"}],"predecessor-version":[{"id":3846,"href":"https:\/\/almacigasociocultural.org\/index.php\/wp-json\/wp\/v2\/pages\/2621\/revisions\/3846"}],"wp:attachment":[{"href":"https:\/\/almacigasociocultural.org\/index.php\/wp-json\/wp\/v2\/media?parent=2621"}],"curies":[{"name":"wp","href":"https:\/\/api.w.org\/{rel}","templated":true}]}}